{"version":"1.0","provider_name":"Ecole de Musique, Danse &amp; Th\u00e9\u00e2tre de Guilers","provider_url":"https:\/\/www.emdg-guilers.org","author_name":"Marie Clavier","author_url":"https:\/\/www.emdg-guilers.org\/index.php\/author\/mclavier\/","title":"Spectacle de No\u00ebl : en plein air ! le 15 d\u00e9cembre - Ecole de Musique, Danse &amp; Th\u00e9\u00e2tre de Guilers","type":"rich","width":600,"height":338,"html":"<blockquote class=\"wp-embedded-content\" data-secret=\"RUxfV098Dv\"><a href=\"https:\/\/www.emdg-guilers.org\/index.php\/2021\/11\/22\/spectacle-de-noel-de-l-emdg\/\">Spectacle de No\u00ebl  : en plein air ! le 15 d\u00e9cembre<\/a><\/blockquote><iframe sandbox=\"allow-scripts\" security=\"restricted\" src=\"https:\/\/www.emdg-guilers.org\/index.php\/2021\/11\/22\/spectacle-de-noel-de-l-emdg\/embed\/#?secret=RUxfV098Dv\" width=\"600\" height=\"338\" title=\"\u00ab\u00a0Spectacle de No\u00ebl  : en plein air ! le 15 d\u00e9cembre\u00a0\u00bb &#8212; Ecole de Musique, Danse &amp; Th\u00e9\u00e2tre de Guilers\" data-secret=\"RUxfV098Dv\" frameborder=\"0\" marginwidth=\"0\" marginheight=\"0\" scrolling=\"no\" class=\"wp-embedded-content\"><\/iframe><script type=\"text\/javascript\">\n\/* <![CDATA[ *\/\n\/*! This file is auto-generated *\/\n!function(d,l){\"use strict\";l.querySelector&&d.addEventListener&&\"undefined\"!=typeof URL&&(d.wp=d.wp||{},d.wp.receiveEmbedMessage||(d.wp.receiveEmbedMessage=function(e){var t=e.data;if((t||t.secret||t.message||t.value)&&!\/[^a-zA-Z0-9]\/.test(t.secret)){for(var s,r,n,a=l.querySelectorAll('iframe[data-secret=\"'+t.secret+'\"]'),o=l.querySelectorAll('blockquote[data-secret=\"'+t.secret+'\"]'),c=new RegExp(\"^https?:$\",\"i\"),i=0;i<o.length;i++)o[i].style.display=\"none\";for(i=0;i<a.length;i++)s=a[i],e.source===s.contentWindow&&(s.removeAttribute(\"style\"),\"height\"===t.message?(1e3<(r=parseInt(t.value,10))?r=1e3:~~r<200&&(r=200),s.height=r):\"link\"===t.message&&(r=new URL(s.getAttribute(\"src\")),n=new URL(t.value),c.test(n.protocol))&&n.host===r.host&&l.activeElement===s&&(d.top.location.href=t.value))}},d.addEventListener(\"message\",d.wp.receiveEmbedMessage,!1),l.addEventListener(\"DOMContentLoaded\",function(){for(var e,t,s=l.querySelectorAll(\"iframe.wp-embedded-content\"),r=0;r<s.length;r++)(t=(e=s[r]).getAttribute(\"data-secret\"))||(t=Math.random().toString(36).substring(2,12),e.src+=\"#?secret=\"+t,e.setAttribute(\"data-secret\",t)),e.contentWindow.postMessage({message:\"ready\",secret:t},\"*\")},!1)))}(window,document);\n\/* ]]> *\/\n<\/script>\n","description":"Les spectacles de fin d&rsquo;ann\u00e9e en int\u00e9rieur sont interdits. En effet, un arr\u00eat\u00e9 municipal de Mr Ogor nous interdit d&rsquo;organiser des \u00e9v\u00e9nements jusqu&rsquo;au 15 janvier 2022. Nous allons proposer un spectacle de No\u00ebl sous la hall Baucina, couverte mais en ext\u00e9rieur, le 15 d\u00e9cembre, de 18h30 \u00e0 19h30. Merci de venir masqu\u00e9s et de rester les distances de pr\u00e9caution","thumbnail_url":"https:\/\/www.emdg-guilers.org\/wp-content\/uploads\/2021\/12\/2021-12-15-spect-noel-emdg-1-1024x1024.jpg"}