{"version":"1.0","provider_name":"Ecole de Musique, Danse &amp; Th\u00e9\u00e2tre de Guilers","provider_url":"https:\/\/www.emdg-guilers.org","author_name":"Marie Clavier","author_url":"https:\/\/www.emdg-guilers.org\/index.php\/author\/mclavier\/","title":"Bal masqu\u00e9 - Ecole de Musique, Danse &amp; Th\u00e9\u00e2tre de Guilers","type":"rich","width":600,"height":338,"html":"<blockquote class=\"wp-embedded-content\" data-secret=\"NNACvuO3Om\"><a href=\"https:\/\/www.emdg-guilers.org\/index.php\/2022\/02\/21\/bal-masque\/\">Bal masqu\u00e9<\/a><\/blockquote><iframe sandbox=\"allow-scripts\" security=\"restricted\" src=\"https:\/\/www.emdg-guilers.org\/index.php\/2022\/02\/21\/bal-masque\/embed\/#?secret=NNACvuO3Om\" width=\"600\" height=\"338\" title=\"\u00ab\u00a0Bal masqu\u00e9\u00a0\u00bb &#8212; Ecole de Musique, Danse &amp; Th\u00e9\u00e2tre de Guilers\" data-secret=\"NNACvuO3Om\" frameborder=\"0\" marginwidth=\"0\" marginheight=\"0\" scrolling=\"no\" class=\"wp-embedded-content\"><\/iframe><script type=\"text\/javascript\">\n\/* <![CDATA[ *\/\n\/*! This file is auto-generated *\/\n!function(d,l){\"use strict\";l.querySelector&&d.addEventListener&&\"undefined\"!=typeof URL&&(d.wp=d.wp||{},d.wp.receiveEmbedMessage||(d.wp.receiveEmbedMessage=function(e){var t=e.data;if((t||t.secret||t.message||t.value)&&!\/[^a-zA-Z0-9]\/.test(t.secret)){for(var s,r,n,a=l.querySelectorAll('iframe[data-secret=\"'+t.secret+'\"]'),o=l.querySelectorAll('blockquote[data-secret=\"'+t.secret+'\"]'),c=new RegExp(\"^https?:$\",\"i\"),i=0;i<o.length;i++)o[i].style.display=\"none\";for(i=0;i<a.length;i++)s=a[i],e.source===s.contentWindow&&(s.removeAttribute(\"style\"),\"height\"===t.message?(1e3<(r=parseInt(t.value,10))?r=1e3:~~r<200&&(r=200),s.height=r):\"link\"===t.message&&(r=new URL(s.getAttribute(\"src\")),n=new URL(t.value),c.test(n.protocol))&&n.host===r.host&&l.activeElement===s&&(d.top.location.href=t.value))}},d.addEventListener(\"message\",d.wp.receiveEmbedMessage,!1),l.addEventListener(\"DOMContentLoaded\",function(){for(var e,t,s=l.querySelectorAll(\"iframe.wp-embedded-content\"),r=0;r<s.length;r++)(t=(e=s[r]).getAttribute(\"data-secret\"))||(t=Math.random().toString(36).substring(2,12),e.src+=\"#?secret=\"+t,e.setAttribute(\"data-secret\",t)),e.contentWindow.postMessage({message:\"ready\",secret:t},\"*\")},!1)))}(window,document);\n\/* ]]> *\/\n<\/script>\n","description":"Samedi 5 mars, \u00e0 19h30 \u00e0 l\u2019Agora, le d\u00e9partement danse de l\u2019Ecole de Musique et Danse de Guilers vous propose de participer \u00e0 son bal masqu\u00e9. Cette soir\u00e9e dansante, propos\u00e9e par les enseignantes de danse Virginie et M\u00e9lanie, se veut un temps convivial qui permettra aux \u00e9l\u00e8ves, familles, amis de se retrouver. Au programme&nbsp;: d\u00e9monstrations des \u00e9l\u00e8ves, initiations \u00e0 des danses Venez masqu\u00e9s et d\u00e9guis\u00e9s&nbsp;! Buvette et cr\u00eapes sur places GratuitR\u00e9servation indispensable ici. Ps&nbsp;: Le billig n\u2019a pas de secret...Lire la suite Lire la suite","thumbnail_url":"https:\/\/www.emdg-guilers.org\/wp-content\/uploads\/2022\/02\/bal-masque-1-724x1024.png"}