{"version":"1.0","provider_name":"Ecole de Musique, Danse &amp; Th\u00e9\u00e2tre de Guilers","provider_url":"https:\/\/www.emdg-guilers.org","author_name":"Marie Clavier","author_url":"https:\/\/www.emdg-guilers.org\/index.php\/author\/mclavier\/","title":"Caf\u00e9 des Arts #3 - Ecole de Musique, Danse &amp; Th\u00e9\u00e2tre de Guilers","type":"rich","width":600,"height":338,"html":"<blockquote class=\"wp-embedded-content\" data-secret=\"OCNV27UmdX\"><a href=\"https:\/\/www.emdg-guilers.org\/index.php\/2024\/03\/26\/cafe-des-arts-3\/\">Caf\u00e9 des Arts #3<\/a><\/blockquote><iframe sandbox=\"allow-scripts\" security=\"restricted\" src=\"https:\/\/www.emdg-guilers.org\/index.php\/2024\/03\/26\/cafe-des-arts-3\/embed\/#?secret=OCNV27UmdX\" width=\"600\" height=\"338\" title=\"\u00ab\u00a0Caf\u00e9 des Arts #3\u00a0\u00bb &#8212; Ecole de Musique, Danse &amp; Th\u00e9\u00e2tre de Guilers\" data-secret=\"OCNV27UmdX\" frameborder=\"0\" marginwidth=\"0\" marginheight=\"0\" scrolling=\"no\" class=\"wp-embedded-content\"><\/iframe><script type=\"text\/javascript\">\n\/* <![CDATA[ *\/\n\/*! This file is auto-generated *\/\n!function(d,l){\"use strict\";l.querySelector&&d.addEventListener&&\"undefined\"!=typeof URL&&(d.wp=d.wp||{},d.wp.receiveEmbedMessage||(d.wp.receiveEmbedMessage=function(e){var t=e.data;if((t||t.secret||t.message||t.value)&&!\/[^a-zA-Z0-9]\/.test(t.secret)){for(var s,r,n,a=l.querySelectorAll('iframe[data-secret=\"'+t.secret+'\"]'),o=l.querySelectorAll('blockquote[data-secret=\"'+t.secret+'\"]'),c=new RegExp(\"^https?:$\",\"i\"),i=0;i<o.length;i++)o[i].style.display=\"none\";for(i=0;i<a.length;i++)s=a[i],e.source===s.contentWindow&&(s.removeAttribute(\"style\"),\"height\"===t.message?(1e3<(r=parseInt(t.value,10))?r=1e3:~~r<200&&(r=200),s.height=r):\"link\"===t.message&&(r=new URL(s.getAttribute(\"src\")),n=new URL(t.value),c.test(n.protocol))&&n.host===r.host&&l.activeElement===s&&(d.top.location.href=t.value))}},d.addEventListener(\"message\",d.wp.receiveEmbedMessage,!1),l.addEventListener(\"DOMContentLoaded\",function(){for(var e,t,s=l.querySelectorAll(\"iframe.wp-embedded-content\"),r=0;r<s.length;r++)(t=(e=s[r]).getAttribute(\"data-secret\"))||(t=Math.random().toString(36).substring(2,12),e.src+=\"#?secret=\"+t,e.setAttribute(\"data-secret\",t)),e.contentWindow.postMessage({message:\"ready\",secret:t},\"*\")},!1)))}(window,document);\n\/* ]]> *\/\n<\/script>\n","description":"Mercredi 3 avril \u00e0 14h30 \u00e0 la Guilth\u00e8que, l&rsquo;EMDG vous offre le caf\u00e9, le temps de d\u00e9couvrir une proposition artistique de nos \u00e9l\u00e8ves. Pour la 3e \u00e9dition, soutenue par notre parrain Groupama, nous vous proposons un petit concert autour des percussions et du violon. Venez \u00e9couter les \u00e9l\u00e8ves d&rsquo;Herri Loquet, des enfants de 9 \u00e0 15 ans qui jouent en collectif dans nos ensembles de percussions digitales, ainsi que les \u00e9l\u00e8ves de violon de la classe de Mich\u00e8le Morvan.","thumbnail_url":"https:\/\/www.emdg-guilers.org\/wp-content\/uploads\/2024\/03\/2024-04-03-cafe-des-arts-724x1024.jpg"}