{"version":"1.0","provider_name":"Ecole de Musique, Danse &amp; Th\u00e9\u00e2tre de Guilers","provider_url":"https:\/\/www.emdg-guilers.org","author_name":"Marie Clavier","author_url":"https:\/\/www.emdg-guilers.org\/index.php\/author\/mclavier\/","title":"F\u00eate de l'Association - vendredi 8 novembre - Ecole de Musique, Danse &amp; Th\u00e9\u00e2tre de Guilers","type":"rich","width":600,"height":338,"html":"<blockquote class=\"wp-embedded-content\" data-secret=\"N3Mz19r8sX\"><a href=\"https:\/\/www.emdg-guilers.org\/index.php\/2024\/10\/09\/fete-de-lassociation-vendredi-8-novembre\/\">F\u00eate de l&rsquo;Association &#8211; vendredi 8 novembre<\/a><\/blockquote><iframe sandbox=\"allow-scripts\" security=\"restricted\" src=\"https:\/\/www.emdg-guilers.org\/index.php\/2024\/10\/09\/fete-de-lassociation-vendredi-8-novembre\/embed\/#?secret=N3Mz19r8sX\" width=\"600\" height=\"338\" title=\"\u00ab\u00a0F\u00eate de l&rsquo;Association &#8211; vendredi 8 novembre\u00a0\u00bb &#8212; Ecole de Musique, Danse &amp; Th\u00e9\u00e2tre de Guilers\" data-secret=\"N3Mz19r8sX\" frameborder=\"0\" marginwidth=\"0\" marginheight=\"0\" scrolling=\"no\" class=\"wp-embedded-content\"><\/iframe><script type=\"text\/javascript\">\n\/* <![CDATA[ *\/\n\/*! This file is auto-generated *\/\n!function(d,l){\"use strict\";l.querySelector&&d.addEventListener&&\"undefined\"!=typeof URL&&(d.wp=d.wp||{},d.wp.receiveEmbedMessage||(d.wp.receiveEmbedMessage=function(e){var t=e.data;if((t||t.secret||t.message||t.value)&&!\/[^a-zA-Z0-9]\/.test(t.secret)){for(var s,r,n,a=l.querySelectorAll('iframe[data-secret=\"'+t.secret+'\"]'),o=l.querySelectorAll('blockquote[data-secret=\"'+t.secret+'\"]'),c=new RegExp(\"^https?:$\",\"i\"),i=0;i<o.length;i++)o[i].style.display=\"none\";for(i=0;i<a.length;i++)s=a[i],e.source===s.contentWindow&&(s.removeAttribute(\"style\"),\"height\"===t.message?(1e3<(r=parseInt(t.value,10))?r=1e3:~~r<200&&(r=200),s.height=r):\"link\"===t.message&&(r=new URL(s.getAttribute(\"src\")),n=new URL(t.value),c.test(n.protocol))&&n.host===r.host&&l.activeElement===s&&(d.top.location.href=t.value))}},d.addEventListener(\"message\",d.wp.receiveEmbedMessage,!1),l.addEventListener(\"DOMContentLoaded\",function(){for(var e,t,s=l.querySelectorAll(\"iframe.wp-embedded-content\"),r=0;r<s.length;r++)(t=(e=s[r]).getAttribute(\"data-secret\"))||(t=Math.random().toString(36).substring(2,12),e.src+=\"#?secret=\"+t,e.setAttribute(\"data-secret\",t)),e.contentWindow.postMessage({message:\"ready\",secret:t},\"*\")},!1)))}(window,document);\n\/* ]]> *\/\n<\/script>\n","description":"Vous \u00eates \u00e9l\u00e8ve ou parent d&rsquo;\u00e9l\u00e8ve \u00e0 l&rsquo;Ecole de Musique, Danse et Th\u00e9\u00e2tre de Guilers -&gt; ce message est fait pour vous ! Le bureau de l\u2019association souhaite r\u00e9inventer son Assembl\u00e9e G\u00e9n\u00e9rale et en faire un temps fort dans le calendrier de l\u2019\u00e9cole, permettant de proposer un moment de convivialit\u00e9 \u00e0 l\u2019ensemble des adh\u00e9rents, tout en en faisant un lieu d\u2019\u00e9change et d\u2019information entre \u00e9l\u00e8ves, b\u00e9n\u00e9voles et \u00e9quipe. L\u2019occasion de partager id\u00e9es, envies, remarques en tout genre pour le d\u00e9veloppement...Lire la suite Lire la suite","thumbnail_url":"https:\/\/www.emdg-guilers.org\/wp-content\/uploads\/2024\/10\/Fete-de-lasso-8-nov-24-1-724x1024.jpg"}