{"version":"1.0","provider_name":"Ecole de Musique, Danse &amp; Th\u00e9\u00e2tre de Guilers","provider_url":"https:\/\/www.emdg-guilers.org","author_name":"Marie Clavier","author_url":"https:\/\/www.emdg-guilers.org\/index.php\/author\/mclavier\/","title":"Eveil musique et danse - Ecole de Musique, Danse &amp; Th\u00e9\u00e2tre de Guilers","type":"rich","width":600,"height":338,"html":"<blockquote class=\"wp-embedded-content\" data-secret=\"XkNVwhgt0K\"><a href=\"https:\/\/www.emdg-guilers.org\/index.php\/eveil-musique-danse-nouveau\/\">Eveil musique et danse<\/a><\/blockquote><iframe sandbox=\"allow-scripts\" security=\"restricted\" src=\"https:\/\/www.emdg-guilers.org\/index.php\/eveil-musique-danse-nouveau\/embed\/#?secret=XkNVwhgt0K\" width=\"600\" height=\"338\" title=\"\u00ab\u00a0Eveil musique et danse\u00a0\u00bb &#8212; Ecole de Musique, Danse &amp; Th\u00e9\u00e2tre de Guilers\" data-secret=\"XkNVwhgt0K\" frameborder=\"0\" marginwidth=\"0\" marginheight=\"0\" scrolling=\"no\" class=\"wp-embedded-content\"><\/iframe><script type=\"text\/javascript\">\n\/* <![CDATA[ *\/\n\/*! This file is auto-generated *\/\n!function(d,l){\"use strict\";l.querySelector&&d.addEventListener&&\"undefined\"!=typeof URL&&(d.wp=d.wp||{},d.wp.receiveEmbedMessage||(d.wp.receiveEmbedMessage=function(e){var t=e.data;if((t||t.secret||t.message||t.value)&&!\/[^a-zA-Z0-9]\/.test(t.secret)){for(var s,r,n,a=l.querySelectorAll('iframe[data-secret=\"'+t.secret+'\"]'),o=l.querySelectorAll('blockquote[data-secret=\"'+t.secret+'\"]'),c=new RegExp(\"^https?:$\",\"i\"),i=0;i<o.length;i++)o[i].style.display=\"none\";for(i=0;i<a.length;i++)s=a[i],e.source===s.contentWindow&&(s.removeAttribute(\"style\"),\"height\"===t.message?(1e3<(r=parseInt(t.value,10))?r=1e3:~~r<200&&(r=200),s.height=r):\"link\"===t.message&&(r=new URL(s.getAttribute(\"src\")),n=new URL(t.value),c.test(n.protocol))&&n.host===r.host&&l.activeElement===s&&(d.top.location.href=t.value))}},d.addEventListener(\"message\",d.wp.receiveEmbedMessage,!1),l.addEventListener(\"DOMContentLoaded\",function(){for(var e,t,s=l.querySelectorAll(\"iframe.wp-embedded-content\"),r=0;r<s.length;r++)(t=(e=s[r]).getAttribute(\"data-secret\"))||(t=Math.random().toString(36).substring(2,12),e.src+=\"#?secret=\"+t,e.setAttribute(\"data-secret\",t)),e.contentWindow.postMessage({message:\"ready\",secret:t},\"*\")},!1)))}(window,document);\n\/* ]]> *\/\n<\/script>\n","description":"HORAIRES POUR 2021-22 Eveil musique et danse \u2013 ann\u00e9e 1 Virginie et Val\u00e9rie Mardi 17h15-18h Salle de danse 4 \u00e0 5ans, moyenne ou grande section de maternelle Horaires 2022-23 Discipline \u2013 nom du cours Prof Jour Horaire Salle Correspondance \u00e2ge \/ classe \u00e9l\u00e8ves Eveil musique et danse \u2013 ann\u00e9e\u00a0 Virginie et\u00a0Val\u00e9rie Mardi 17h15-18h Salle de danse 4 \u00e0 5ans, moyenne ou grande section de maternelle Les cours sont encadr\u00e9s par une professeur de danse (Virginie Le Gloahec) et\/ou une professeur...Lire la suite Lire la suite"}