{"version":"1.0","provider_name":"Ecole de Musique, Danse &amp; Th\u00e9\u00e2tre de Guilers","provider_url":"https:\/\/www.emdg-guilers.org","author_name":"Marie Clavier","author_url":"https:\/\/www.emdg-guilers.org\/index.php\/author\/mclavier\/","title":"Forum des assos - Ecole de Musique, Danse &amp; Th\u00e9\u00e2tre de Guilers","type":"rich","width":600,"height":338,"html":"<blockquote class=\"wp-embedded-content\" data-secret=\"gEL8hbWkjr\"><a href=\"https:\/\/www.emdg-guilers.org\/index.php\/event\/forum-des-assos\/\">Forum des assos<\/a><\/blockquote><iframe sandbox=\"allow-scripts\" security=\"restricted\" src=\"https:\/\/www.emdg-guilers.org\/index.php\/event\/forum-des-assos\/embed\/#?secret=gEL8hbWkjr\" width=\"600\" height=\"338\" title=\"\u00ab\u00a0Forum des assos\u00a0\u00bb &#8212; Ecole de Musique, Danse &amp; Th\u00e9\u00e2tre de Guilers\" data-secret=\"gEL8hbWkjr\" frameborder=\"0\" marginwidth=\"0\" marginheight=\"0\" scrolling=\"no\" class=\"wp-embedded-content\"><\/iframe><script type=\"text\/javascript\">\n\/* <![CDATA[ *\/\n\/*! This file is auto-generated *\/\n!function(d,l){\"use strict\";l.querySelector&&d.addEventListener&&\"undefined\"!=typeof URL&&(d.wp=d.wp||{},d.wp.receiveEmbedMessage||(d.wp.receiveEmbedMessage=function(e){var t=e.data;if((t||t.secret||t.message||t.value)&&!\/[^a-zA-Z0-9]\/.test(t.secret)){for(var s,r,n,a=l.querySelectorAll('iframe[data-secret=\"'+t.secret+'\"]'),o=l.querySelectorAll('blockquote[data-secret=\"'+t.secret+'\"]'),c=new RegExp(\"^https?:$\",\"i\"),i=0;i<o.length;i++)o[i].style.display=\"none\";for(i=0;i<a.length;i++)s=a[i],e.source===s.contentWindow&&(s.removeAttribute(\"style\"),\"height\"===t.message?(1e3<(r=parseInt(t.value,10))?r=1e3:~~r<200&&(r=200),s.height=r):\"link\"===t.message&&(r=new URL(s.getAttribute(\"src\")),n=new URL(t.value),c.test(n.protocol))&&n.host===r.host&&l.activeElement===s&&(d.top.location.href=t.value))}},d.addEventListener(\"message\",d.wp.receiveEmbedMessage,!1),l.addEventListener(\"DOMContentLoaded\",function(){for(var e,t,s=l.querySelectorAll(\"iframe.wp-embedded-content\"),r=0;r<s.length;r++)(t=(e=s[r]).getAttribute(\"data-secret\"))||(t=Math.random().toString(36).substring(2,12),e.src+=\"#?secret=\"+t,e.setAttribute(\"data-secret\",t)),e.contentWindow.postMessage({message:\"ready\",secret:t},\"*\")},!1)))}(window,document);\n\/* ]]> *\/\n<\/script>\n","description":"Venez rencontrer l\u2019\u00e9quipe de l\u2019Ecole de Musique, danse et th\u00e9\u00e2tre de Guilers \u00e0 l\u2019occasion du\u00a0Forum des associations de la ville. Rdv le samedi 2 septembre, entre 9h et 13h\u00a0\u00e0 l\u2019Espace Pagnol, salle Jean de Florette, Guilers, stand au fond \u00e0 gauche ! Si vous avez pr\u00e9vu de vous inscrire, n\u2019oubliez pas d\u2019amener un moyen de paiement (ch\u00e8que de pr\u00e9f\u00e9rence, mais nous acceptons aussi les ANCV, esp\u00e8ces, pr\u00e9l\u00e8vements sur pr\u00e9sentation d\u2019un RIB) et certificats m\u00e9dicaux pour la danse (si vous les...Lire la suite Lire la suite","thumbnail_url":"https:\/\/www.emdg-guilers.org\/wp-content\/uploads\/2023\/08\/forum-des-assos-2023-300x300.jpg"}