{"id":1039,"date":"2017-09-26T13:14:01","date_gmt":"2017-09-26T11:14:01","guid":{"rendered":"http:\/\/www.emdg-guilers.org\/?page_id=1039"},"modified":"2022-10-06T11:23:37","modified_gmt":"2022-10-06T09:23:37","slug":"atelier-de-creation-choregraphique","status":"publish","type":"page","link":"https:\/\/www.emdg-guilers.org\/index.php\/action-culturelle\/atelier-de-creation-choregraphique\/","title":{"rendered":"Projets p\u00e9dagogiques Danse"},"content":{"rendered":"<p><strong>Projets ann\u00e9e 2021-2022<\/strong><\/p>\n<p>\/\/\/ Stage de danses 5-6 novembre 2021<br \/>\nStage gratuit pour tous les \u00e9l\u00e8ves de l&rsquo;EMDG : d\u00e9couverte des 3 danses propos\u00e9es : hip hop, modern jazz, classique<\/p>\n<p>\/\/\/ Cartes blanches pour les \u00e9l\u00e8ves de danse classique, modern jazz, hip hop.\u00a0Le Samedi 9 avril, retrouvez les pr\u00e9sentations des cr\u00e9ations des \u00e9l\u00e8ves de\u00a0 17h30 \u00e0 18h30 ou de 18h30 \u00e0 19h30 \u00e0 L\u2019Agora de Guilers.<\/p>\n<p>\/\/\/ Conf\u00e9rence dans\u00e9e sur l&rsquo;histoire et les esth\u00e9tiques hip hop: \u00a0\u00ab\u00a0Planet Hip Hop\u00a0\u00bb retracera les \u00e9poques avec la participation des \u00e9l\u00e8ves ainsi que Julien Colliou de 17h00 \u00e0 18h30, Samedi 4 avril \u00e0 L\u2019Agora de Guilers.<\/p>\n<p>\/\/\/ Gala de danse<\/p>\n<p><strong>Projets ann\u00e9e 2020-2021<\/strong><\/p>\n<p>Cartes blanches pour les \u00e9l\u00e8ves de danse classique ou modern jazz<\/p>\n<p><strong>Projet ann\u00e9e 2018-2019<\/strong><\/p>\n<p><strong>\/\/\/ <\/strong>Gala de danse<\/p>\n<p><strong>\/\/\/ Stage de danse ados <\/strong>avec Tho Anotha\u00ef, <a href=\"http:\/\/www.anothai.fr\/\">Cie Anotha\u00ef<\/a>, Festival <a href=\"http:\/\/labecquee.fr\/\">La Becqu\u00e9e<\/a>, Ville de Guilers<\/p>\n<p>A l&rsquo;occasion du festival La Becqu\u00e9e, l&rsquo;EMDG a invit\u00e9 le chor\u00e9graphe Tho Anothai, issu du hip hop mais \u00e9voluant dans la danse contemporaine \u00e0 dispenser un stage aux \u00e9l\u00e8ves de plus de 13 ans de l&rsquo;EMDG, toutes disciplines chor\u00e9graphiques confondues.\u00a0 Cet atelier de 2h, qui s&rsquo;est d\u00e9roul\u00e9 le samedi 6 octobre \u00e9tait coupl\u00e9 au spectacle <em>Nuage<\/em>, du chor\u00e9graphe, \u00e0 l&rsquo;Agora, Guilers, le jour suivant. Ce stage entrait dans le cadre du parcours global de l&rsquo;\u00e9l\u00e8ve en danse et il a permis \u00e0 une dizaine d&rsquo;\u00e9l\u00e8ves d&rsquo;\u00e9changer avec le chor\u00e9graphe, d&rsquo;\u00e9largir leur culture, tout en apprenant \u00e0 son contact.<\/p>\n<p><img loading=\"lazy\" decoding=\"async\" class=\"aligncenter  wp-image-1295\" src=\"http:\/\/www.emdg-guilers.org\/wp-content\/uploads\/2018\/09\/2018-10-06-07-stage-la-becquee-1024x766.jpg\" alt=\"\" width=\"466\" height=\"349\" srcset=\"https:\/\/www.emdg-guilers.org\/wp-content\/uploads\/2018\/09\/2018-10-06-07-stage-la-becquee-1024x766.jpg 1024w, https:\/\/www.emdg-guilers.org\/wp-content\/uploads\/2018\/09\/2018-10-06-07-stage-la-becquee-300x225.jpg 300w, https:\/\/www.emdg-guilers.org\/wp-content\/uploads\/2018\/09\/2018-10-06-07-stage-la-becquee-768x575.jpg 768w, https:\/\/www.emdg-guilers.org\/wp-content\/uploads\/2018\/09\/2018-10-06-07-stage-la-becquee-361x270.jpg 361w, https:\/\/www.emdg-guilers.org\/wp-content\/uploads\/2018\/09\/2018-10-06-07-stage-la-becquee.jpg 1061w\" sizes=\"(max-width: 466px) 100vw, 466px\" \/><\/p>\n<p><strong>Projet ann\u00e9e 2017-2018<\/strong><\/p>\n<p><strong>\/\/\/ <\/strong>Gala de danse<\/p>\n<p><strong>\/\/\/ Atelier de Cr\u00e9ation chor\u00e9graphique <\/strong>avec Jody Etienne, Cie In Ninstan \/\/\/<\/p>\n<p>L\u2019Ecole de Musique et Danse de Guilers, en tant qu\u2019\u00e9tablissement d\u2019enseignement artistique conventionn\u00e9, structure sa d\u00e9marche p\u00e9dagogique autour du <strong>Parcours Global d\u2019Etudes. <\/strong>En danse, le parcours global se met en place progressivement et est ax\u00e9 autour de trois piliers\u00a0: l\u2019approche chor\u00e9graphique, la technique et la culture. Pour 2017-2018, une s\u00e9rie d\u2019ateliers de cr\u00e9ations autour du travail du chor\u00e9graphe brestois d\u2019origine r\u00e9unionnaise, <strong>Jody Etienne<\/strong>, fondateur de la<strong><a href=\"https:\/\/www.inninstan.fr\/\"> Cie In Ninstan<\/a>,<\/strong> est propos\u00e9 aux \u00e9l\u00e8ves des classes de danse classique et modern jazz, accompagn\u00e9es de leurs enseignantes Virginie Le Glohaec et M\u00e9lanie Pitel.<\/p>\n<p>Ces ateliers permettront \u00e0 26 danseurs de l\u2019EMDG de s\u2019entra\u00eener dans des conditions diff\u00e9rentes du cours habituel, de pratiquer lors d\u2019un atelier parents-enfants, de rencontrer les danseurs professionnels de la Cie In Ninstan, d\u2019assister au spectacle <a href=\"https:\/\/www.brest.fr\/fileadmin\/Sites\/macorlan\/Documents\/flipbook\/index.html\"><em>Nostalgia<\/em> de Jody Etienne au Mac Orlan<\/a>, spectacle ayant fait l\u2019objet d\u2019une pr\u00e9paration sp\u00e9cifique, de visiter les coulisses du Mac Orlan et surtout de cr\u00e9er un ou plusieurs tableaux pour le gala de l\u2019EMDG le 22 et 23 juin, Agora, Guilers.<\/p>\n<p>Pour cette action, l&rsquo;EMDG b\u00e9n\u00e9ficie du soutien de <a href=\"http:\/\/www.md29.org\/\">Musiques et Danses en Finist\u00e8re<\/a> et du<a href=\"http:\/\/www.conseil-general.com\/\"> Conseil D\u00e9partemental du Finist\u00e8re<\/a><\/p>\n<p><a href=\"https:\/\/www.inninstan.fr\/index.php\/creations\/nostalgia\"><img loading=\"lazy\" decoding=\"async\" class=\"aligncenter wp-image-1035\" src=\"http:\/\/www.emdg-guilers.org\/wp-content\/uploads\/2017\/09\/jody.jpg\" alt=\"\" width=\"507\" height=\"252\" srcset=\"https:\/\/www.emdg-guilers.org\/wp-content\/uploads\/2017\/09\/jody.jpg 1040w, https:\/\/www.emdg-guilers.org\/wp-content\/uploads\/2017\/09\/jody-300x149.jpg 300w, https:\/\/www.emdg-guilers.org\/wp-content\/uploads\/2017\/09\/jody-768x382.jpg 768w, https:\/\/www.emdg-guilers.org\/wp-content\/uploads\/2017\/09\/jody-1024x509.jpg 1024w, https:\/\/www.emdg-guilers.org\/wp-content\/uploads\/2017\/09\/jody-543x270.jpg 543w, https:\/\/www.emdg-guilers.org\/wp-content\/uploads\/2017\/09\/jody-1038x517.jpg 1038w\" sizes=\"(max-width: 507px) 100vw, 507px\" \/><\/a><\/p>\n","protected":false},"excerpt":{"rendered":"<p>Projets ann\u00e9e 2021-2022 \/\/\/ Stage de danses 5-6 novembre 2021 Stage gratuit pour tous les \u00e9l\u00e8ves de l&rsquo;EMDG : d\u00e9couverte des 3 danses propos\u00e9es : hip hop, modern jazz, classique \/\/\/ Cartes blanches pour les \u00e9l\u00e8ves de danse classique, modern jazz, hip hop.\u00a0Le Samedi 9 avril, retrouvez les pr\u00e9sentations des cr\u00e9ations des \u00e9l\u00e8ves de\u00a0 17h30 \u00e0 18h30 ou de 18h30 \u00e0 19h30 \u00e0 L\u2019Agora de Guilers. \/\/\/ Conf\u00e9rence dans\u00e9e sur l&rsquo;histoire et les esth\u00e9tiques hip hop: \u00a0\u00ab\u00a0Planet Hip Hop\u00a0\u00bb retracera&#8230;<\/p>\n<p class=\"read-more\"><a class=\"btn btn-default\" href=\"https:\/\/www.emdg-guilers.org\/index.php\/action-culturelle\/atelier-de-creation-choregraphique\/\">Lire la suite<span class=\"screen-reader-text\"> Lire la suite<\/span><\/a><\/p>\n","protected":false},"author":3,"featured_media":0,"parent":1026,"menu_order":0,"comment_status":"closed","ping_status":"closed","template":"","meta":{"footnotes":""},"yoast_head":"<!-- This site is optimized with the Yoast SEO plugin v22.4 - https:\/\/yoast.com\/wordpress\/plugins\/seo\/ -->\n<title>Projets p\u00e9dagogiques Danse - Ecole de Musique, Danse &amp; Th\u00e9\u00e2tre de Guilers<\/title>\n<meta name=\"robots\" content=\"index, follow, max-snippet:-1, max-image-preview:large, max-video-preview:-1\" \/>\n<link rel=\"canonical\" href=\"https:\/\/www.emdg-guilers.org\/index.php\/action-culturelle\/atelier-de-creation-choregraphique\/\" \/>\n<meta property=\"og:locale\" content=\"fr_FR\" \/>\n<meta property=\"og:type\" content=\"article\" \/>\n<meta property=\"og:title\" content=\"Projets p\u00e9dagogiques Danse - Ecole de Musique, Danse &amp; Th\u00e9\u00e2tre de Guilers\" \/>\n<meta property=\"og:description\" content=\"Projets ann\u00e9e 2021-2022 \/\/\/ Stage de danses 5-6 novembre 2021 Stage gratuit pour tous les \u00e9l\u00e8ves de l&rsquo;EMDG : d\u00e9couverte des 3 danses propos\u00e9es : hip hop, modern jazz, classique \/\/\/ Cartes blanches pour les \u00e9l\u00e8ves de danse classique, modern jazz, hip hop.\u00a0Le Samedi 9 avril, retrouvez les pr\u00e9sentations des cr\u00e9ations des \u00e9l\u00e8ves de\u00a0 17h30 \u00e0 18h30 ou de 18h30 \u00e0 19h30 \u00e0 L\u2019Agora de Guilers. \/\/\/ Conf\u00e9rence dans\u00e9e sur l&rsquo;histoire et les esth\u00e9tiques hip hop: \u00a0\u00ab\u00a0Planet Hip Hop\u00a0\u00bb retracera...Lire la suite Lire la suite\" \/>\n<meta property=\"og:url\" content=\"https:\/\/www.emdg-guilers.org\/index.php\/action-culturelle\/atelier-de-creation-choregraphique\/\" \/>\n<meta property=\"og:site_name\" content=\"Ecole de Musique, Danse &amp; Th\u00e9\u00e2tre de Guilers\" \/>\n<meta property=\"article:publisher\" content=\"https:\/\/www.facebook.com\/Ecole-de-Musique-et-de-Danse-de-Guilers-480017765533016\/\" \/>\n<meta property=\"article:modified_time\" content=\"2022-10-06T09:23:37+00:00\" \/>\n<meta property=\"og:image\" content=\"http:\/\/www.emdg-guilers.org\/wp-content\/uploads\/2018\/09\/2018-10-06-07-stage-la-becquee-1024x766.jpg\" \/>\n<meta name=\"twitter:card\" content=\"summary_large_image\" \/>\n<meta name=\"twitter:label1\" content=\"Dur\u00e9e de lecture estim\u00e9e\" \/>\n\t<meta name=\"twitter:data1\" content=\"3 minutes\" \/>\n<script type=\"application\/ld+json\" class=\"yoast-schema-graph\">{\"@context\":\"https:\/\/schema.org\",\"@graph\":[{\"@type\":\"WebPage\",\"@id\":\"https:\/\/www.emdg-guilers.org\/index.php\/action-culturelle\/atelier-de-creation-choregraphique\/\",\"url\":\"https:\/\/www.emdg-guilers.org\/index.php\/action-culturelle\/atelier-de-creation-choregraphique\/\",\"name\":\"Projets p\u00e9dagogiques Danse - Ecole de Musique, Danse &amp; Th\u00e9\u00e2tre de Guilers\",\"isPartOf\":{\"@id\":\"https:\/\/www.emdg-guilers.org\/#website\"},\"primaryImageOfPage\":{\"@id\":\"https:\/\/www.emdg-guilers.org\/index.php\/action-culturelle\/atelier-de-creation-choregraphique\/#primaryimage\"},\"image\":{\"@id\":\"https:\/\/www.emdg-guilers.org\/index.php\/action-culturelle\/atelier-de-creation-choregraphique\/#primaryimage\"},\"thumbnailUrl\":\"http:\/\/www.emdg-guilers.org\/wp-content\/uploads\/2018\/09\/2018-10-06-07-stage-la-becquee-1024x766.jpg\",\"datePublished\":\"2017-09-26T11:14:01+00:00\",\"dateModified\":\"2022-10-06T09:23:37+00:00\",\"breadcrumb\":{\"@id\":\"https:\/\/www.emdg-guilers.org\/index.php\/action-culturelle\/atelier-de-creation-choregraphique\/#breadcrumb\"},\"inLanguage\":\"fr-FR\",\"potentialAction\":[{\"@type\":\"ReadAction\",\"target\":[\"https:\/\/www.emdg-guilers.org\/index.php\/action-culturelle\/atelier-de-creation-choregraphique\/\"]}]},{\"@type\":\"ImageObject\",\"inLanguage\":\"fr-FR\",\"@id\":\"https:\/\/www.emdg-guilers.org\/index.php\/action-culturelle\/atelier-de-creation-choregraphique\/#primaryimage\",\"url\":\"http:\/\/www.emdg-guilers.org\/wp-content\/uploads\/2018\/09\/2018-10-06-07-stage-la-becquee-1024x766.jpg\",\"contentUrl\":\"http:\/\/www.emdg-guilers.org\/wp-content\/uploads\/2018\/09\/2018-10-06-07-stage-la-becquee-1024x766.jpg\"},{\"@type\":\"BreadcrumbList\",\"@id\":\"https:\/\/www.emdg-guilers.org\/index.php\/action-culturelle\/atelier-de-creation-choregraphique\/#breadcrumb\",\"itemListElement\":[{\"@type\":\"ListItem\",\"position\":1,\"name\":\"Accueil\",\"item\":\"https:\/\/www.emdg-guilers.org\/\"},{\"@type\":\"ListItem\",\"position\":2,\"name\":\"Action culturelle\",\"item\":\"https:\/\/www.emdg-guilers.org\/index.php\/action-culturelle\/\"},{\"@type\":\"ListItem\",\"position\":3,\"name\":\"Projets p\u00e9dagogiques Danse\"}]},{\"@type\":\"WebSite\",\"@id\":\"https:\/\/www.emdg-guilers.org\/#website\",\"url\":\"https:\/\/www.emdg-guilers.org\/\",\"name\":\"Ecole de Musique et Danse de Guilers\",\"description\":\"Ecole associative, cours de musique, danse, th\u00e9\u00e2tre accessibles \u00e0 tous\",\"publisher\":{\"@id\":\"https:\/\/www.emdg-guilers.org\/#organization\"},\"potentialAction\":[{\"@type\":\"SearchAction\",\"target\":{\"@type\":\"EntryPoint\",\"urlTemplate\":\"https:\/\/www.emdg-guilers.org\/?s={search_term_string}\"},\"query-input\":\"required name=search_term_string\"}],\"inLanguage\":\"fr-FR\"},{\"@type\":\"Organization\",\"@id\":\"https:\/\/www.emdg-guilers.org\/#organization\",\"name\":\"Ecole de Musique et de Danse\",\"url\":\"https:\/\/www.emdg-guilers.org\/\",\"logo\":{\"@type\":\"ImageObject\",\"inLanguage\":\"fr-FR\",\"@id\":\"https:\/\/www.emdg-guilers.org\/#\/schema\/logo\/image\/\",\"url\":\"https:\/\/www.emdg-guilers.org\/wp-content\/uploads\/2016\/06\/logo2014.jpg\",\"contentUrl\":\"https:\/\/www.emdg-guilers.org\/wp-content\/uploads\/2016\/06\/logo2014.jpg\",\"width\":214,\"height\":116,\"caption\":\"Ecole de Musique et de Danse\"},\"image\":{\"@id\":\"https:\/\/www.emdg-guilers.org\/#\/schema\/logo\/image\/\"},\"sameAs\":[\"https:\/\/www.facebook.com\/Ecole-de-Musique-et-de-Danse-de-Guilers-480017765533016\/\"]}]}<\/script>\n<!-- \/ Yoast SEO plugin. -->","yoast_head_json":{"title":"Projets p\u00e9dagogiques Danse - Ecole de Musique, Danse &amp; Th\u00e9\u00e2tre de Guilers","robots":{"index":"index","follow":"follow","max-snippet":"max-snippet:-1","max-image-preview":"max-image-preview:large","max-video-preview":"max-video-preview:-1"},"canonical":"https:\/\/www.emdg-guilers.org\/index.php\/action-culturelle\/atelier-de-creation-choregraphique\/","og_locale":"fr_FR","og_type":"article","og_title":"Projets p\u00e9dagogiques Danse - Ecole de Musique, Danse &amp; Th\u00e9\u00e2tre de Guilers","og_description":"Projets ann\u00e9e 2021-2022 \/\/\/ Stage de danses 5-6 novembre 2021 Stage gratuit pour tous les \u00e9l\u00e8ves de l&rsquo;EMDG : d\u00e9couverte des 3 danses propos\u00e9es : hip hop, modern jazz, classique \/\/\/ Cartes blanches pour les \u00e9l\u00e8ves de danse classique, modern jazz, hip hop.\u00a0Le Samedi 9 avril, retrouvez les pr\u00e9sentations des cr\u00e9ations des \u00e9l\u00e8ves de\u00a0 17h30 \u00e0 18h30 ou de 18h30 \u00e0 19h30 \u00e0 L\u2019Agora de Guilers. \/\/\/ Conf\u00e9rence dans\u00e9e sur l&rsquo;histoire et les esth\u00e9tiques hip hop: \u00a0\u00ab\u00a0Planet Hip Hop\u00a0\u00bb retracera...Lire la suite Lire la suite","og_url":"https:\/\/www.emdg-guilers.org\/index.php\/action-culturelle\/atelier-de-creation-choregraphique\/","og_site_name":"Ecole de Musique, Danse &amp; Th\u00e9\u00e2tre de Guilers","article_publisher":"https:\/\/www.facebook.com\/Ecole-de-Musique-et-de-Danse-de-Guilers-480017765533016\/","article_modified_time":"2022-10-06T09:23:37+00:00","og_image":[{"url":"http:\/\/www.emdg-guilers.org\/wp-content\/uploads\/2018\/09\/2018-10-06-07-stage-la-becquee-1024x766.jpg"}],"twitter_card":"summary_large_image","twitter_misc":{"Dur\u00e9e de lecture estim\u00e9e":"3 minutes"},"schema":{"@context":"https:\/\/schema.org","@graph":[{"@type":"WebPage","@id":"https:\/\/www.emdg-guilers.org\/index.php\/action-culturelle\/atelier-de-creation-choregraphique\/","url":"https:\/\/www.emdg-guilers.org\/index.php\/action-culturelle\/atelier-de-creation-choregraphique\/","name":"Projets p\u00e9dagogiques Danse - Ecole de Musique, Danse &amp; Th\u00e9\u00e2tre de Guilers","isPartOf":{"@id":"https:\/\/www.emdg-guilers.org\/#website"},"primaryImageOfPage":{"@id":"https:\/\/www.emdg-guilers.org\/index.php\/action-culturelle\/atelier-de-creation-choregraphique\/#primaryimage"},"image":{"@id":"https:\/\/www.emdg-guilers.org\/index.php\/action-culturelle\/atelier-de-creation-choregraphique\/#primaryimage"},"thumbnailUrl":"http:\/\/www.emdg-guilers.org\/wp-content\/uploads\/2018\/09\/2018-10-06-07-stage-la-becquee-1024x766.jpg","datePublished":"2017-09-26T11:14:01+00:00","dateModified":"2022-10-06T09:23:37+00:00","breadcrumb":{"@id":"https:\/\/www.emdg-guilers.org\/index.php\/action-culturelle\/atelier-de-creation-choregraphique\/#breadcrumb"},"inLanguage":"fr-FR","potentialAction":[{"@type":"ReadAction","target":["https:\/\/www.emdg-guilers.org\/index.php\/action-culturelle\/atelier-de-creation-choregraphique\/"]}]},{"@type":"ImageObject","inLanguage":"fr-FR","@id":"https:\/\/www.emdg-guilers.org\/index.php\/action-culturelle\/atelier-de-creation-choregraphique\/#primaryimage","url":"http:\/\/www.emdg-guilers.org\/wp-content\/uploads\/2018\/09\/2018-10-06-07-stage-la-becquee-1024x766.jpg","contentUrl":"http:\/\/www.emdg-guilers.org\/wp-content\/uploads\/2018\/09\/2018-10-06-07-stage-la-becquee-1024x766.jpg"},{"@type":"BreadcrumbList","@id":"https:\/\/www.emdg-guilers.org\/index.php\/action-culturelle\/atelier-de-creation-choregraphique\/#breadcrumb","itemListElement":[{"@type":"ListItem","position":1,"name":"Accueil","item":"https:\/\/www.emdg-guilers.org\/"},{"@type":"ListItem","position":2,"name":"Action culturelle","item":"https:\/\/www.emdg-guilers.org\/index.php\/action-culturelle\/"},{"@type":"ListItem","position":3,"name":"Projets p\u00e9dagogiques Danse"}]},{"@type":"WebSite","@id":"https:\/\/www.emdg-guilers.org\/#website","url":"https:\/\/www.emdg-guilers.org\/","name":"Ecole de Musique et Danse de Guilers","description":"Ecole associative, cours de musique, danse, th\u00e9\u00e2tre accessibles \u00e0 tous","publisher":{"@id":"https:\/\/www.emdg-guilers.org\/#organization"},"potentialAction":[{"@type":"SearchAction","target":{"@type":"EntryPoint","urlTemplate":"https:\/\/www.emdg-guilers.org\/?s={search_term_string}"},"query-input":"required name=search_term_string"}],"inLanguage":"fr-FR"},{"@type":"Organization","@id":"https:\/\/www.emdg-guilers.org\/#organization","name":"Ecole de Musique et de Danse","url":"https:\/\/www.emdg-guilers.org\/","logo":{"@type":"ImageObject","inLanguage":"fr-FR","@id":"https:\/\/www.emdg-guilers.org\/#\/schema\/logo\/image\/","url":"https:\/\/www.emdg-guilers.org\/wp-content\/uploads\/2016\/06\/logo2014.jpg","contentUrl":"https:\/\/www.emdg-guilers.org\/wp-content\/uploads\/2016\/06\/logo2014.jpg","width":214,"height":116,"caption":"Ecole de Musique et de Danse"},"image":{"@id":"https:\/\/www.emdg-guilers.org\/#\/schema\/logo\/image\/"},"sameAs":["https:\/\/www.facebook.com\/Ecole-de-Musique-et-de-Danse-de-Guilers-480017765533016\/"]}]}},"_links":{"self":[{"href":"https:\/\/www.emdg-guilers.org\/index.php\/wp-json\/wp\/v2\/pages\/1039"}],"collection":[{"href":"https:\/\/www.emdg-guilers.org\/index.php\/wp-json\/wp\/v2\/pages"}],"about":[{"href":"https:\/\/www.emdg-guilers.org\/index.php\/wp-json\/wp\/v2\/types\/page"}],"author":[{"embeddable":true,"href":"https:\/\/www.emdg-guilers.org\/index.php\/wp-json\/wp\/v2\/users\/3"}],"replies":[{"embeddable":true,"href":"https:\/\/www.emdg-guilers.org\/index.php\/wp-json\/wp\/v2\/comments?post=1039"}],"version-history":[{"count":5,"href":"https:\/\/www.emdg-guilers.org\/index.php\/wp-json\/wp\/v2\/pages\/1039\/revisions"}],"predecessor-version":[{"id":3264,"href":"https:\/\/www.emdg-guilers.org\/index.php\/wp-json\/wp\/v2\/pages\/1039\/revisions\/3264"}],"up":[{"embeddable":true,"href":"https:\/\/www.emdg-guilers.org\/index.php\/wp-json\/wp\/v2\/pages\/1026"}],"wp:attachment":[{"href":"https:\/\/www.emdg-guilers.org\/index.php\/wp-json\/wp\/v2\/media?parent=1039"}],"curies":[{"name":"wp","href":"https:\/\/api.w.org\/{rel}","templated":true}]}}