{"id":1584,"date":"2019-05-09T17:10:16","date_gmt":"2019-05-09T15:10:16","guid":{"rendered":"http:\/\/www.emdg-guilers.org\/?page_id=1584"},"modified":"2022-05-05T18:10:06","modified_gmt":"2022-05-05T16:10:06","slug":"eveil-musique-danse-nouveau","status":"publish","type":"page","link":"https:\/\/www.emdg-guilers.org\/index.php\/eveil-musique-danse-nouveau\/","title":{"rendered":"Eveil musique et danse"},"content":{"rendered":"<p><strong>HORAIRES POUR 2021-22<\/strong><\/p>\n<table>\n<tbody>\n<tr>\n<td width=\"106\">Eveil musique et danse \u2013 ann\u00e9e 1<\/td>\n<td width=\"95\">Virginie et Val\u00e9rie<\/td>\n<td width=\"96\">Mardi<\/td>\n<td width=\"98\">17h15-18h<\/td>\n<td width=\"83\">Salle de danse<\/td>\n<td width=\"141\">4 \u00e0 5ans, moyenne ou grande section de maternelle<\/td>\n<\/tr>\n<tr>\n<td width=\"106\"><\/td>\n<td width=\"95\"><\/td>\n<td width=\"96\"><\/td>\n<td width=\"98\"><\/td>\n<td width=\"83\"><\/td>\n<td width=\"141\"><\/td>\n<\/tr>\n<\/tbody>\n<\/table>\n<h2><strong>Horaires 2022-23<\/strong><\/h2>\n<table>\n<tbody>\n<tr>\n<td width=\"106\"><strong>Discipline \u2013 nom du cours<\/strong><\/td>\n<td width=\"95\"><strong>Prof<\/strong><\/td>\n<td width=\"96\"><strong>Jour<\/strong><\/td>\n<td width=\"98\"><strong>Horaire<\/strong><\/td>\n<td width=\"83\"><strong>Salle<\/strong><\/td>\n<td width=\"141\"><strong>Correspondance \u00e2ge \/ classe \u00e9l\u00e8ves<\/strong><\/td>\n<\/tr>\n<tr>\n<td width=\"106\"><a href=\"https:\/\/www.emdg-guilers.org\/index.php\/eveil-musique-danse-nouveau\/\">Eveil musique et danse \u2013 ann\u00e9e\u00a0<\/a><\/td>\n<td width=\"95\">Virginie et\u00a0Val\u00e9rie<\/td>\n<td width=\"96\">Mardi<\/td>\n<td width=\"98\">17h15-18h<\/td>\n<td width=\"83\">Salle de danse<\/td>\n<td width=\"141\">4 \u00e0 5ans, moyenne ou grande section de maternelle<\/td>\n<\/tr>\n<\/tbody>\n<\/table>\n<p><span style=\"font-size: inherit;\">Les cours sont encadr\u00e9s par une professeur de danse (<\/span><strong style=\"font-size: inherit;\">Virginie Le Gloahec<\/strong><span style=\"font-size: inherit;\">) et\/ou une professeur de musique\u00a0 (<strong>Val\u00e9rie Courant<\/strong><\/span><span style=\"font-size: inherit;\">) afin de permettre aux enfants de d\u00e9couvrir de mani\u00e8re ludique et globale le mouvement dans\u00e9 ainsi que la diversit\u00e9 du monde sonore et musical.<\/span><\/p>\n<p>D\u00e9couverte et\u00a0conscience corporelle en rapport avec l\u2019espace environnant<br \/>\nEcoute de soi et des autres<br \/>\nApprentissage de la rythmique en mouvement<br \/>\nD\u00e9couverte des instruments et des sons appliqu\u00e9s \u00e0 la pratique corporelle et l&rsquo;\u00e9bauche chor\u00e9graphique<br \/>\nConstitution d&rsquo;un langage artistique commun \u00e0 la musique et \u00e0 la danse<br \/>\nMise en place de projets communs musique \/ danse.<\/p>\n<p>Chaque ann\u00e9e, au moins une restitution publique est propos\u00e9e sur sc\u00e8ne (gala de l&rsquo;\u00e9cole, spectacle de No\u00ebl&#8230;)<\/p>\n<p>Un atelier parents-enfants est \u00e9galement organis\u00e9 au moins une fois dans l&rsquo;ann\u00e9e.<\/p>\n","protected":false},"excerpt":{"rendered":"<p>HORAIRES POUR 2021-22 Eveil musique et danse \u2013 ann\u00e9e 1 Virginie et Val\u00e9rie Mardi 17h15-18h Salle de danse 4 \u00e0 5ans, moyenne ou grande section de maternelle Horaires 2022-23 Discipline \u2013 nom du cours Prof Jour Horaire Salle Correspondance \u00e2ge \/ classe \u00e9l\u00e8ves Eveil musique et danse \u2013 ann\u00e9e\u00a0 Virginie et\u00a0Val\u00e9rie Mardi 17h15-18h Salle de danse 4 \u00e0 5ans, moyenne ou grande section de maternelle Les cours sont encadr\u00e9s par une professeur de danse (Virginie Le Gloahec) et\/ou une professeur&#8230;<\/p>\n<p class=\"read-more\"><a class=\"btn btn-default\" href=\"https:\/\/www.emdg-guilers.org\/index.php\/eveil-musique-danse-nouveau\/\">Lire la suite<span class=\"screen-reader-text\"> Lire la suite<\/span><\/a><\/p>\n","protected":false},"author":3,"featured_media":0,"parent":0,"menu_order":0,"comment_status":"closed","ping_status":"closed","template":"","meta":{"footnotes":""},"yoast_head":"<!-- This site is optimized with the Yoast SEO plugin v22.4 - https:\/\/yoast.com\/wordpress\/plugins\/seo\/ -->\n<title>Eveil musique et danse - Ecole de Musique, Danse &amp; Th\u00e9\u00e2tre de Guilers<\/title>\n<meta name=\"robots\" content=\"index, follow, max-snippet:-1, max-image-preview:large, max-video-preview:-1\" \/>\n<link rel=\"canonical\" href=\"https:\/\/www.emdg-guilers.org\/index.php\/eveil-musique-danse-nouveau\/\" \/>\n<meta property=\"og:locale\" content=\"fr_FR\" \/>\n<meta property=\"og:type\" content=\"article\" \/>\n<meta property=\"og:title\" content=\"Eveil musique et danse - Ecole de Musique, Danse &amp; Th\u00e9\u00e2tre de Guilers\" \/>\n<meta property=\"og:description\" content=\"HORAIRES POUR 2021-22 Eveil musique et danse \u2013 ann\u00e9e 1 Virginie et Val\u00e9rie Mardi 17h15-18h Salle de danse 4 \u00e0 5ans, moyenne ou grande section de maternelle Horaires 2022-23 Discipline \u2013 nom du cours Prof Jour Horaire Salle Correspondance \u00e2ge \/ classe \u00e9l\u00e8ves Eveil musique et danse \u2013 ann\u00e9e\u00a0 Virginie et\u00a0Val\u00e9rie Mardi 17h15-18h Salle de danse 4 \u00e0 5ans, moyenne ou grande section de maternelle Les cours sont encadr\u00e9s par une professeur de danse (Virginie Le Gloahec) et\/ou une professeur...Lire la suite Lire la suite\" \/>\n<meta property=\"og:url\" content=\"https:\/\/www.emdg-guilers.org\/index.php\/eveil-musique-danse-nouveau\/\" \/>\n<meta property=\"og:site_name\" content=\"Ecole de Musique, Danse &amp; Th\u00e9\u00e2tre de Guilers\" \/>\n<meta property=\"article:publisher\" content=\"https:\/\/www.facebook.com\/Ecole-de-Musique-et-de-Danse-de-Guilers-480017765533016\/\" \/>\n<meta property=\"article:modified_time\" content=\"2022-05-05T16:10:06+00:00\" \/>\n<meta name=\"twitter:card\" content=\"summary_large_image\" \/>\n<meta name=\"twitter:label1\" content=\"Dur\u00e9e de lecture estim\u00e9e\" \/>\n\t<meta name=\"twitter:data1\" content=\"1 minute\" \/>\n<script type=\"application\/ld+json\" class=\"yoast-schema-graph\">{\"@context\":\"https:\/\/schema.org\",\"@graph\":[{\"@type\":\"WebPage\",\"@id\":\"https:\/\/www.emdg-guilers.org\/index.php\/eveil-musique-danse-nouveau\/\",\"url\":\"https:\/\/www.emdg-guilers.org\/index.php\/eveil-musique-danse-nouveau\/\",\"name\":\"Eveil musique et danse - Ecole de Musique, Danse &amp; Th\u00e9\u00e2tre de Guilers\",\"isPartOf\":{\"@id\":\"https:\/\/www.emdg-guilers.org\/#website\"},\"datePublished\":\"2019-05-09T15:10:16+00:00\",\"dateModified\":\"2022-05-05T16:10:06+00:00\",\"breadcrumb\":{\"@id\":\"https:\/\/www.emdg-guilers.org\/index.php\/eveil-musique-danse-nouveau\/#breadcrumb\"},\"inLanguage\":\"fr-FR\",\"potentialAction\":[{\"@type\":\"ReadAction\",\"target\":[\"https:\/\/www.emdg-guilers.org\/index.php\/eveil-musique-danse-nouveau\/\"]}]},{\"@type\":\"BreadcrumbList\",\"@id\":\"https:\/\/www.emdg-guilers.org\/index.php\/eveil-musique-danse-nouveau\/#breadcrumb\",\"itemListElement\":[{\"@type\":\"ListItem\",\"position\":1,\"name\":\"Accueil\",\"item\":\"https:\/\/www.emdg-guilers.org\/\"},{\"@type\":\"ListItem\",\"position\":2,\"name\":\"Eveil musique et danse\"}]},{\"@type\":\"WebSite\",\"@id\":\"https:\/\/www.emdg-guilers.org\/#website\",\"url\":\"https:\/\/www.emdg-guilers.org\/\",\"name\":\"Ecole de Musique et Danse de Guilers\",\"description\":\"Ecole associative, cours de musique, danse, th\u00e9\u00e2tre accessibles \u00e0 tous\",\"publisher\":{\"@id\":\"https:\/\/www.emdg-guilers.org\/#organization\"},\"potentialAction\":[{\"@type\":\"SearchAction\",\"target\":{\"@type\":\"EntryPoint\",\"urlTemplate\":\"https:\/\/www.emdg-guilers.org\/?s={search_term_string}\"},\"query-input\":\"required name=search_term_string\"}],\"inLanguage\":\"fr-FR\"},{\"@type\":\"Organization\",\"@id\":\"https:\/\/www.emdg-guilers.org\/#organization\",\"name\":\"Ecole de Musique et de Danse\",\"url\":\"https:\/\/www.emdg-guilers.org\/\",\"logo\":{\"@type\":\"ImageObject\",\"inLanguage\":\"fr-FR\",\"@id\":\"https:\/\/www.emdg-guilers.org\/#\/schema\/logo\/image\/\",\"url\":\"https:\/\/www.emdg-guilers.org\/wp-content\/uploads\/2016\/06\/logo2014.jpg\",\"contentUrl\":\"https:\/\/www.emdg-guilers.org\/wp-content\/uploads\/2016\/06\/logo2014.jpg\",\"width\":214,\"height\":116,\"caption\":\"Ecole de Musique et de Danse\"},\"image\":{\"@id\":\"https:\/\/www.emdg-guilers.org\/#\/schema\/logo\/image\/\"},\"sameAs\":[\"https:\/\/www.facebook.com\/Ecole-de-Musique-et-de-Danse-de-Guilers-480017765533016\/\"]}]}<\/script>\n<!-- \/ Yoast SEO plugin. -->","yoast_head_json":{"title":"Eveil musique et danse - Ecole de Musique, Danse &amp; Th\u00e9\u00e2tre de Guilers","robots":{"index":"index","follow":"follow","max-snippet":"max-snippet:-1","max-image-preview":"max-image-preview:large","max-video-preview":"max-video-preview:-1"},"canonical":"https:\/\/www.emdg-guilers.org\/index.php\/eveil-musique-danse-nouveau\/","og_locale":"fr_FR","og_type":"article","og_title":"Eveil musique et danse - Ecole de Musique, Danse &amp; Th\u00e9\u00e2tre de Guilers","og_description":"HORAIRES POUR 2021-22 Eveil musique et danse \u2013 ann\u00e9e 1 Virginie et Val\u00e9rie Mardi 17h15-18h Salle de danse 4 \u00e0 5ans, moyenne ou grande section de maternelle Horaires 2022-23 Discipline \u2013 nom du cours Prof Jour Horaire Salle Correspondance \u00e2ge \/ classe \u00e9l\u00e8ves Eveil musique et danse \u2013 ann\u00e9e\u00a0 Virginie et\u00a0Val\u00e9rie Mardi 17h15-18h Salle de danse 4 \u00e0 5ans, moyenne ou grande section de maternelle Les cours sont encadr\u00e9s par une professeur de danse (Virginie Le Gloahec) et\/ou une professeur...Lire la suite Lire la suite","og_url":"https:\/\/www.emdg-guilers.org\/index.php\/eveil-musique-danse-nouveau\/","og_site_name":"Ecole de Musique, Danse &amp; Th\u00e9\u00e2tre de Guilers","article_publisher":"https:\/\/www.facebook.com\/Ecole-de-Musique-et-de-Danse-de-Guilers-480017765533016\/","article_modified_time":"2022-05-05T16:10:06+00:00","twitter_card":"summary_large_image","twitter_misc":{"Dur\u00e9e de lecture estim\u00e9e":"1 minute"},"schema":{"@context":"https:\/\/schema.org","@graph":[{"@type":"WebPage","@id":"https:\/\/www.emdg-guilers.org\/index.php\/eveil-musique-danse-nouveau\/","url":"https:\/\/www.emdg-guilers.org\/index.php\/eveil-musique-danse-nouveau\/","name":"Eveil musique et danse - Ecole de Musique, Danse &amp; Th\u00e9\u00e2tre de Guilers","isPartOf":{"@id":"https:\/\/www.emdg-guilers.org\/#website"},"datePublished":"2019-05-09T15:10:16+00:00","dateModified":"2022-05-05T16:10:06+00:00","breadcrumb":{"@id":"https:\/\/www.emdg-guilers.org\/index.php\/eveil-musique-danse-nouveau\/#breadcrumb"},"inLanguage":"fr-FR","potentialAction":[{"@type":"ReadAction","target":["https:\/\/www.emdg-guilers.org\/index.php\/eveil-musique-danse-nouveau\/"]}]},{"@type":"BreadcrumbList","@id":"https:\/\/www.emdg-guilers.org\/index.php\/eveil-musique-danse-nouveau\/#breadcrumb","itemListElement":[{"@type":"ListItem","position":1,"name":"Accueil","item":"https:\/\/www.emdg-guilers.org\/"},{"@type":"ListItem","position":2,"name":"Eveil musique et danse"}]},{"@type":"WebSite","@id":"https:\/\/www.emdg-guilers.org\/#website","url":"https:\/\/www.emdg-guilers.org\/","name":"Ecole de Musique et Danse de Guilers","description":"Ecole associative, cours de musique, danse, th\u00e9\u00e2tre accessibles \u00e0 tous","publisher":{"@id":"https:\/\/www.emdg-guilers.org\/#organization"},"potentialAction":[{"@type":"SearchAction","target":{"@type":"EntryPoint","urlTemplate":"https:\/\/www.emdg-guilers.org\/?s={search_term_string}"},"query-input":"required name=search_term_string"}],"inLanguage":"fr-FR"},{"@type":"Organization","@id":"https:\/\/www.emdg-guilers.org\/#organization","name":"Ecole de Musique et de Danse","url":"https:\/\/www.emdg-guilers.org\/","logo":{"@type":"ImageObject","inLanguage":"fr-FR","@id":"https:\/\/www.emdg-guilers.org\/#\/schema\/logo\/image\/","url":"https:\/\/www.emdg-guilers.org\/wp-content\/uploads\/2016\/06\/logo2014.jpg","contentUrl":"https:\/\/www.emdg-guilers.org\/wp-content\/uploads\/2016\/06\/logo2014.jpg","width":214,"height":116,"caption":"Ecole de Musique et de Danse"},"image":{"@id":"https:\/\/www.emdg-guilers.org\/#\/schema\/logo\/image\/"},"sameAs":["https:\/\/www.facebook.com\/Ecole-de-Musique-et-de-Danse-de-Guilers-480017765533016\/"]}]}},"_links":{"self":[{"href":"https:\/\/www.emdg-guilers.org\/index.php\/wp-json\/wp\/v2\/pages\/1584"}],"collection":[{"href":"https:\/\/www.emdg-guilers.org\/index.php\/wp-json\/wp\/v2\/pages"}],"about":[{"href":"https:\/\/www.emdg-guilers.org\/index.php\/wp-json\/wp\/v2\/types\/page"}],"author":[{"embeddable":true,"href":"https:\/\/www.emdg-guilers.org\/index.php\/wp-json\/wp\/v2\/users\/3"}],"replies":[{"embeddable":true,"href":"https:\/\/www.emdg-guilers.org\/index.php\/wp-json\/wp\/v2\/comments?post=1584"}],"version-history":[{"count":22,"href":"https:\/\/www.emdg-guilers.org\/index.php\/wp-json\/wp\/v2\/pages\/1584\/revisions"}],"predecessor-version":[{"id":3084,"href":"https:\/\/www.emdg-guilers.org\/index.php\/wp-json\/wp\/v2\/pages\/1584\/revisions\/3084"}],"wp:attachment":[{"href":"https:\/\/www.emdg-guilers.org\/index.php\/wp-json\/wp\/v2\/media?parent=1584"}],"curies":[{"name":"wp","href":"https:\/\/api.w.org\/{rel}","templated":true}]}}