{"id":176,"date":"2016-06-29T19:34:45","date_gmt":"2016-06-29T18:34:45","guid":{"rendered":"http:\/\/www.emdg-guilers.org\/?page_id=176"},"modified":"2026-04-15T09:53:32","modified_gmt":"2026-04-15T07:53:32","slug":"qui-sommes-nous","status":"publish","type":"page","link":"https:\/\/www.emdg-guilers.org\/index.php\/lassociation\/qui-sommes-nous\/","title":{"rendered":"Qui sommes nous ?"},"content":{"rendered":"<p style=\"text-align: center;\"><strong><u><img loading=\"lazy\" decoding=\"async\" class=\"alignleft wp-image-430 size-full\" src=\"http:\/\/www.emdg-guilers.org\/wp-content\/uploads\/2016\/09\/carrequi.jpg\" alt=\"carrequi\" width=\"300\" height=\"300\" srcset=\"https:\/\/www.emdg-guilers.org\/wp-content\/uploads\/2016\/09\/carrequi.jpg 300w, https:\/\/www.emdg-guilers.org\/wp-content\/uploads\/2016\/09\/carrequi-150x150.jpg 150w, https:\/\/www.emdg-guilers.org\/wp-content\/uploads\/2016\/09\/carrequi-270x270.jpg 270w\" sizes=\"(max-width: 300px) 100vw, 300px\" \/><\/u><\/strong><\/p>\n<p style=\"text-align: left;\">L\u2019\u00c9cole de Musique et de Danse de Guilers est une <strong>\u00e9cole associative, loi 1901 \u00e0 but non lucratif<\/strong>, <strong>reconnue d&rsquo;int\u00e9r\u00eat g\u00e9n\u00e9ral<\/strong> \u00e0 caract\u00e8re culturel.<\/p>\n<p>L&rsquo;EMDG, c&rsquo;est :<br \/>&#8211; plus de 350 \u00e9l\u00e8ves (r\u00e9partis entre danse, musique et th\u00e9\u00e2tre)<br \/>&#8211; Une \u00e9quipe de 24 professionnels<br \/>&#8211; Des b\u00e9n\u00e9voles qui portent l&rsquo;association<span class=\"text_exposed_show\"><br \/>&#8211; Plus de 20 instruments enseign\u00e9s<br \/>&#8211; 3 danses enseign\u00e9es et organis\u00e9es en cursus<br \/>&#8211; 1 fili\u00e8re th\u00e9\u00e2tre\u00a0<br \/>&#8211; Plusieurs groupes de musique de diff\u00e9rentes esth\u00e9tiques<br \/>&#8211; Un parcours d\u00e9couverte instrumentale<br \/>&#8211; Des activit\u00e9s d&rsquo;\u00e9veil \u00e0 la danse\u00a0d\u00e8s le plus jeune \u00e2ge.<br \/><\/span><span class=\"text_exposed_show\">&#8211; Une quarantaine d&rsquo;\u00e9v\u00e9nements et animations programm\u00e9es par an \u00e0 Guilers ou dans le Finist\u00e8r<\/span><span class=\"text_exposed_show\">e<\/span><\/p>\n<p style=\"text-align: center;\">\u00a0<\/p>\n\n\n<p>Depuis la r\u00e9union du Conseil d\u2019administration, le 31 mars 2026, \u00e0 la suite de la d\u00e9mission du pr\u00e9sident et du renouvellement des membres de droit de la municipalit\u00e9 \u00e0 l\u2019occasion des \u00e9lections de mars 2026, l&rsquo;association \u00ab\u00a0\u00c9cole de Musique, de Danse et Th\u00e9\u00e2tre de Guilers\u00a0\u00bb a proc\u00e9d\u00e9 au renouvellement de son conseil d\u2019administration et de son bureau, qui est d\u00e9sormais compos\u00e9 de :<br><\/p>\n\n\n\n<ul>\n<li>Beno\u00eet Loubrieu, pr\u00e9sident<\/li>\n\n\n\n<li>Anne Goetz-Legrand, vice-pr\u00e9sidente<\/li>\n\n\n\n<li>Beno\u00eet Loubrieu, secr\u00e9taire<\/li>\n\n\n\n<li>Ronan Pencalet, tr\u00e9sorier<\/li>\n\n\n\n<li>Ericka Masy, secr\u00e9taire <\/li>\n\n\n\n<li>Martine Dallet, secr\u00e9taire adjointe<\/li>\n\n\n\n<li>Micka\u00ebl Severino, administrateur<\/li>\n\n\n\n<li>David Thomas, Luc Le Mouster et Adeline Seyler, administrateurs membres de droit de la municipalit\u00e9.<\/li>\n<\/ul>\n\n\n\n<p><\/p>\n\n\n\n<p><a href=\"https:\/\/www.emdg-guilers.org\/index.php\/lequipe-pedagogique\/\">D\u00e9couvrir l&rsquo;\u00e9quipe de professionnels<\/a><\/p>\n\n\n\n<p><\/p>\n\n\n\n<p>Nous rejoindre :<\/p>\n\n\n\n<p>Vous \u00eates enseignant, dipl\u00f4m\u00e9 ou non, vous avez un savoir-faire dans une discipline d\u00e9j\u00e0 propos\u00e9e ou pas \u00e0 l&rsquo;EMDG, vous souhaitez nous pr\u00e9senter vos services ? Merci de <a href=\"https:\/\/www.emdg-guilers.org\/index.php\/lassociation\/les-tarifs\/\" target=\"_blank\" rel=\"noreferrer noopener\">nous envoyer<\/a> votre candidature spontan\u00e9e ! Nous l&rsquo;\u00e9tudierons avec int\u00e9r\u00eat.<\/p>\n\n\n\n<p>Si vous \u00eates adh\u00e9rent de l&rsquo;association ou que vous souhaitez vous impliquer pour faire vivre l&rsquo;\u00e9cole, rejoignez le conseil d&rsquo;administration ou l&rsquo;\u00e9quipe des b\u00e9n\u00e9voles de l&rsquo;association ! <\/p>\n\n\n\n<p><\/p>\n","protected":false},"excerpt":{"rendered":"<p>L\u2019\u00c9cole de Musique et de Danse de Guilers est une \u00e9cole associative, loi 1901 \u00e0 but non lucratif, reconnue d&rsquo;int\u00e9r\u00eat g\u00e9n\u00e9ral \u00e0 caract\u00e8re culturel. L&rsquo;EMDG, c&rsquo;est :&#8211; plus de 350 \u00e9l\u00e8ves (r\u00e9partis entre danse, musique et th\u00e9\u00e2tre)&#8211; Une \u00e9quipe de 24 professionnels&#8211; Des b\u00e9n\u00e9voles qui portent l&rsquo;association&#8211; Plus de 20 instruments enseign\u00e9s&#8211; 3 danses enseign\u00e9es et organis\u00e9es en cursus&#8211; 1 fili\u00e8re th\u00e9\u00e2tre\u00a0&#8211; Plusieurs groupes de musique de diff\u00e9rentes esth\u00e9tiques&#8211; Un parcours d\u00e9couverte instrumentale&#8211; Des activit\u00e9s d&rsquo;\u00e9veil \u00e0 la danse\u00a0d\u00e8s le&#8230;<\/p>\n<p class=\"read-more\"><a class=\"btn btn-default\" href=\"https:\/\/www.emdg-guilers.org\/index.php\/lassociation\/qui-sommes-nous\/\">Lire la suite<span class=\"screen-reader-text\"> Lire la suite<\/span><\/a><\/p>\n","protected":false},"author":3,"featured_media":0,"parent":12,"menu_order":0,"comment_status":"closed","ping_status":"closed","template":"","meta":{"footnotes":""},"yoast_head":"<!-- This site is optimized with the Yoast SEO plugin v22.4 - https:\/\/yoast.com\/wordpress\/plugins\/seo\/ -->\n<title>Qui sommes nous ? - Ecole de Musique, Danse &amp; Th\u00e9\u00e2tre de Guilers<\/title>\n<meta name=\"robots\" content=\"index, follow, max-snippet:-1, max-image-preview:large, max-video-preview:-1\" \/>\n<link rel=\"canonical\" href=\"https:\/\/www.emdg-guilers.org\/index.php\/lassociation\/qui-sommes-nous\/\" \/>\n<meta property=\"og:locale\" content=\"fr_FR\" \/>\n<meta property=\"og:type\" content=\"article\" \/>\n<meta property=\"og:title\" content=\"Qui sommes nous ? - Ecole de Musique, Danse &amp; Th\u00e9\u00e2tre de Guilers\" \/>\n<meta property=\"og:description\" content=\"L\u2019\u00c9cole de Musique et de Danse de Guilers est une \u00e9cole associative, loi 1901 \u00e0 but non lucratif, reconnue d&rsquo;int\u00e9r\u00eat g\u00e9n\u00e9ral \u00e0 caract\u00e8re culturel. L&rsquo;EMDG, c&rsquo;est :&#8211; plus de 350 \u00e9l\u00e8ves (r\u00e9partis entre danse, musique et th\u00e9\u00e2tre)&#8211; Une \u00e9quipe de 24 professionnels&#8211; Des b\u00e9n\u00e9voles qui portent l&rsquo;association&#8211; Plus de 20 instruments enseign\u00e9s&#8211; 3 danses enseign\u00e9es et organis\u00e9es en cursus&#8211; 1 fili\u00e8re th\u00e9\u00e2tre\u00a0&#8211; Plusieurs groupes de musique de diff\u00e9rentes esth\u00e9tiques&#8211; Un parcours d\u00e9couverte instrumentale&#8211; Des activit\u00e9s d&rsquo;\u00e9veil \u00e0 la danse\u00a0d\u00e8s le...Lire la suite Lire la suite\" \/>\n<meta property=\"og:url\" content=\"https:\/\/www.emdg-guilers.org\/index.php\/lassociation\/qui-sommes-nous\/\" \/>\n<meta property=\"og:site_name\" content=\"Ecole de Musique, Danse &amp; Th\u00e9\u00e2tre de Guilers\" \/>\n<meta property=\"article:publisher\" content=\"https:\/\/www.facebook.com\/Ecole-de-Musique-et-de-Danse-de-Guilers-480017765533016\/\" \/>\n<meta property=\"article:modified_time\" content=\"2026-04-15T07:53:32+00:00\" \/>\n<meta property=\"og:image\" content=\"http:\/\/www.emdg-guilers.org\/wp-content\/uploads\/2016\/09\/carrequi.jpg\" \/>\n<meta name=\"twitter:card\" content=\"summary_large_image\" \/>\n<meta name=\"twitter:label1\" content=\"Dur\u00e9e de lecture estim\u00e9e\" \/>\n\t<meta name=\"twitter:data1\" content=\"2 minutes\" \/>\n<script type=\"application\/ld+json\" class=\"yoast-schema-graph\">{\"@context\":\"https:\/\/schema.org\",\"@graph\":[{\"@type\":\"WebPage\",\"@id\":\"https:\/\/www.emdg-guilers.org\/index.php\/lassociation\/qui-sommes-nous\/\",\"url\":\"https:\/\/www.emdg-guilers.org\/index.php\/lassociation\/qui-sommes-nous\/\",\"name\":\"Qui sommes nous ? - Ecole de Musique, Danse &amp; Th\u00e9\u00e2tre de Guilers\",\"isPartOf\":{\"@id\":\"https:\/\/www.emdg-guilers.org\/#website\"},\"primaryImageOfPage\":{\"@id\":\"https:\/\/www.emdg-guilers.org\/index.php\/lassociation\/qui-sommes-nous\/#primaryimage\"},\"image\":{\"@id\":\"https:\/\/www.emdg-guilers.org\/index.php\/lassociation\/qui-sommes-nous\/#primaryimage\"},\"thumbnailUrl\":\"http:\/\/www.emdg-guilers.org\/wp-content\/uploads\/2016\/09\/carrequi.jpg\",\"datePublished\":\"2016-06-29T18:34:45+00:00\",\"dateModified\":\"2026-04-15T07:53:32+00:00\",\"breadcrumb\":{\"@id\":\"https:\/\/www.emdg-guilers.org\/index.php\/lassociation\/qui-sommes-nous\/#breadcrumb\"},\"inLanguage\":\"fr-FR\",\"potentialAction\":[{\"@type\":\"ReadAction\",\"target\":[\"https:\/\/www.emdg-guilers.org\/index.php\/lassociation\/qui-sommes-nous\/\"]}]},{\"@type\":\"ImageObject\",\"inLanguage\":\"fr-FR\",\"@id\":\"https:\/\/www.emdg-guilers.org\/index.php\/lassociation\/qui-sommes-nous\/#primaryimage\",\"url\":\"http:\/\/www.emdg-guilers.org\/wp-content\/uploads\/2016\/09\/carrequi.jpg\",\"contentUrl\":\"http:\/\/www.emdg-guilers.org\/wp-content\/uploads\/2016\/09\/carrequi.jpg\"},{\"@type\":\"BreadcrumbList\",\"@id\":\"https:\/\/www.emdg-guilers.org\/index.php\/lassociation\/qui-sommes-nous\/#breadcrumb\",\"itemListElement\":[{\"@type\":\"ListItem\",\"position\":1,\"name\":\"Accueil\",\"item\":\"https:\/\/www.emdg-guilers.org\/\"},{\"@type\":\"ListItem\",\"position\":2,\"name\":\"L&rsquo;association\",\"item\":\"https:\/\/www.emdg-guilers.org\/index.php\/lassociation\/\"},{\"@type\":\"ListItem\",\"position\":3,\"name\":\"Qui sommes nous ?\"}]},{\"@type\":\"WebSite\",\"@id\":\"https:\/\/www.emdg-guilers.org\/#website\",\"url\":\"https:\/\/www.emdg-guilers.org\/\",\"name\":\"Ecole de Musique et Danse de Guilers\",\"description\":\"Ecole associative, cours de musique, danse, th\u00e9\u00e2tre accessibles \u00e0 tous\",\"publisher\":{\"@id\":\"https:\/\/www.emdg-guilers.org\/#organization\"},\"potentialAction\":[{\"@type\":\"SearchAction\",\"target\":{\"@type\":\"EntryPoint\",\"urlTemplate\":\"https:\/\/www.emdg-guilers.org\/?s={search_term_string}\"},\"query-input\":\"required name=search_term_string\"}],\"inLanguage\":\"fr-FR\"},{\"@type\":\"Organization\",\"@id\":\"https:\/\/www.emdg-guilers.org\/#organization\",\"name\":\"Ecole de Musique et de Danse\",\"url\":\"https:\/\/www.emdg-guilers.org\/\",\"logo\":{\"@type\":\"ImageObject\",\"inLanguage\":\"fr-FR\",\"@id\":\"https:\/\/www.emdg-guilers.org\/#\/schema\/logo\/image\/\",\"url\":\"https:\/\/www.emdg-guilers.org\/wp-content\/uploads\/2016\/06\/logo2014.jpg\",\"contentUrl\":\"https:\/\/www.emdg-guilers.org\/wp-content\/uploads\/2016\/06\/logo2014.jpg\",\"width\":214,\"height\":116,\"caption\":\"Ecole de Musique et de Danse\"},\"image\":{\"@id\":\"https:\/\/www.emdg-guilers.org\/#\/schema\/logo\/image\/\"},\"sameAs\":[\"https:\/\/www.facebook.com\/Ecole-de-Musique-et-de-Danse-de-Guilers-480017765533016\/\"]}]}<\/script>\n<!-- \/ Yoast SEO plugin. -->","yoast_head_json":{"title":"Qui sommes nous ? - Ecole de Musique, Danse &amp; Th\u00e9\u00e2tre de Guilers","robots":{"index":"index","follow":"follow","max-snippet":"max-snippet:-1","max-image-preview":"max-image-preview:large","max-video-preview":"max-video-preview:-1"},"canonical":"https:\/\/www.emdg-guilers.org\/index.php\/lassociation\/qui-sommes-nous\/","og_locale":"fr_FR","og_type":"article","og_title":"Qui sommes nous ? - Ecole de Musique, Danse &amp; Th\u00e9\u00e2tre de Guilers","og_description":"L\u2019\u00c9cole de Musique et de Danse de Guilers est une \u00e9cole associative, loi 1901 \u00e0 but non lucratif, reconnue d&rsquo;int\u00e9r\u00eat g\u00e9n\u00e9ral \u00e0 caract\u00e8re culturel. L&rsquo;EMDG, c&rsquo;est :&#8211; plus de 350 \u00e9l\u00e8ves (r\u00e9partis entre danse, musique et th\u00e9\u00e2tre)&#8211; Une \u00e9quipe de 24 professionnels&#8211; Des b\u00e9n\u00e9voles qui portent l&rsquo;association&#8211; Plus de 20 instruments enseign\u00e9s&#8211; 3 danses enseign\u00e9es et organis\u00e9es en cursus&#8211; 1 fili\u00e8re th\u00e9\u00e2tre\u00a0&#8211; Plusieurs groupes de musique de diff\u00e9rentes esth\u00e9tiques&#8211; Un parcours d\u00e9couverte instrumentale&#8211; Des activit\u00e9s d&rsquo;\u00e9veil \u00e0 la danse\u00a0d\u00e8s le...Lire la suite Lire la suite","og_url":"https:\/\/www.emdg-guilers.org\/index.php\/lassociation\/qui-sommes-nous\/","og_site_name":"Ecole de Musique, Danse &amp; Th\u00e9\u00e2tre de Guilers","article_publisher":"https:\/\/www.facebook.com\/Ecole-de-Musique-et-de-Danse-de-Guilers-480017765533016\/","article_modified_time":"2026-04-15T07:53:32+00:00","og_image":[{"url":"http:\/\/www.emdg-guilers.org\/wp-content\/uploads\/2016\/09\/carrequi.jpg"}],"twitter_card":"summary_large_image","twitter_misc":{"Dur\u00e9e de lecture estim\u00e9e":"2 minutes"},"schema":{"@context":"https:\/\/schema.org","@graph":[{"@type":"WebPage","@id":"https:\/\/www.emdg-guilers.org\/index.php\/lassociation\/qui-sommes-nous\/","url":"https:\/\/www.emdg-guilers.org\/index.php\/lassociation\/qui-sommes-nous\/","name":"Qui sommes nous ? - Ecole de Musique, Danse &amp; Th\u00e9\u00e2tre de Guilers","isPartOf":{"@id":"https:\/\/www.emdg-guilers.org\/#website"},"primaryImageOfPage":{"@id":"https:\/\/www.emdg-guilers.org\/index.php\/lassociation\/qui-sommes-nous\/#primaryimage"},"image":{"@id":"https:\/\/www.emdg-guilers.org\/index.php\/lassociation\/qui-sommes-nous\/#primaryimage"},"thumbnailUrl":"http:\/\/www.emdg-guilers.org\/wp-content\/uploads\/2016\/09\/carrequi.jpg","datePublished":"2016-06-29T18:34:45+00:00","dateModified":"2026-04-15T07:53:32+00:00","breadcrumb":{"@id":"https:\/\/www.emdg-guilers.org\/index.php\/lassociation\/qui-sommes-nous\/#breadcrumb"},"inLanguage":"fr-FR","potentialAction":[{"@type":"ReadAction","target":["https:\/\/www.emdg-guilers.org\/index.php\/lassociation\/qui-sommes-nous\/"]}]},{"@type":"ImageObject","inLanguage":"fr-FR","@id":"https:\/\/www.emdg-guilers.org\/index.php\/lassociation\/qui-sommes-nous\/#primaryimage","url":"http:\/\/www.emdg-guilers.org\/wp-content\/uploads\/2016\/09\/carrequi.jpg","contentUrl":"http:\/\/www.emdg-guilers.org\/wp-content\/uploads\/2016\/09\/carrequi.jpg"},{"@type":"BreadcrumbList","@id":"https:\/\/www.emdg-guilers.org\/index.php\/lassociation\/qui-sommes-nous\/#breadcrumb","itemListElement":[{"@type":"ListItem","position":1,"name":"Accueil","item":"https:\/\/www.emdg-guilers.org\/"},{"@type":"ListItem","position":2,"name":"L&rsquo;association","item":"https:\/\/www.emdg-guilers.org\/index.php\/lassociation\/"},{"@type":"ListItem","position":3,"name":"Qui sommes nous ?"}]},{"@type":"WebSite","@id":"https:\/\/www.emdg-guilers.org\/#website","url":"https:\/\/www.emdg-guilers.org\/","name":"Ecole de Musique et Danse de Guilers","description":"Ecole associative, cours de musique, danse, th\u00e9\u00e2tre accessibles \u00e0 tous","publisher":{"@id":"https:\/\/www.emdg-guilers.org\/#organization"},"potentialAction":[{"@type":"SearchAction","target":{"@type":"EntryPoint","urlTemplate":"https:\/\/www.emdg-guilers.org\/?s={search_term_string}"},"query-input":"required name=search_term_string"}],"inLanguage":"fr-FR"},{"@type":"Organization","@id":"https:\/\/www.emdg-guilers.org\/#organization","name":"Ecole de Musique et de Danse","url":"https:\/\/www.emdg-guilers.org\/","logo":{"@type":"ImageObject","inLanguage":"fr-FR","@id":"https:\/\/www.emdg-guilers.org\/#\/schema\/logo\/image\/","url":"https:\/\/www.emdg-guilers.org\/wp-content\/uploads\/2016\/06\/logo2014.jpg","contentUrl":"https:\/\/www.emdg-guilers.org\/wp-content\/uploads\/2016\/06\/logo2014.jpg","width":214,"height":116,"caption":"Ecole de Musique et de Danse"},"image":{"@id":"https:\/\/www.emdg-guilers.org\/#\/schema\/logo\/image\/"},"sameAs":["https:\/\/www.facebook.com\/Ecole-de-Musique-et-de-Danse-de-Guilers-480017765533016\/"]}]}},"_links":{"self":[{"href":"https:\/\/www.emdg-guilers.org\/index.php\/wp-json\/wp\/v2\/pages\/176"}],"collection":[{"href":"https:\/\/www.emdg-guilers.org\/index.php\/wp-json\/wp\/v2\/pages"}],"about":[{"href":"https:\/\/www.emdg-guilers.org\/index.php\/wp-json\/wp\/v2\/types\/page"}],"author":[{"embeddable":true,"href":"https:\/\/www.emdg-guilers.org\/index.php\/wp-json\/wp\/v2\/users\/3"}],"replies":[{"embeddable":true,"href":"https:\/\/www.emdg-guilers.org\/index.php\/wp-json\/wp\/v2\/comments?post=176"}],"version-history":[{"count":46,"href":"https:\/\/www.emdg-guilers.org\/index.php\/wp-json\/wp\/v2\/pages\/176\/revisions"}],"predecessor-version":[{"id":4824,"href":"https:\/\/www.emdg-guilers.org\/index.php\/wp-json\/wp\/v2\/pages\/176\/revisions\/4824"}],"up":[{"embeddable":true,"href":"https:\/\/www.emdg-guilers.org\/index.php\/wp-json\/wp\/v2\/pages\/12"}],"wp:attachment":[{"href":"https:\/\/www.emdg-guilers.org\/index.php\/wp-json\/wp\/v2\/media?parent=176"}],"curies":[{"name":"wp","href":"https:\/\/api.w.org\/{rel}","templated":true}]}}