{"id":178,"date":"2016-06-29T19:34:58","date_gmt":"2016-06-29T18:34:58","guid":{"rendered":"http:\/\/www.emdg-guilers.org\/?page_id=178"},"modified":"2026-03-09T11:14:24","modified_gmt":"2026-03-09T10:14:24","slug":"les-permanences","status":"publish","type":"page","link":"https:\/\/www.emdg-guilers.org\/index.php\/lassociation\/les-permanences\/","title":{"rendered":"Les permanences"},"content":{"rendered":"<p style=\"text-align: left;\"><img loading=\"lazy\" decoding=\"async\" class=\"alignleft wp-image-419 size-full\" src=\"http:\/\/www.emdg-guilers.org\/wp-content\/uploads\/2016\/09\/carreperm.jpg\" alt=\"carreperm\" width=\"300\" height=\"300\" srcset=\"https:\/\/www.emdg-guilers.org\/wp-content\/uploads\/2016\/09\/carreperm.jpg 300w, https:\/\/www.emdg-guilers.org\/wp-content\/uploads\/2016\/09\/carreperm-150x150.jpg 150w, https:\/\/www.emdg-guilers.org\/wp-content\/uploads\/2016\/09\/carreperm-270x270.jpg 270w\" sizes=\"(max-width: 300px) 100vw, 300px\" \/><\/p>\n<p><span style=\"color: #008080;\"><b>Permanences pendant les p\u00e9riodes scolaires :<\/b><\/span><\/p>\n<p>Lundi : 8h30-12h30<br \/>\nMercredi : 8h30-10h15 <b><\/b><\/p>\n<p><strong>Inscription<\/strong> : En dehors de ces cr\u00e9neaux, vous pouvez d\u00e9poser ch\u00e8ques (jusqu&rsquo;\u00e0 9) + <a href=\"https:\/\/www.emdg-guilers.org\/index.php\/fiches-dinscription-2022-23\/\">fiche d&rsquo;inscription<\/a> \u00a0dans les bo\u00eetes \u00e0 lettres de l&rsquo;EMDG (en face du b\u00e2timent \u00e0 l&rsquo;entr\u00e9e du parking) ou envoi postal \u00e0 EMDG &#8211; 11 rue de Milizac, 29820 Guilers &#8211; Elles sont relev\u00e9es tr\u00e8s r\u00e9guli\u00e8rement. Merci de ne pas envoyer de courrier en recommand\u00e9 pour les inscriptions. Pendant l&rsquo;\u00e9t\u00e9, d\u00e9p\u00f4t de dossiers possibles dans les bo\u00eetes, pas de permanences.<\/p>\n<p>Nous contacter : <strong>emdg29@gmail.com<\/strong><\/p>\n","protected":false},"excerpt":{"rendered":"<p>Permanences pendant les p\u00e9riodes scolaires : Lundi : 8h30-12h30 Mercredi : 8h30-10h15 Inscription : En dehors de ces cr\u00e9neaux, vous pouvez d\u00e9poser ch\u00e8ques (jusqu&rsquo;\u00e0 9) + fiche d&rsquo;inscription \u00a0dans les bo\u00eetes \u00e0 lettres de l&rsquo;EMDG (en face du b\u00e2timent \u00e0 l&rsquo;entr\u00e9e du parking) ou envoi postal \u00e0 EMDG &#8211; 11 rue de Milizac, 29820 Guilers &#8211; Elles sont relev\u00e9es tr\u00e8s r\u00e9guli\u00e8rement. Merci de ne pas envoyer de courrier en recommand\u00e9 pour les inscriptions. Pendant l&rsquo;\u00e9t\u00e9, d\u00e9p\u00f4t de dossiers possibles dans&#8230;<\/p>\n<p class=\"read-more\"><a class=\"btn btn-default\" href=\"https:\/\/www.emdg-guilers.org\/index.php\/lassociation\/les-permanences\/\">Lire la suite<span class=\"screen-reader-text\"> Lire la suite<\/span><\/a><\/p>\n","protected":false},"author":3,"featured_media":0,"parent":12,"menu_order":0,"comment_status":"closed","ping_status":"closed","template":"","meta":{"footnotes":""},"yoast_head":"<!-- This site is optimized with the Yoast SEO plugin v22.4 - https:\/\/yoast.com\/wordpress\/plugins\/seo\/ -->\n<title>Les permanences - Ecole de Musique, Danse &amp; Th\u00e9\u00e2tre de Guilers<\/title>\n<meta name=\"robots\" content=\"index, follow, max-snippet:-1, max-image-preview:large, max-video-preview:-1\" \/>\n<link rel=\"canonical\" href=\"https:\/\/www.emdg-guilers.org\/index.php\/lassociation\/les-permanences\/\" \/>\n<meta property=\"og:locale\" content=\"fr_FR\" \/>\n<meta property=\"og:type\" content=\"article\" \/>\n<meta property=\"og:title\" content=\"Les permanences - Ecole de Musique, Danse &amp; Th\u00e9\u00e2tre de Guilers\" \/>\n<meta property=\"og:description\" content=\"Permanences pendant les p\u00e9riodes scolaires : Lundi : 8h30-12h30 Mercredi : 8h30-10h15 Inscription : En dehors de ces cr\u00e9neaux, vous pouvez d\u00e9poser ch\u00e8ques (jusqu&rsquo;\u00e0 9) + fiche d&rsquo;inscription \u00a0dans les bo\u00eetes \u00e0 lettres de l&rsquo;EMDG (en face du b\u00e2timent \u00e0 l&rsquo;entr\u00e9e du parking) ou envoi postal \u00e0 EMDG &#8211; 11 rue de Milizac, 29820 Guilers &#8211; Elles sont relev\u00e9es tr\u00e8s r\u00e9guli\u00e8rement. Merci de ne pas envoyer de courrier en recommand\u00e9 pour les inscriptions. Pendant l&rsquo;\u00e9t\u00e9, d\u00e9p\u00f4t de dossiers possibles dans...Lire la suite Lire la suite\" \/>\n<meta property=\"og:url\" content=\"https:\/\/www.emdg-guilers.org\/index.php\/lassociation\/les-permanences\/\" \/>\n<meta property=\"og:site_name\" content=\"Ecole de Musique, Danse &amp; Th\u00e9\u00e2tre de Guilers\" \/>\n<meta property=\"article:publisher\" content=\"https:\/\/www.facebook.com\/Ecole-de-Musique-et-de-Danse-de-Guilers-480017765533016\/\" \/>\n<meta property=\"article:modified_time\" content=\"2026-03-09T10:14:24+00:00\" \/>\n<meta property=\"og:image\" content=\"http:\/\/www.emdg-guilers.org\/wp-content\/uploads\/2016\/09\/carreperm.jpg\" \/>\n<meta name=\"twitter:card\" content=\"summary_large_image\" \/>\n<meta name=\"twitter:label1\" content=\"Dur\u00e9e de lecture estim\u00e9e\" \/>\n\t<meta name=\"twitter:data1\" content=\"1 minute\" \/>\n<script type=\"application\/ld+json\" class=\"yoast-schema-graph\">{\"@context\":\"https:\/\/schema.org\",\"@graph\":[{\"@type\":\"WebPage\",\"@id\":\"https:\/\/www.emdg-guilers.org\/index.php\/lassociation\/les-permanences\/\",\"url\":\"https:\/\/www.emdg-guilers.org\/index.php\/lassociation\/les-permanences\/\",\"name\":\"Les permanences - Ecole de Musique, Danse &amp; Th\u00e9\u00e2tre de Guilers\",\"isPartOf\":{\"@id\":\"https:\/\/www.emdg-guilers.org\/#website\"},\"primaryImageOfPage\":{\"@id\":\"https:\/\/www.emdg-guilers.org\/index.php\/lassociation\/les-permanences\/#primaryimage\"},\"image\":{\"@id\":\"https:\/\/www.emdg-guilers.org\/index.php\/lassociation\/les-permanences\/#primaryimage\"},\"thumbnailUrl\":\"http:\/\/www.emdg-guilers.org\/wp-content\/uploads\/2016\/09\/carreperm.jpg\",\"datePublished\":\"2016-06-29T18:34:58+00:00\",\"dateModified\":\"2026-03-09T10:14:24+00:00\",\"breadcrumb\":{\"@id\":\"https:\/\/www.emdg-guilers.org\/index.php\/lassociation\/les-permanences\/#breadcrumb\"},\"inLanguage\":\"fr-FR\",\"potentialAction\":[{\"@type\":\"ReadAction\",\"target\":[\"https:\/\/www.emdg-guilers.org\/index.php\/lassociation\/les-permanences\/\"]}]},{\"@type\":\"ImageObject\",\"inLanguage\":\"fr-FR\",\"@id\":\"https:\/\/www.emdg-guilers.org\/index.php\/lassociation\/les-permanences\/#primaryimage\",\"url\":\"http:\/\/www.emdg-guilers.org\/wp-content\/uploads\/2016\/09\/carreperm.jpg\",\"contentUrl\":\"http:\/\/www.emdg-guilers.org\/wp-content\/uploads\/2016\/09\/carreperm.jpg\"},{\"@type\":\"BreadcrumbList\",\"@id\":\"https:\/\/www.emdg-guilers.org\/index.php\/lassociation\/les-permanences\/#breadcrumb\",\"itemListElement\":[{\"@type\":\"ListItem\",\"position\":1,\"name\":\"Accueil\",\"item\":\"https:\/\/www.emdg-guilers.org\/\"},{\"@type\":\"ListItem\",\"position\":2,\"name\":\"L&rsquo;association\",\"item\":\"https:\/\/www.emdg-guilers.org\/index.php\/lassociation\/\"},{\"@type\":\"ListItem\",\"position\":3,\"name\":\"Les permanences\"}]},{\"@type\":\"WebSite\",\"@id\":\"https:\/\/www.emdg-guilers.org\/#website\",\"url\":\"https:\/\/www.emdg-guilers.org\/\",\"name\":\"Ecole de Musique et Danse de Guilers\",\"description\":\"Ecole associative, cours de musique, danse, th\u00e9\u00e2tre accessibles \u00e0 tous\",\"publisher\":{\"@id\":\"https:\/\/www.emdg-guilers.org\/#organization\"},\"potentialAction\":[{\"@type\":\"SearchAction\",\"target\":{\"@type\":\"EntryPoint\",\"urlTemplate\":\"https:\/\/www.emdg-guilers.org\/?s={search_term_string}\"},\"query-input\":\"required name=search_term_string\"}],\"inLanguage\":\"fr-FR\"},{\"@type\":\"Organization\",\"@id\":\"https:\/\/www.emdg-guilers.org\/#organization\",\"name\":\"Ecole de Musique et de Danse\",\"url\":\"https:\/\/www.emdg-guilers.org\/\",\"logo\":{\"@type\":\"ImageObject\",\"inLanguage\":\"fr-FR\",\"@id\":\"https:\/\/www.emdg-guilers.org\/#\/schema\/logo\/image\/\",\"url\":\"https:\/\/www.emdg-guilers.org\/wp-content\/uploads\/2016\/06\/logo2014.jpg\",\"contentUrl\":\"https:\/\/www.emdg-guilers.org\/wp-content\/uploads\/2016\/06\/logo2014.jpg\",\"width\":214,\"height\":116,\"caption\":\"Ecole de Musique et de Danse\"},\"image\":{\"@id\":\"https:\/\/www.emdg-guilers.org\/#\/schema\/logo\/image\/\"},\"sameAs\":[\"https:\/\/www.facebook.com\/Ecole-de-Musique-et-de-Danse-de-Guilers-480017765533016\/\"]}]}<\/script>\n<!-- \/ Yoast SEO plugin. -->","yoast_head_json":{"title":"Les permanences - Ecole de Musique, Danse &amp; Th\u00e9\u00e2tre de Guilers","robots":{"index":"index","follow":"follow","max-snippet":"max-snippet:-1","max-image-preview":"max-image-preview:large","max-video-preview":"max-video-preview:-1"},"canonical":"https:\/\/www.emdg-guilers.org\/index.php\/lassociation\/les-permanences\/","og_locale":"fr_FR","og_type":"article","og_title":"Les permanences - Ecole de Musique, Danse &amp; Th\u00e9\u00e2tre de Guilers","og_description":"Permanences pendant les p\u00e9riodes scolaires : Lundi : 8h30-12h30 Mercredi : 8h30-10h15 Inscription : En dehors de ces cr\u00e9neaux, vous pouvez d\u00e9poser ch\u00e8ques (jusqu&rsquo;\u00e0 9) + fiche d&rsquo;inscription \u00a0dans les bo\u00eetes \u00e0 lettres de l&rsquo;EMDG (en face du b\u00e2timent \u00e0 l&rsquo;entr\u00e9e du parking) ou envoi postal \u00e0 EMDG &#8211; 11 rue de Milizac, 29820 Guilers &#8211; Elles sont relev\u00e9es tr\u00e8s r\u00e9guli\u00e8rement. Merci de ne pas envoyer de courrier en recommand\u00e9 pour les inscriptions. Pendant l&rsquo;\u00e9t\u00e9, d\u00e9p\u00f4t de dossiers possibles dans...Lire la suite Lire la suite","og_url":"https:\/\/www.emdg-guilers.org\/index.php\/lassociation\/les-permanences\/","og_site_name":"Ecole de Musique, Danse &amp; Th\u00e9\u00e2tre de Guilers","article_publisher":"https:\/\/www.facebook.com\/Ecole-de-Musique-et-de-Danse-de-Guilers-480017765533016\/","article_modified_time":"2026-03-09T10:14:24+00:00","og_image":[{"url":"http:\/\/www.emdg-guilers.org\/wp-content\/uploads\/2016\/09\/carreperm.jpg"}],"twitter_card":"summary_large_image","twitter_misc":{"Dur\u00e9e de lecture estim\u00e9e":"1 minute"},"schema":{"@context":"https:\/\/schema.org","@graph":[{"@type":"WebPage","@id":"https:\/\/www.emdg-guilers.org\/index.php\/lassociation\/les-permanences\/","url":"https:\/\/www.emdg-guilers.org\/index.php\/lassociation\/les-permanences\/","name":"Les permanences - Ecole de Musique, Danse &amp; Th\u00e9\u00e2tre de Guilers","isPartOf":{"@id":"https:\/\/www.emdg-guilers.org\/#website"},"primaryImageOfPage":{"@id":"https:\/\/www.emdg-guilers.org\/index.php\/lassociation\/les-permanences\/#primaryimage"},"image":{"@id":"https:\/\/www.emdg-guilers.org\/index.php\/lassociation\/les-permanences\/#primaryimage"},"thumbnailUrl":"http:\/\/www.emdg-guilers.org\/wp-content\/uploads\/2016\/09\/carreperm.jpg","datePublished":"2016-06-29T18:34:58+00:00","dateModified":"2026-03-09T10:14:24+00:00","breadcrumb":{"@id":"https:\/\/www.emdg-guilers.org\/index.php\/lassociation\/les-permanences\/#breadcrumb"},"inLanguage":"fr-FR","potentialAction":[{"@type":"ReadAction","target":["https:\/\/www.emdg-guilers.org\/index.php\/lassociation\/les-permanences\/"]}]},{"@type":"ImageObject","inLanguage":"fr-FR","@id":"https:\/\/www.emdg-guilers.org\/index.php\/lassociation\/les-permanences\/#primaryimage","url":"http:\/\/www.emdg-guilers.org\/wp-content\/uploads\/2016\/09\/carreperm.jpg","contentUrl":"http:\/\/www.emdg-guilers.org\/wp-content\/uploads\/2016\/09\/carreperm.jpg"},{"@type":"BreadcrumbList","@id":"https:\/\/www.emdg-guilers.org\/index.php\/lassociation\/les-permanences\/#breadcrumb","itemListElement":[{"@type":"ListItem","position":1,"name":"Accueil","item":"https:\/\/www.emdg-guilers.org\/"},{"@type":"ListItem","position":2,"name":"L&rsquo;association","item":"https:\/\/www.emdg-guilers.org\/index.php\/lassociation\/"},{"@type":"ListItem","position":3,"name":"Les permanences"}]},{"@type":"WebSite","@id":"https:\/\/www.emdg-guilers.org\/#website","url":"https:\/\/www.emdg-guilers.org\/","name":"Ecole de Musique et Danse de Guilers","description":"Ecole associative, cours de musique, danse, th\u00e9\u00e2tre accessibles \u00e0 tous","publisher":{"@id":"https:\/\/www.emdg-guilers.org\/#organization"},"potentialAction":[{"@type":"SearchAction","target":{"@type":"EntryPoint","urlTemplate":"https:\/\/www.emdg-guilers.org\/?s={search_term_string}"},"query-input":"required name=search_term_string"}],"inLanguage":"fr-FR"},{"@type":"Organization","@id":"https:\/\/www.emdg-guilers.org\/#organization","name":"Ecole de Musique et de Danse","url":"https:\/\/www.emdg-guilers.org\/","logo":{"@type":"ImageObject","inLanguage":"fr-FR","@id":"https:\/\/www.emdg-guilers.org\/#\/schema\/logo\/image\/","url":"https:\/\/www.emdg-guilers.org\/wp-content\/uploads\/2016\/06\/logo2014.jpg","contentUrl":"https:\/\/www.emdg-guilers.org\/wp-content\/uploads\/2016\/06\/logo2014.jpg","width":214,"height":116,"caption":"Ecole de Musique et de Danse"},"image":{"@id":"https:\/\/www.emdg-guilers.org\/#\/schema\/logo\/image\/"},"sameAs":["https:\/\/www.facebook.com\/Ecole-de-Musique-et-de-Danse-de-Guilers-480017765533016\/"]}]}},"_links":{"self":[{"href":"https:\/\/www.emdg-guilers.org\/index.php\/wp-json\/wp\/v2\/pages\/178"}],"collection":[{"href":"https:\/\/www.emdg-guilers.org\/index.php\/wp-json\/wp\/v2\/pages"}],"about":[{"href":"https:\/\/www.emdg-guilers.org\/index.php\/wp-json\/wp\/v2\/types\/page"}],"author":[{"embeddable":true,"href":"https:\/\/www.emdg-guilers.org\/index.php\/wp-json\/wp\/v2\/users\/3"}],"replies":[{"embeddable":true,"href":"https:\/\/www.emdg-guilers.org\/index.php\/wp-json\/wp\/v2\/comments?post=178"}],"version-history":[{"count":77,"href":"https:\/\/www.emdg-guilers.org\/index.php\/wp-json\/wp\/v2\/pages\/178\/revisions"}],"predecessor-version":[{"id":4794,"href":"https:\/\/www.emdg-guilers.org\/index.php\/wp-json\/wp\/v2\/pages\/178\/revisions\/4794"}],"up":[{"embeddable":true,"href":"https:\/\/www.emdg-guilers.org\/index.php\/wp-json\/wp\/v2\/pages\/12"}],"wp:attachment":[{"href":"https:\/\/www.emdg-guilers.org\/index.php\/wp-json\/wp\/v2\/media?parent=178"}],"curies":[{"name":"wp","href":"https:\/\/api.w.org\/{rel}","templated":true}]}}