{"id":180,"date":"2016-06-29T19:35:09","date_gmt":"2016-06-29T18:35:09","guid":{"rendered":"http:\/\/www.emdg-guilers.org\/?page_id=180"},"modified":"2023-04-26T16:06:08","modified_gmt":"2023-04-26T14:06:08","slug":"comment-adherer","status":"publish","type":"page","link":"https:\/\/www.emdg-guilers.org\/index.php\/lassociation\/comment-adherer\/","title":{"rendered":"Inscriptions \/ r\u00e9-inscriptions"},"content":{"rendered":"<p><img loading=\"lazy\" decoding=\"async\" class=\"size-full wp-image-397 alignleft\" src=\"http:\/\/www.emdg-guilers.org\/wp-content\/uploads\/2016\/09\/carreinscrire.jpg\" alt=\"carreinscrire\" width=\"300\" height=\"300\" srcset=\"https:\/\/www.emdg-guilers.org\/wp-content\/uploads\/2016\/09\/carreinscrire.jpg 300w, https:\/\/www.emdg-guilers.org\/wp-content\/uploads\/2016\/09\/carreinscrire-150x150.jpg 150w, https:\/\/www.emdg-guilers.org\/wp-content\/uploads\/2016\/09\/carreinscrire-270x270.jpg 270w\" sizes=\"(max-width: 300px) 100vw, 300px\" \/><\/p>\n<h3><strong>Les inscriptions pour l&rsquo;ann\u00e9e 2023-24 :<\/strong><\/h3>\n<table>\n<tbody>\n<tr>\n<td width=\"614\"><\/td>\n<\/tr>\n<tr>\n<td width=\"614\"><strong>Comment proc\u00e9der?<\/strong>R\u00e9inscriptions : du 9 au 28 mai 2023 (uniquement pour les anciens \u00e9l\u00e8ves)<\/p>\n<p><a href=\"https:\/\/www.emdg-guilers.org\/wp-content\/uploads\/2023\/04\/PROCEDURE-DE-REINSCRIPTION-2.pdf\">PROCEDURE DE REINSCRIPTION<\/a><\/p>\n<p>Consultez les tarifs, horaires, diff\u00e9rents cours sur ce site.<\/p>\n<p>Joindre le r\u00e8glement correspondant, le certificat m\u00e9dical (pour les danseurs) et d\u00e9posez-le nous au secr\u00e9tariat ou dans la bo\u00eete \u00e0 lettres de l&rsquo;EMDG (ou envoi postal \u00e0 EMDG \u2013 11 rue de Milizac 29820 Guilers)<\/p>\n<p>Matin\u00e9e de r\u00e9inscription le <strong>samedi 13 mai de 10h \u00e0 13h<\/strong> \u00e0 l&rsquo;EMDG.<\/td>\n<\/tr>\n<\/tbody>\n<\/table>\n","protected":false},"excerpt":{"rendered":"<p>Les inscriptions pour l&rsquo;ann\u00e9e 2023-24 : Comment proc\u00e9der?R\u00e9inscriptions : du 9 au 28 mai 2023 (uniquement pour les anciens \u00e9l\u00e8ves) PROCEDURE DE REINSCRIPTION Consultez les tarifs, horaires, diff\u00e9rents cours sur ce site. Joindre le r\u00e8glement correspondant, le certificat m\u00e9dical (pour les danseurs) et d\u00e9posez-le nous au secr\u00e9tariat ou dans la bo\u00eete \u00e0 lettres de l&rsquo;EMDG (ou envoi postal \u00e0 EMDG \u2013 11 rue de Milizac 29820 Guilers) Matin\u00e9e de r\u00e9inscription le samedi 13 mai de 10h \u00e0 13h \u00e0 l&rsquo;EMDG.<\/p>\n","protected":false},"author":3,"featured_media":0,"parent":12,"menu_order":0,"comment_status":"closed","ping_status":"closed","template":"","meta":{"footnotes":""},"yoast_head":"<!-- This site is optimized with the Yoast SEO plugin v22.4 - https:\/\/yoast.com\/wordpress\/plugins\/seo\/ -->\n<title>Inscriptions \/ r\u00e9-inscriptions - Ecole de Musique, Danse &amp; Th\u00e9\u00e2tre de Guilers<\/title>\n<meta name=\"robots\" content=\"index, follow, max-snippet:-1, max-image-preview:large, max-video-preview:-1\" \/>\n<link rel=\"canonical\" href=\"https:\/\/www.emdg-guilers.org\/index.php\/lassociation\/comment-adherer\/\" \/>\n<meta property=\"og:locale\" content=\"fr_FR\" \/>\n<meta property=\"og:type\" content=\"article\" \/>\n<meta property=\"og:title\" content=\"Inscriptions \/ r\u00e9-inscriptions - Ecole de Musique, Danse &amp; Th\u00e9\u00e2tre de Guilers\" \/>\n<meta property=\"og:description\" content=\"Les inscriptions pour l&rsquo;ann\u00e9e 2023-24 : Comment proc\u00e9der?R\u00e9inscriptions : du 9 au 28 mai 2023 (uniquement pour les anciens \u00e9l\u00e8ves) PROCEDURE DE REINSCRIPTION Consultez les tarifs, horaires, diff\u00e9rents cours sur ce site. Joindre le r\u00e8glement correspondant, le certificat m\u00e9dical (pour les danseurs) et d\u00e9posez-le nous au secr\u00e9tariat ou dans la bo\u00eete \u00e0 lettres de l&rsquo;EMDG (ou envoi postal \u00e0 EMDG \u2013 11 rue de Milizac 29820 Guilers) Matin\u00e9e de r\u00e9inscription le samedi 13 mai de 10h \u00e0 13h \u00e0 l&rsquo;EMDG.\" \/>\n<meta property=\"og:url\" content=\"https:\/\/www.emdg-guilers.org\/index.php\/lassociation\/comment-adherer\/\" \/>\n<meta property=\"og:site_name\" content=\"Ecole de Musique, Danse &amp; Th\u00e9\u00e2tre de Guilers\" \/>\n<meta property=\"article:publisher\" content=\"https:\/\/www.facebook.com\/Ecole-de-Musique-et-de-Danse-de-Guilers-480017765533016\/\" \/>\n<meta property=\"article:modified_time\" content=\"2023-04-26T14:06:08+00:00\" \/>\n<meta property=\"og:image\" content=\"http:\/\/www.emdg-guilers.org\/wp-content\/uploads\/2016\/09\/carreinscrire.jpg\" \/>\n<meta name=\"twitter:card\" content=\"summary_large_image\" \/>\n<meta name=\"twitter:label1\" content=\"Dur\u00e9e de lecture estim\u00e9e\" \/>\n\t<meta name=\"twitter:data1\" content=\"1 minute\" \/>\n<script type=\"application\/ld+json\" class=\"yoast-schema-graph\">{\"@context\":\"https:\/\/schema.org\",\"@graph\":[{\"@type\":\"WebPage\",\"@id\":\"https:\/\/www.emdg-guilers.org\/index.php\/lassociation\/comment-adherer\/\",\"url\":\"https:\/\/www.emdg-guilers.org\/index.php\/lassociation\/comment-adherer\/\",\"name\":\"Inscriptions \/ r\u00e9-inscriptions - Ecole de Musique, Danse &amp; Th\u00e9\u00e2tre de Guilers\",\"isPartOf\":{\"@id\":\"https:\/\/www.emdg-guilers.org\/#website\"},\"primaryImageOfPage\":{\"@id\":\"https:\/\/www.emdg-guilers.org\/index.php\/lassociation\/comment-adherer\/#primaryimage\"},\"image\":{\"@id\":\"https:\/\/www.emdg-guilers.org\/index.php\/lassociation\/comment-adherer\/#primaryimage\"},\"thumbnailUrl\":\"http:\/\/www.emdg-guilers.org\/wp-content\/uploads\/2016\/09\/carreinscrire.jpg\",\"datePublished\":\"2016-06-29T18:35:09+00:00\",\"dateModified\":\"2023-04-26T14:06:08+00:00\",\"breadcrumb\":{\"@id\":\"https:\/\/www.emdg-guilers.org\/index.php\/lassociation\/comment-adherer\/#breadcrumb\"},\"inLanguage\":\"fr-FR\",\"potentialAction\":[{\"@type\":\"ReadAction\",\"target\":[\"https:\/\/www.emdg-guilers.org\/index.php\/lassociation\/comment-adherer\/\"]}]},{\"@type\":\"ImageObject\",\"inLanguage\":\"fr-FR\",\"@id\":\"https:\/\/www.emdg-guilers.org\/index.php\/lassociation\/comment-adherer\/#primaryimage\",\"url\":\"http:\/\/www.emdg-guilers.org\/wp-content\/uploads\/2016\/09\/carreinscrire.jpg\",\"contentUrl\":\"http:\/\/www.emdg-guilers.org\/wp-content\/uploads\/2016\/09\/carreinscrire.jpg\"},{\"@type\":\"BreadcrumbList\",\"@id\":\"https:\/\/www.emdg-guilers.org\/index.php\/lassociation\/comment-adherer\/#breadcrumb\",\"itemListElement\":[{\"@type\":\"ListItem\",\"position\":1,\"name\":\"Accueil\",\"item\":\"https:\/\/www.emdg-guilers.org\/\"},{\"@type\":\"ListItem\",\"position\":2,\"name\":\"L&rsquo;association\",\"item\":\"https:\/\/www.emdg-guilers.org\/index.php\/lassociation\/\"},{\"@type\":\"ListItem\",\"position\":3,\"name\":\"Inscriptions \/ r\u00e9-inscriptions\"}]},{\"@type\":\"WebSite\",\"@id\":\"https:\/\/www.emdg-guilers.org\/#website\",\"url\":\"https:\/\/www.emdg-guilers.org\/\",\"name\":\"Ecole de Musique et Danse de Guilers\",\"description\":\"Ecole associative, cours de musique, danse, th\u00e9\u00e2tre accessibles \u00e0 tous\",\"publisher\":{\"@id\":\"https:\/\/www.emdg-guilers.org\/#organization\"},\"potentialAction\":[{\"@type\":\"SearchAction\",\"target\":{\"@type\":\"EntryPoint\",\"urlTemplate\":\"https:\/\/www.emdg-guilers.org\/?s={search_term_string}\"},\"query-input\":\"required name=search_term_string\"}],\"inLanguage\":\"fr-FR\"},{\"@type\":\"Organization\",\"@id\":\"https:\/\/www.emdg-guilers.org\/#organization\",\"name\":\"Ecole de Musique et de Danse\",\"url\":\"https:\/\/www.emdg-guilers.org\/\",\"logo\":{\"@type\":\"ImageObject\",\"inLanguage\":\"fr-FR\",\"@id\":\"https:\/\/www.emdg-guilers.org\/#\/schema\/logo\/image\/\",\"url\":\"https:\/\/www.emdg-guilers.org\/wp-content\/uploads\/2016\/06\/logo2014.jpg\",\"contentUrl\":\"https:\/\/www.emdg-guilers.org\/wp-content\/uploads\/2016\/06\/logo2014.jpg\",\"width\":214,\"height\":116,\"caption\":\"Ecole de Musique et de Danse\"},\"image\":{\"@id\":\"https:\/\/www.emdg-guilers.org\/#\/schema\/logo\/image\/\"},\"sameAs\":[\"https:\/\/www.facebook.com\/Ecole-de-Musique-et-de-Danse-de-Guilers-480017765533016\/\"]}]}<\/script>\n<!-- \/ Yoast SEO plugin. -->","yoast_head_json":{"title":"Inscriptions \/ r\u00e9-inscriptions - Ecole de Musique, Danse &amp; Th\u00e9\u00e2tre de Guilers","robots":{"index":"index","follow":"follow","max-snippet":"max-snippet:-1","max-image-preview":"max-image-preview:large","max-video-preview":"max-video-preview:-1"},"canonical":"https:\/\/www.emdg-guilers.org\/index.php\/lassociation\/comment-adherer\/","og_locale":"fr_FR","og_type":"article","og_title":"Inscriptions \/ r\u00e9-inscriptions - Ecole de Musique, Danse &amp; Th\u00e9\u00e2tre de Guilers","og_description":"Les inscriptions pour l&rsquo;ann\u00e9e 2023-24 : Comment proc\u00e9der?R\u00e9inscriptions : du 9 au 28 mai 2023 (uniquement pour les anciens \u00e9l\u00e8ves) PROCEDURE DE REINSCRIPTION Consultez les tarifs, horaires, diff\u00e9rents cours sur ce site. Joindre le r\u00e8glement correspondant, le certificat m\u00e9dical (pour les danseurs) et d\u00e9posez-le nous au secr\u00e9tariat ou dans la bo\u00eete \u00e0 lettres de l&rsquo;EMDG (ou envoi postal \u00e0 EMDG \u2013 11 rue de Milizac 29820 Guilers) Matin\u00e9e de r\u00e9inscription le samedi 13 mai de 10h \u00e0 13h \u00e0 l&rsquo;EMDG.","og_url":"https:\/\/www.emdg-guilers.org\/index.php\/lassociation\/comment-adherer\/","og_site_name":"Ecole de Musique, Danse &amp; Th\u00e9\u00e2tre de Guilers","article_publisher":"https:\/\/www.facebook.com\/Ecole-de-Musique-et-de-Danse-de-Guilers-480017765533016\/","article_modified_time":"2023-04-26T14:06:08+00:00","og_image":[{"url":"http:\/\/www.emdg-guilers.org\/wp-content\/uploads\/2016\/09\/carreinscrire.jpg"}],"twitter_card":"summary_large_image","twitter_misc":{"Dur\u00e9e de lecture estim\u00e9e":"1 minute"},"schema":{"@context":"https:\/\/schema.org","@graph":[{"@type":"WebPage","@id":"https:\/\/www.emdg-guilers.org\/index.php\/lassociation\/comment-adherer\/","url":"https:\/\/www.emdg-guilers.org\/index.php\/lassociation\/comment-adherer\/","name":"Inscriptions \/ r\u00e9-inscriptions - Ecole de Musique, Danse &amp; Th\u00e9\u00e2tre de Guilers","isPartOf":{"@id":"https:\/\/www.emdg-guilers.org\/#website"},"primaryImageOfPage":{"@id":"https:\/\/www.emdg-guilers.org\/index.php\/lassociation\/comment-adherer\/#primaryimage"},"image":{"@id":"https:\/\/www.emdg-guilers.org\/index.php\/lassociation\/comment-adherer\/#primaryimage"},"thumbnailUrl":"http:\/\/www.emdg-guilers.org\/wp-content\/uploads\/2016\/09\/carreinscrire.jpg","datePublished":"2016-06-29T18:35:09+00:00","dateModified":"2023-04-26T14:06:08+00:00","breadcrumb":{"@id":"https:\/\/www.emdg-guilers.org\/index.php\/lassociation\/comment-adherer\/#breadcrumb"},"inLanguage":"fr-FR","potentialAction":[{"@type":"ReadAction","target":["https:\/\/www.emdg-guilers.org\/index.php\/lassociation\/comment-adherer\/"]}]},{"@type":"ImageObject","inLanguage":"fr-FR","@id":"https:\/\/www.emdg-guilers.org\/index.php\/lassociation\/comment-adherer\/#primaryimage","url":"http:\/\/www.emdg-guilers.org\/wp-content\/uploads\/2016\/09\/carreinscrire.jpg","contentUrl":"http:\/\/www.emdg-guilers.org\/wp-content\/uploads\/2016\/09\/carreinscrire.jpg"},{"@type":"BreadcrumbList","@id":"https:\/\/www.emdg-guilers.org\/index.php\/lassociation\/comment-adherer\/#breadcrumb","itemListElement":[{"@type":"ListItem","position":1,"name":"Accueil","item":"https:\/\/www.emdg-guilers.org\/"},{"@type":"ListItem","position":2,"name":"L&rsquo;association","item":"https:\/\/www.emdg-guilers.org\/index.php\/lassociation\/"},{"@type":"ListItem","position":3,"name":"Inscriptions \/ r\u00e9-inscriptions"}]},{"@type":"WebSite","@id":"https:\/\/www.emdg-guilers.org\/#website","url":"https:\/\/www.emdg-guilers.org\/","name":"Ecole de Musique et Danse de Guilers","description":"Ecole associative, cours de musique, danse, th\u00e9\u00e2tre accessibles \u00e0 tous","publisher":{"@id":"https:\/\/www.emdg-guilers.org\/#organization"},"potentialAction":[{"@type":"SearchAction","target":{"@type":"EntryPoint","urlTemplate":"https:\/\/www.emdg-guilers.org\/?s={search_term_string}"},"query-input":"required name=search_term_string"}],"inLanguage":"fr-FR"},{"@type":"Organization","@id":"https:\/\/www.emdg-guilers.org\/#organization","name":"Ecole de Musique et de Danse","url":"https:\/\/www.emdg-guilers.org\/","logo":{"@type":"ImageObject","inLanguage":"fr-FR","@id":"https:\/\/www.emdg-guilers.org\/#\/schema\/logo\/image\/","url":"https:\/\/www.emdg-guilers.org\/wp-content\/uploads\/2016\/06\/logo2014.jpg","contentUrl":"https:\/\/www.emdg-guilers.org\/wp-content\/uploads\/2016\/06\/logo2014.jpg","width":214,"height":116,"caption":"Ecole de Musique et de Danse"},"image":{"@id":"https:\/\/www.emdg-guilers.org\/#\/schema\/logo\/image\/"},"sameAs":["https:\/\/www.facebook.com\/Ecole-de-Musique-et-de-Danse-de-Guilers-480017765533016\/"]}]}},"_links":{"self":[{"href":"https:\/\/www.emdg-guilers.org\/index.php\/wp-json\/wp\/v2\/pages\/180"}],"collection":[{"href":"https:\/\/www.emdg-guilers.org\/index.php\/wp-json\/wp\/v2\/pages"}],"about":[{"href":"https:\/\/www.emdg-guilers.org\/index.php\/wp-json\/wp\/v2\/types\/page"}],"author":[{"embeddable":true,"href":"https:\/\/www.emdg-guilers.org\/index.php\/wp-json\/wp\/v2\/users\/3"}],"replies":[{"embeddable":true,"href":"https:\/\/www.emdg-guilers.org\/index.php\/wp-json\/wp\/v2\/comments?post=180"}],"version-history":[{"count":46,"href":"https:\/\/www.emdg-guilers.org\/index.php\/wp-json\/wp\/v2\/pages\/180\/revisions"}],"predecessor-version":[{"id":3560,"href":"https:\/\/www.emdg-guilers.org\/index.php\/wp-json\/wp\/v2\/pages\/180\/revisions\/3560"}],"up":[{"embeddable":true,"href":"https:\/\/www.emdg-guilers.org\/index.php\/wp-json\/wp\/v2\/pages\/12"}],"wp:attachment":[{"href":"https:\/\/www.emdg-guilers.org\/index.php\/wp-json\/wp\/v2\/media?parent=180"}],"curies":[{"name":"wp","href":"https:\/\/api.w.org\/{rel}","templated":true}]}}