{"id":2403,"date":"2021-05-11T13:31:55","date_gmt":"2021-05-11T11:31:55","guid":{"rendered":"https:\/\/www.emdg-guilers.org\/?page_id=2403"},"modified":"2025-07-08T10:34:24","modified_gmt":"2025-07-08T08:34:24","slug":"ensemble-de-percussions-digitales-enfants-ados","status":"publish","type":"page","link":"https:\/\/www.emdg-guilers.org\/index.php\/ensemble-de-percussions-digitales-enfants-ados\/","title":{"rendered":"Percus digitales enfants ados"},"content":{"rendered":"\n<div class=\"wp-block-buttons is-layout-flex wp-block-buttons-is-layout-flex\">\n<div class=\"wp-block-button\"><a class=\"wp-block-button__link wp-element-button\">Enfants (9 ans et plus) et ados<\/a><\/div>\n<\/div>\n\n\n\n<p>Il existe 2 groupes de percussions digitales (cajon, bongo, congas, djemb\u00e9s, percussions l\u00e9g\u00e8res) destin\u00e9 aux enfants de plus de 9 ans. <br>Groupe 1 : \u00e9l\u00e8ves batteurs de l&rsquo;EMDG<br>Groupe 2 : \u00e9l\u00e8ves non percussionnistes<br><br>Int\u00e9grez un groupe qui vous permettra de travailler la rythmique et l&rsquo;\u00e9coute de l&rsquo;autre dans une ambiance conviviale et constructive ! <\/p>\n\n\n\n<p><strong>D\u00e8s 9 ans.<\/strong><br>Accessible en atelier seul ou en compl\u00e9ment d&rsquo;une pratique instrumentale et formation musicale dans le cadre du Parcours Global d&rsquo;Etudes (inclus pour les \u00e9l\u00e8ves du PGE inscrits \u00e0 l&rsquo;EMDG)<\/p>\n\n\n\n<p>Mercredi de 14h20 \u00e0 15h05 ou 16h05-16h50 <\/p>\n\n\n\n<p>Avec <strong>Herri Loquet<\/strong><\/p>\n\n\n\n<figure class=\"wp-block-image size-large is-resized\"><img loading=\"lazy\" decoding=\"async\" width=\"1024\" height=\"1024\" src=\"https:\/\/www.emdg-guilers.org\/wp-content\/uploads\/2022\/09\/14-1024x1024.jpg\" alt=\"\" class=\"wp-image-3189\" style=\"width:227px;height:auto\" srcset=\"https:\/\/www.emdg-guilers.org\/wp-content\/uploads\/2022\/09\/14-1024x1024.jpg 1024w, https:\/\/www.emdg-guilers.org\/wp-content\/uploads\/2022\/09\/14-300x300.jpg 300w, https:\/\/www.emdg-guilers.org\/wp-content\/uploads\/2022\/09\/14-150x150.jpg 150w, https:\/\/www.emdg-guilers.org\/wp-content\/uploads\/2022\/09\/14-768x768.jpg 768w, https:\/\/www.emdg-guilers.org\/wp-content\/uploads\/2022\/09\/14-270x270.jpg 270w, https:\/\/www.emdg-guilers.org\/wp-content\/uploads\/2022\/09\/14.jpg 1080w\" sizes=\"(max-width: 1024px) 100vw, 1024px\" \/><\/figure>\n\n\n\n<figure class=\"wp-block-image size-large\"><img loading=\"lazy\" decoding=\"async\" width=\"1024\" height=\"576\" src=\"https:\/\/www.emdg-guilers.org\/wp-content\/uploads\/2023\/09\/ensemblepercu-1024x576.jpg\" alt=\"\" class=\"wp-image-3851\" srcset=\"https:\/\/www.emdg-guilers.org\/wp-content\/uploads\/2023\/09\/ensemblepercu-1024x576.jpg 1024w, https:\/\/www.emdg-guilers.org\/wp-content\/uploads\/2023\/09\/ensemblepercu-300x169.jpg 300w, https:\/\/www.emdg-guilers.org\/wp-content\/uploads\/2023\/09\/ensemblepercu-768x432.jpg 768w, https:\/\/www.emdg-guilers.org\/wp-content\/uploads\/2023\/09\/ensemblepercu-1536x864.jpg 1536w, https:\/\/www.emdg-guilers.org\/wp-content\/uploads\/2023\/09\/ensemblepercu-2048x1152.jpg 2048w, https:\/\/www.emdg-guilers.org\/wp-content\/uploads\/2023\/09\/ensemblepercu-480x270.jpg 480w\" sizes=\"(max-width: 1024px) 100vw, 1024px\" \/><\/figure>\n\n\n\n<p><a href=\"https:\/\/www.youtube.com\/shorts\/_uvjP1B8dtY\">https:\/\/www.youtube.com\/shorts\/_uvjP1B8dtY<\/a><\/p>\n","protected":false},"excerpt":{"rendered":"<p>Il existe 2 groupes de percussions digitales (cajon, bongo, congas, djemb\u00e9s, percussions l\u00e9g\u00e8res) destin\u00e9 aux enfants de plus de 9 ans. Groupe 1 : \u00e9l\u00e8ves batteurs de l&rsquo;EMDGGroupe 2 : \u00e9l\u00e8ves non percussionnistes Int\u00e9grez un groupe qui vous permettra de travailler la rythmique et l&rsquo;\u00e9coute de l&rsquo;autre dans une ambiance conviviale et constructive ! D\u00e8s 9 ans.Accessible en atelier seul ou en compl\u00e9ment d&rsquo;une pratique instrumentale et formation musicale dans le cadre du Parcours Global d&rsquo;Etudes (inclus pour les \u00e9l\u00e8ves&#8230;<\/p>\n<p class=\"read-more\"><a class=\"btn btn-default\" href=\"https:\/\/www.emdg-guilers.org\/index.php\/ensemble-de-percussions-digitales-enfants-ados\/\">Lire la suite<span class=\"screen-reader-text\"> Lire la suite<\/span><\/a><\/p>\n","protected":false},"author":3,"featured_media":0,"parent":0,"menu_order":0,"comment_status":"closed","ping_status":"closed","template":"","meta":{"footnotes":""},"yoast_head":"<!-- This site is optimized with the Yoast SEO plugin v22.4 - https:\/\/yoast.com\/wordpress\/plugins\/seo\/ -->\n<title>Percus digitales enfants ados - Ecole de Musique, Danse &amp; Th\u00e9\u00e2tre de Guilers<\/title>\n<meta name=\"robots\" content=\"index, follow, max-snippet:-1, max-image-preview:large, max-video-preview:-1\" \/>\n<link rel=\"canonical\" href=\"https:\/\/www.emdg-guilers.org\/index.php\/ensemble-de-percussions-digitales-enfants-ados\/\" \/>\n<meta property=\"og:locale\" content=\"fr_FR\" \/>\n<meta property=\"og:type\" content=\"article\" \/>\n<meta property=\"og:title\" content=\"Percus digitales enfants ados - Ecole de Musique, Danse &amp; Th\u00e9\u00e2tre de Guilers\" \/>\n<meta property=\"og:description\" content=\"Il existe 2 groupes de percussions digitales (cajon, bongo, congas, djemb\u00e9s, percussions l\u00e9g\u00e8res) destin\u00e9 aux enfants de plus de 9 ans. Groupe 1 : \u00e9l\u00e8ves batteurs de l&rsquo;EMDGGroupe 2 : \u00e9l\u00e8ves non percussionnistes Int\u00e9grez un groupe qui vous permettra de travailler la rythmique et l&rsquo;\u00e9coute de l&rsquo;autre dans une ambiance conviviale et constructive ! D\u00e8s 9 ans.Accessible en atelier seul ou en compl\u00e9ment d&rsquo;une pratique instrumentale et formation musicale dans le cadre du Parcours Global d&rsquo;Etudes (inclus pour les \u00e9l\u00e8ves...Lire la suite Lire la suite\" \/>\n<meta property=\"og:url\" content=\"https:\/\/www.emdg-guilers.org\/index.php\/ensemble-de-percussions-digitales-enfants-ados\/\" \/>\n<meta property=\"og:site_name\" content=\"Ecole de Musique, Danse &amp; Th\u00e9\u00e2tre de Guilers\" \/>\n<meta property=\"article:publisher\" content=\"https:\/\/www.facebook.com\/Ecole-de-Musique-et-de-Danse-de-Guilers-480017765533016\/\" \/>\n<meta property=\"article:modified_time\" content=\"2025-07-08T08:34:24+00:00\" \/>\n<meta property=\"og:image\" content=\"https:\/\/www.emdg-guilers.org\/wp-content\/uploads\/2022\/09\/14-1024x1024.jpg\" \/>\n<meta name=\"twitter:card\" content=\"summary_large_image\" \/>\n<meta name=\"twitter:label1\" content=\"Dur\u00e9e de lecture estim\u00e9e\" \/>\n\t<meta name=\"twitter:data1\" content=\"1 minute\" \/>\n<script type=\"application\/ld+json\" class=\"yoast-schema-graph\">{\"@context\":\"https:\/\/schema.org\",\"@graph\":[{\"@type\":\"WebPage\",\"@id\":\"https:\/\/www.emdg-guilers.org\/index.php\/ensemble-de-percussions-digitales-enfants-ados\/\",\"url\":\"https:\/\/www.emdg-guilers.org\/index.php\/ensemble-de-percussions-digitales-enfants-ados\/\",\"name\":\"Percus digitales enfants ados - Ecole de Musique, Danse &amp; Th\u00e9\u00e2tre de Guilers\",\"isPartOf\":{\"@id\":\"https:\/\/www.emdg-guilers.org\/#website\"},\"primaryImageOfPage\":{\"@id\":\"https:\/\/www.emdg-guilers.org\/index.php\/ensemble-de-percussions-digitales-enfants-ados\/#primaryimage\"},\"image\":{\"@id\":\"https:\/\/www.emdg-guilers.org\/index.php\/ensemble-de-percussions-digitales-enfants-ados\/#primaryimage\"},\"thumbnailUrl\":\"https:\/\/www.emdg-guilers.org\/wp-content\/uploads\/2022\/09\/14-1024x1024.jpg\",\"datePublished\":\"2021-05-11T11:31:55+00:00\",\"dateModified\":\"2025-07-08T08:34:24+00:00\",\"breadcrumb\":{\"@id\":\"https:\/\/www.emdg-guilers.org\/index.php\/ensemble-de-percussions-digitales-enfants-ados\/#breadcrumb\"},\"inLanguage\":\"fr-FR\",\"potentialAction\":[{\"@type\":\"ReadAction\",\"target\":[\"https:\/\/www.emdg-guilers.org\/index.php\/ensemble-de-percussions-digitales-enfants-ados\/\"]}]},{\"@type\":\"ImageObject\",\"inLanguage\":\"fr-FR\",\"@id\":\"https:\/\/www.emdg-guilers.org\/index.php\/ensemble-de-percussions-digitales-enfants-ados\/#primaryimage\",\"url\":\"https:\/\/www.emdg-guilers.org\/wp-content\/uploads\/2022\/09\/14.jpg\",\"contentUrl\":\"https:\/\/www.emdg-guilers.org\/wp-content\/uploads\/2022\/09\/14.jpg\",\"width\":1080,\"height\":1080},{\"@type\":\"BreadcrumbList\",\"@id\":\"https:\/\/www.emdg-guilers.org\/index.php\/ensemble-de-percussions-digitales-enfants-ados\/#breadcrumb\",\"itemListElement\":[{\"@type\":\"ListItem\",\"position\":1,\"name\":\"Accueil\",\"item\":\"https:\/\/www.emdg-guilers.org\/\"},{\"@type\":\"ListItem\",\"position\":2,\"name\":\"Percus digitales enfants ados\"}]},{\"@type\":\"WebSite\",\"@id\":\"https:\/\/www.emdg-guilers.org\/#website\",\"url\":\"https:\/\/www.emdg-guilers.org\/\",\"name\":\"Ecole de Musique et Danse de Guilers\",\"description\":\"Ecole associative, cours de musique, danse, th\u00e9\u00e2tre accessibles \u00e0 tous\",\"publisher\":{\"@id\":\"https:\/\/www.emdg-guilers.org\/#organization\"},\"potentialAction\":[{\"@type\":\"SearchAction\",\"target\":{\"@type\":\"EntryPoint\",\"urlTemplate\":\"https:\/\/www.emdg-guilers.org\/?s={search_term_string}\"},\"query-input\":\"required name=search_term_string\"}],\"inLanguage\":\"fr-FR\"},{\"@type\":\"Organization\",\"@id\":\"https:\/\/www.emdg-guilers.org\/#organization\",\"name\":\"Ecole de Musique et de Danse\",\"url\":\"https:\/\/www.emdg-guilers.org\/\",\"logo\":{\"@type\":\"ImageObject\",\"inLanguage\":\"fr-FR\",\"@id\":\"https:\/\/www.emdg-guilers.org\/#\/schema\/logo\/image\/\",\"url\":\"https:\/\/www.emdg-guilers.org\/wp-content\/uploads\/2016\/06\/logo2014.jpg\",\"contentUrl\":\"https:\/\/www.emdg-guilers.org\/wp-content\/uploads\/2016\/06\/logo2014.jpg\",\"width\":214,\"height\":116,\"caption\":\"Ecole de Musique et de Danse\"},\"image\":{\"@id\":\"https:\/\/www.emdg-guilers.org\/#\/schema\/logo\/image\/\"},\"sameAs\":[\"https:\/\/www.facebook.com\/Ecole-de-Musique-et-de-Danse-de-Guilers-480017765533016\/\"]}]}<\/script>\n<!-- \/ Yoast SEO plugin. -->","yoast_head_json":{"title":"Percus digitales enfants ados - Ecole de Musique, Danse &amp; Th\u00e9\u00e2tre de Guilers","robots":{"index":"index","follow":"follow","max-snippet":"max-snippet:-1","max-image-preview":"max-image-preview:large","max-video-preview":"max-video-preview:-1"},"canonical":"https:\/\/www.emdg-guilers.org\/index.php\/ensemble-de-percussions-digitales-enfants-ados\/","og_locale":"fr_FR","og_type":"article","og_title":"Percus digitales enfants ados - Ecole de Musique, Danse &amp; Th\u00e9\u00e2tre de Guilers","og_description":"Il existe 2 groupes de percussions digitales (cajon, bongo, congas, djemb\u00e9s, percussions l\u00e9g\u00e8res) destin\u00e9 aux enfants de plus de 9 ans. Groupe 1 : \u00e9l\u00e8ves batteurs de l&rsquo;EMDGGroupe 2 : \u00e9l\u00e8ves non percussionnistes Int\u00e9grez un groupe qui vous permettra de travailler la rythmique et l&rsquo;\u00e9coute de l&rsquo;autre dans une ambiance conviviale et constructive ! D\u00e8s 9 ans.Accessible en atelier seul ou en compl\u00e9ment d&rsquo;une pratique instrumentale et formation musicale dans le cadre du Parcours Global d&rsquo;Etudes (inclus pour les \u00e9l\u00e8ves...Lire la suite Lire la suite","og_url":"https:\/\/www.emdg-guilers.org\/index.php\/ensemble-de-percussions-digitales-enfants-ados\/","og_site_name":"Ecole de Musique, Danse &amp; Th\u00e9\u00e2tre de Guilers","article_publisher":"https:\/\/www.facebook.com\/Ecole-de-Musique-et-de-Danse-de-Guilers-480017765533016\/","article_modified_time":"2025-07-08T08:34:24+00:00","og_image":[{"url":"https:\/\/www.emdg-guilers.org\/wp-content\/uploads\/2022\/09\/14-1024x1024.jpg"}],"twitter_card":"summary_large_image","twitter_misc":{"Dur\u00e9e de lecture estim\u00e9e":"1 minute"},"schema":{"@context":"https:\/\/schema.org","@graph":[{"@type":"WebPage","@id":"https:\/\/www.emdg-guilers.org\/index.php\/ensemble-de-percussions-digitales-enfants-ados\/","url":"https:\/\/www.emdg-guilers.org\/index.php\/ensemble-de-percussions-digitales-enfants-ados\/","name":"Percus digitales enfants ados - Ecole de Musique, Danse &amp; Th\u00e9\u00e2tre de Guilers","isPartOf":{"@id":"https:\/\/www.emdg-guilers.org\/#website"},"primaryImageOfPage":{"@id":"https:\/\/www.emdg-guilers.org\/index.php\/ensemble-de-percussions-digitales-enfants-ados\/#primaryimage"},"image":{"@id":"https:\/\/www.emdg-guilers.org\/index.php\/ensemble-de-percussions-digitales-enfants-ados\/#primaryimage"},"thumbnailUrl":"https:\/\/www.emdg-guilers.org\/wp-content\/uploads\/2022\/09\/14-1024x1024.jpg","datePublished":"2021-05-11T11:31:55+00:00","dateModified":"2025-07-08T08:34:24+00:00","breadcrumb":{"@id":"https:\/\/www.emdg-guilers.org\/index.php\/ensemble-de-percussions-digitales-enfants-ados\/#breadcrumb"},"inLanguage":"fr-FR","potentialAction":[{"@type":"ReadAction","target":["https:\/\/www.emdg-guilers.org\/index.php\/ensemble-de-percussions-digitales-enfants-ados\/"]}]},{"@type":"ImageObject","inLanguage":"fr-FR","@id":"https:\/\/www.emdg-guilers.org\/index.php\/ensemble-de-percussions-digitales-enfants-ados\/#primaryimage","url":"https:\/\/www.emdg-guilers.org\/wp-content\/uploads\/2022\/09\/14.jpg","contentUrl":"https:\/\/www.emdg-guilers.org\/wp-content\/uploads\/2022\/09\/14.jpg","width":1080,"height":1080},{"@type":"BreadcrumbList","@id":"https:\/\/www.emdg-guilers.org\/index.php\/ensemble-de-percussions-digitales-enfants-ados\/#breadcrumb","itemListElement":[{"@type":"ListItem","position":1,"name":"Accueil","item":"https:\/\/www.emdg-guilers.org\/"},{"@type":"ListItem","position":2,"name":"Percus digitales enfants ados"}]},{"@type":"WebSite","@id":"https:\/\/www.emdg-guilers.org\/#website","url":"https:\/\/www.emdg-guilers.org\/","name":"Ecole de Musique et Danse de Guilers","description":"Ecole associative, cours de musique, danse, th\u00e9\u00e2tre accessibles \u00e0 tous","publisher":{"@id":"https:\/\/www.emdg-guilers.org\/#organization"},"potentialAction":[{"@type":"SearchAction","target":{"@type":"EntryPoint","urlTemplate":"https:\/\/www.emdg-guilers.org\/?s={search_term_string}"},"query-input":"required name=search_term_string"}],"inLanguage":"fr-FR"},{"@type":"Organization","@id":"https:\/\/www.emdg-guilers.org\/#organization","name":"Ecole de Musique et de Danse","url":"https:\/\/www.emdg-guilers.org\/","logo":{"@type":"ImageObject","inLanguage":"fr-FR","@id":"https:\/\/www.emdg-guilers.org\/#\/schema\/logo\/image\/","url":"https:\/\/www.emdg-guilers.org\/wp-content\/uploads\/2016\/06\/logo2014.jpg","contentUrl":"https:\/\/www.emdg-guilers.org\/wp-content\/uploads\/2016\/06\/logo2014.jpg","width":214,"height":116,"caption":"Ecole de Musique et de Danse"},"image":{"@id":"https:\/\/www.emdg-guilers.org\/#\/schema\/logo\/image\/"},"sameAs":["https:\/\/www.facebook.com\/Ecole-de-Musique-et-de-Danse-de-Guilers-480017765533016\/"]}]}},"_links":{"self":[{"href":"https:\/\/www.emdg-guilers.org\/index.php\/wp-json\/wp\/v2\/pages\/2403"}],"collection":[{"href":"https:\/\/www.emdg-guilers.org\/index.php\/wp-json\/wp\/v2\/pages"}],"about":[{"href":"https:\/\/www.emdg-guilers.org\/index.php\/wp-json\/wp\/v2\/types\/page"}],"author":[{"embeddable":true,"href":"https:\/\/www.emdg-guilers.org\/index.php\/wp-json\/wp\/v2\/users\/3"}],"replies":[{"embeddable":true,"href":"https:\/\/www.emdg-guilers.org\/index.php\/wp-json\/wp\/v2\/comments?post=2403"}],"version-history":[{"count":14,"href":"https:\/\/www.emdg-guilers.org\/index.php\/wp-json\/wp\/v2\/pages\/2403\/revisions"}],"predecessor-version":[{"id":4733,"href":"https:\/\/www.emdg-guilers.org\/index.php\/wp-json\/wp\/v2\/pages\/2403\/revisions\/4733"}],"wp:attachment":[{"href":"https:\/\/www.emdg-guilers.org\/index.php\/wp-json\/wp\/v2\/media?parent=2403"}],"curies":[{"name":"wp","href":"https:\/\/api.w.org\/{rel}","templated":true}]}}