{"id":3026,"date":"2022-05-03T11:02:00","date_gmt":"2022-05-03T09:02:00","guid":{"rendered":"https:\/\/www.emdg-guilers.org\/?page_id=3026"},"modified":"2025-07-08T10:49:57","modified_gmt":"2025-07-08T08:49:57","slug":"theatre-emdg","status":"publish","type":"page","link":"https:\/\/www.emdg-guilers.org\/index.php\/theatre-emdg\/","title":{"rendered":"Th\u00e9\u00e2tre"},"content":{"rendered":"<div class=\"wp-block-image\">\n<figure class=\"aligncenter size-large is-resized\"><img loading=\"lazy\" decoding=\"async\" width=\"1024\" height=\"1024\" src=\"https:\/\/www.emdg-guilers.org\/wp-content\/uploads\/2024\/03\/2-1024x1024.jpg\" alt=\"\" class=\"wp-image-4054\" style=\"width:312px;height:312px\" srcset=\"https:\/\/www.emdg-guilers.org\/wp-content\/uploads\/2024\/03\/2-1024x1024.jpg 1024w, https:\/\/www.emdg-guilers.org\/wp-content\/uploads\/2024\/03\/2-300x300.jpg 300w, https:\/\/www.emdg-guilers.org\/wp-content\/uploads\/2024\/03\/2-150x150.jpg 150w, https:\/\/www.emdg-guilers.org\/wp-content\/uploads\/2024\/03\/2-768x768.jpg 768w, https:\/\/www.emdg-guilers.org\/wp-content\/uploads\/2024\/03\/2-270x270.jpg 270w, https:\/\/www.emdg-guilers.org\/wp-content\/uploads\/2024\/03\/2.jpg 1080w\" sizes=\"(max-width: 1024px) 100vw, 1024px\" \/><\/figure><\/div>\n\n\n<p><\/p>\n\n\n\n<p><strong>HORAIRES 2025-2026<\/strong><\/p>\n\n\n\n<figure class=\"wp-block-table\"><table><tbody><tr><td><strong>Discipline \u2013 nom du cours<\/strong><\/td><td><strong>Prof<\/strong><\/td><td><strong>Jour<\/strong><\/td><td><strong>Horaire<\/strong><\/td><td><strong>Salle<\/strong><\/td><td><strong>Correspondance \u00e2ge \/ classe \u00e9l\u00e8ves<\/strong><\/td><\/tr><tr><td>Atelier enfants<br>primaires &#8211; gp 2<\/td><td>Pierre-Yves<br>Herry<\/td><td>Mercredi<\/td><td>10h-11h<\/td><td>Salle Manon des Sources<\/td><td>9-11ans<\/td><\/tr><tr><td>Atelier enfants primaires &#8211; gp 2<\/td><td>Pierre-Yves Herry<\/td><td>Mercredi<\/td><td>11h-12h<\/td><td>Salle Manon des Sources<\/td><td>9-11 ans<\/td><\/tr><tr><td>Atelier coll\u00e9giens<\/td><td>Pierre-Yves Herry<\/td><td>Mardi<\/td><td>17h30 \u00e0 18h30<\/td><td>Mobian salle 1 ou Topaze<\/td><td>11-14 ans<\/td><\/tr><tr><td>Atelier lyc\u00e9ens&nbsp;<\/td><td>Pierre-Yves Herry<\/td><td>Mardi<\/td><td>18h30 \u00e0 19h45<\/td><td>Mobian salle 1 ou Topaze<\/td><td>14-18 ans<\/td><\/tr><tr><td>Atelier adultes&nbsp; (r\u00e9pertoire)<\/td><td>Doroth\u00e9e Le Troadec<\/td><td>Jeudi<\/td><td>20h \u00e0 22h<\/td><td>Mobian salle 1 ou Topaze<\/td><td>Adultes (plus de 18 ans)<\/td><\/tr><tr><td>Atelier adultes&nbsp; (impro, travail au plateau)<\/td><td>Pierre-Yves Herry<\/td><td>Mardi<\/td><td>20h \u00e0 22h<\/td><td>Mobian salle 1 ou Topaze<\/td><td>Adultes (plus de 18 ans)<\/td><\/tr><\/tbody><\/table><\/figure>\n\n\n\n<p>Travail de la technique&nbsp;:<br>&#8211;&nbsp;&nbsp;Vocale&nbsp;: &nbsp;respiration, articulation, diction<br>&#8211;&nbsp;&nbsp;Corporelle&nbsp;: conscience du plateau et des partenaires, conscience de son corps, pr\u00e9sence, \u00e9coute, apprendre \u00e0 g\u00e9rer le \u00ab&nbsp;focus&nbsp;\u00bb sur le plateau<br>Approche de l\u2019improvisation en groupe et seul<br>Travail du r\u00e9pertoire classique et contemporain \u00e0 travers des extraits de textes<br>Travail en autonomie<br>Travail et\/ou cr\u00e9ation en lien avec le d\u00e9partement musique et\/ou danse de l\u2019\u00e9cole de Guilers<br>Cr\u00e9ation d\u2019un spectacle en fin de cession<\/p>\n\n\n\n<p>Pendant l&rsquo;ann\u00e9e : plusieurs stages propos\u00e9s autour d&rsquo;une th\u00e9matique sp\u00e9cifique (travail de l&rsquo;impro, prise de parole en public, diction, sc\u00e9nettes&#8230;)<br>Accompagnement \u00e0 des spectacles professionnels \u00e0 Guilers ou Brest, visite des coulisses d&rsquo;un th\u00e9\u00e2tre&#8230; <\/p>\n\n\n\n<p><strong>Avec Pierre-Yves Herry ou Doroth\u00e9e Le Troadec, dipl\u00f4m\u00e9 d&rsquo;Etat en th\u00e9\u00e2tre<\/strong><\/p>\n\n\n\n\n\n<p><a href=\"https:\/\/www.emdg-guilers.org\/index.php\/lassociation\/les-permanences\/\" target=\"_blank\" rel=\"noreferrer noopener\">Inscriptions<\/a> <\/p>\n\n\n\n<p><br><\/p>\n","protected":false},"excerpt":{"rendered":"<p>HORAIRES 2025-2026 Discipline \u2013 nom du cours Prof Jour Horaire Salle Correspondance \u00e2ge \/ classe \u00e9l\u00e8ves Atelier enfantsprimaires &#8211; gp 2 Pierre-YvesHerry Mercredi 10h-11h Salle Manon des Sources 9-11ans Atelier enfants primaires &#8211; gp 2 Pierre-Yves Herry Mercredi 11h-12h Salle Manon des Sources 9-11 ans Atelier coll\u00e9giens Pierre-Yves Herry Mardi 17h30 \u00e0 18h30 Mobian salle 1 ou Topaze 11-14 ans Atelier lyc\u00e9ens&nbsp; Pierre-Yves Herry Mardi 18h30 \u00e0 19h45 Mobian salle 1 ou Topaze 14-18 ans Atelier adultes&nbsp; (r\u00e9pertoire) Doroth\u00e9e Le&#8230;<\/p>\n<p class=\"read-more\"><a class=\"btn btn-default\" href=\"https:\/\/www.emdg-guilers.org\/index.php\/theatre-emdg\/\">Lire la suite<span class=\"screen-reader-text\"> Lire la suite<\/span><\/a><\/p>\n","protected":false},"author":3,"featured_media":0,"parent":0,"menu_order":0,"comment_status":"closed","ping_status":"closed","template":"","meta":{"footnotes":""},"yoast_head":"<!-- This site is optimized with the Yoast SEO plugin v22.4 - https:\/\/yoast.com\/wordpress\/plugins\/seo\/ -->\n<title>Th\u00e9\u00e2tre - Ecole de Musique, Danse &amp; Th\u00e9\u00e2tre de Guilers<\/title>\n<meta name=\"robots\" content=\"index, follow, max-snippet:-1, max-image-preview:large, max-video-preview:-1\" \/>\n<link rel=\"canonical\" href=\"https:\/\/www.emdg-guilers.org\/index.php\/theatre-emdg\/\" \/>\n<meta property=\"og:locale\" content=\"fr_FR\" \/>\n<meta property=\"og:type\" content=\"article\" \/>\n<meta property=\"og:title\" content=\"Th\u00e9\u00e2tre - Ecole de Musique, Danse &amp; Th\u00e9\u00e2tre de Guilers\" \/>\n<meta property=\"og:description\" content=\"HORAIRES 2025-2026 Discipline \u2013 nom du cours Prof Jour Horaire Salle Correspondance \u00e2ge \/ classe \u00e9l\u00e8ves Atelier enfantsprimaires &#8211; gp 2 Pierre-YvesHerry Mercredi 10h-11h Salle Manon des Sources 9-11ans Atelier enfants primaires &#8211; gp 2 Pierre-Yves Herry Mercredi 11h-12h Salle Manon des Sources 9-11 ans Atelier coll\u00e9giens Pierre-Yves Herry Mardi 17h30 \u00e0 18h30 Mobian salle 1 ou Topaze 11-14 ans Atelier lyc\u00e9ens&nbsp; Pierre-Yves Herry Mardi 18h30 \u00e0 19h45 Mobian salle 1 ou Topaze 14-18 ans Atelier adultes&nbsp; (r\u00e9pertoire) Doroth\u00e9e Le...Lire la suite Lire la suite\" \/>\n<meta property=\"og:url\" content=\"https:\/\/www.emdg-guilers.org\/index.php\/theatre-emdg\/\" \/>\n<meta property=\"og:site_name\" content=\"Ecole de Musique, Danse &amp; Th\u00e9\u00e2tre de Guilers\" \/>\n<meta property=\"article:publisher\" content=\"https:\/\/www.facebook.com\/Ecole-de-Musique-et-de-Danse-de-Guilers-480017765533016\/\" \/>\n<meta property=\"article:modified_time\" content=\"2025-07-08T08:49:57+00:00\" \/>\n<meta property=\"og:image\" content=\"https:\/\/www.emdg-guilers.org\/wp-content\/uploads\/2024\/03\/2-1024x1024.jpg\" \/>\n<meta name=\"twitter:card\" content=\"summary_large_image\" \/>\n<meta name=\"twitter:label1\" content=\"Dur\u00e9e de lecture estim\u00e9e\" \/>\n\t<meta name=\"twitter:data1\" content=\"2 minutes\" \/>\n<script type=\"application\/ld+json\" class=\"yoast-schema-graph\">{\"@context\":\"https:\/\/schema.org\",\"@graph\":[{\"@type\":\"WebPage\",\"@id\":\"https:\/\/www.emdg-guilers.org\/index.php\/theatre-emdg\/\",\"url\":\"https:\/\/www.emdg-guilers.org\/index.php\/theatre-emdg\/\",\"name\":\"Th\u00e9\u00e2tre - Ecole de Musique, Danse &amp; Th\u00e9\u00e2tre de Guilers\",\"isPartOf\":{\"@id\":\"https:\/\/www.emdg-guilers.org\/#website\"},\"primaryImageOfPage\":{\"@id\":\"https:\/\/www.emdg-guilers.org\/index.php\/theatre-emdg\/#primaryimage\"},\"image\":{\"@id\":\"https:\/\/www.emdg-guilers.org\/index.php\/theatre-emdg\/#primaryimage\"},\"thumbnailUrl\":\"https:\/\/www.emdg-guilers.org\/wp-content\/uploads\/2024\/03\/2-1024x1024.jpg\",\"datePublished\":\"2022-05-03T09:02:00+00:00\",\"dateModified\":\"2025-07-08T08:49:57+00:00\",\"breadcrumb\":{\"@id\":\"https:\/\/www.emdg-guilers.org\/index.php\/theatre-emdg\/#breadcrumb\"},\"inLanguage\":\"fr-FR\",\"potentialAction\":[{\"@type\":\"ReadAction\",\"target\":[\"https:\/\/www.emdg-guilers.org\/index.php\/theatre-emdg\/\"]}]},{\"@type\":\"ImageObject\",\"inLanguage\":\"fr-FR\",\"@id\":\"https:\/\/www.emdg-guilers.org\/index.php\/theatre-emdg\/#primaryimage\",\"url\":\"https:\/\/www.emdg-guilers.org\/wp-content\/uploads\/2024\/03\/2.jpg\",\"contentUrl\":\"https:\/\/www.emdg-guilers.org\/wp-content\/uploads\/2024\/03\/2.jpg\",\"width\":1080,\"height\":1080},{\"@type\":\"BreadcrumbList\",\"@id\":\"https:\/\/www.emdg-guilers.org\/index.php\/theatre-emdg\/#breadcrumb\",\"itemListElement\":[{\"@type\":\"ListItem\",\"position\":1,\"name\":\"Accueil\",\"item\":\"https:\/\/www.emdg-guilers.org\/\"},{\"@type\":\"ListItem\",\"position\":2,\"name\":\"Th\u00e9\u00e2tre\"}]},{\"@type\":\"WebSite\",\"@id\":\"https:\/\/www.emdg-guilers.org\/#website\",\"url\":\"https:\/\/www.emdg-guilers.org\/\",\"name\":\"Ecole de Musique et Danse de Guilers\",\"description\":\"Ecole associative, cours de musique, danse, th\u00e9\u00e2tre accessibles \u00e0 tous\",\"publisher\":{\"@id\":\"https:\/\/www.emdg-guilers.org\/#organization\"},\"potentialAction\":[{\"@type\":\"SearchAction\",\"target\":{\"@type\":\"EntryPoint\",\"urlTemplate\":\"https:\/\/www.emdg-guilers.org\/?s={search_term_string}\"},\"query-input\":\"required name=search_term_string\"}],\"inLanguage\":\"fr-FR\"},{\"@type\":\"Organization\",\"@id\":\"https:\/\/www.emdg-guilers.org\/#organization\",\"name\":\"Ecole de Musique et de Danse\",\"url\":\"https:\/\/www.emdg-guilers.org\/\",\"logo\":{\"@type\":\"ImageObject\",\"inLanguage\":\"fr-FR\",\"@id\":\"https:\/\/www.emdg-guilers.org\/#\/schema\/logo\/image\/\",\"url\":\"https:\/\/www.emdg-guilers.org\/wp-content\/uploads\/2016\/06\/logo2014.jpg\",\"contentUrl\":\"https:\/\/www.emdg-guilers.org\/wp-content\/uploads\/2016\/06\/logo2014.jpg\",\"width\":214,\"height\":116,\"caption\":\"Ecole de Musique et de Danse\"},\"image\":{\"@id\":\"https:\/\/www.emdg-guilers.org\/#\/schema\/logo\/image\/\"},\"sameAs\":[\"https:\/\/www.facebook.com\/Ecole-de-Musique-et-de-Danse-de-Guilers-480017765533016\/\"]}]}<\/script>\n<!-- \/ Yoast SEO plugin. -->","yoast_head_json":{"title":"Th\u00e9\u00e2tre - Ecole de Musique, Danse &amp; Th\u00e9\u00e2tre de Guilers","robots":{"index":"index","follow":"follow","max-snippet":"max-snippet:-1","max-image-preview":"max-image-preview:large","max-video-preview":"max-video-preview:-1"},"canonical":"https:\/\/www.emdg-guilers.org\/index.php\/theatre-emdg\/","og_locale":"fr_FR","og_type":"article","og_title":"Th\u00e9\u00e2tre - Ecole de Musique, Danse &amp; Th\u00e9\u00e2tre de Guilers","og_description":"HORAIRES 2025-2026 Discipline \u2013 nom du cours Prof Jour Horaire Salle Correspondance \u00e2ge \/ classe \u00e9l\u00e8ves Atelier enfantsprimaires &#8211; gp 2 Pierre-YvesHerry Mercredi 10h-11h Salle Manon des Sources 9-11ans Atelier enfants primaires &#8211; gp 2 Pierre-Yves Herry Mercredi 11h-12h Salle Manon des Sources 9-11 ans Atelier coll\u00e9giens Pierre-Yves Herry Mardi 17h30 \u00e0 18h30 Mobian salle 1 ou Topaze 11-14 ans Atelier lyc\u00e9ens&nbsp; Pierre-Yves Herry Mardi 18h30 \u00e0 19h45 Mobian salle 1 ou Topaze 14-18 ans Atelier adultes&nbsp; (r\u00e9pertoire) Doroth\u00e9e Le...Lire la suite Lire la suite","og_url":"https:\/\/www.emdg-guilers.org\/index.php\/theatre-emdg\/","og_site_name":"Ecole de Musique, Danse &amp; Th\u00e9\u00e2tre de Guilers","article_publisher":"https:\/\/www.facebook.com\/Ecole-de-Musique-et-de-Danse-de-Guilers-480017765533016\/","article_modified_time":"2025-07-08T08:49:57+00:00","og_image":[{"url":"https:\/\/www.emdg-guilers.org\/wp-content\/uploads\/2024\/03\/2-1024x1024.jpg"}],"twitter_card":"summary_large_image","twitter_misc":{"Dur\u00e9e de lecture estim\u00e9e":"2 minutes"},"schema":{"@context":"https:\/\/schema.org","@graph":[{"@type":"WebPage","@id":"https:\/\/www.emdg-guilers.org\/index.php\/theatre-emdg\/","url":"https:\/\/www.emdg-guilers.org\/index.php\/theatre-emdg\/","name":"Th\u00e9\u00e2tre - Ecole de Musique, Danse &amp; Th\u00e9\u00e2tre de Guilers","isPartOf":{"@id":"https:\/\/www.emdg-guilers.org\/#website"},"primaryImageOfPage":{"@id":"https:\/\/www.emdg-guilers.org\/index.php\/theatre-emdg\/#primaryimage"},"image":{"@id":"https:\/\/www.emdg-guilers.org\/index.php\/theatre-emdg\/#primaryimage"},"thumbnailUrl":"https:\/\/www.emdg-guilers.org\/wp-content\/uploads\/2024\/03\/2-1024x1024.jpg","datePublished":"2022-05-03T09:02:00+00:00","dateModified":"2025-07-08T08:49:57+00:00","breadcrumb":{"@id":"https:\/\/www.emdg-guilers.org\/index.php\/theatre-emdg\/#breadcrumb"},"inLanguage":"fr-FR","potentialAction":[{"@type":"ReadAction","target":["https:\/\/www.emdg-guilers.org\/index.php\/theatre-emdg\/"]}]},{"@type":"ImageObject","inLanguage":"fr-FR","@id":"https:\/\/www.emdg-guilers.org\/index.php\/theatre-emdg\/#primaryimage","url":"https:\/\/www.emdg-guilers.org\/wp-content\/uploads\/2024\/03\/2.jpg","contentUrl":"https:\/\/www.emdg-guilers.org\/wp-content\/uploads\/2024\/03\/2.jpg","width":1080,"height":1080},{"@type":"BreadcrumbList","@id":"https:\/\/www.emdg-guilers.org\/index.php\/theatre-emdg\/#breadcrumb","itemListElement":[{"@type":"ListItem","position":1,"name":"Accueil","item":"https:\/\/www.emdg-guilers.org\/"},{"@type":"ListItem","position":2,"name":"Th\u00e9\u00e2tre"}]},{"@type":"WebSite","@id":"https:\/\/www.emdg-guilers.org\/#website","url":"https:\/\/www.emdg-guilers.org\/","name":"Ecole de Musique et Danse de Guilers","description":"Ecole associative, cours de musique, danse, th\u00e9\u00e2tre accessibles \u00e0 tous","publisher":{"@id":"https:\/\/www.emdg-guilers.org\/#organization"},"potentialAction":[{"@type":"SearchAction","target":{"@type":"EntryPoint","urlTemplate":"https:\/\/www.emdg-guilers.org\/?s={search_term_string}"},"query-input":"required name=search_term_string"}],"inLanguage":"fr-FR"},{"@type":"Organization","@id":"https:\/\/www.emdg-guilers.org\/#organization","name":"Ecole de Musique et de Danse","url":"https:\/\/www.emdg-guilers.org\/","logo":{"@type":"ImageObject","inLanguage":"fr-FR","@id":"https:\/\/www.emdg-guilers.org\/#\/schema\/logo\/image\/","url":"https:\/\/www.emdg-guilers.org\/wp-content\/uploads\/2016\/06\/logo2014.jpg","contentUrl":"https:\/\/www.emdg-guilers.org\/wp-content\/uploads\/2016\/06\/logo2014.jpg","width":214,"height":116,"caption":"Ecole de Musique et de Danse"},"image":{"@id":"https:\/\/www.emdg-guilers.org\/#\/schema\/logo\/image\/"},"sameAs":["https:\/\/www.facebook.com\/Ecole-de-Musique-et-de-Danse-de-Guilers-480017765533016\/"]}]}},"_links":{"self":[{"href":"https:\/\/www.emdg-guilers.org\/index.php\/wp-json\/wp\/v2\/pages\/3026"}],"collection":[{"href":"https:\/\/www.emdg-guilers.org\/index.php\/wp-json\/wp\/v2\/pages"}],"about":[{"href":"https:\/\/www.emdg-guilers.org\/index.php\/wp-json\/wp\/v2\/types\/page"}],"author":[{"embeddable":true,"href":"https:\/\/www.emdg-guilers.org\/index.php\/wp-json\/wp\/v2\/users\/3"}],"replies":[{"embeddable":true,"href":"https:\/\/www.emdg-guilers.org\/index.php\/wp-json\/wp\/v2\/comments?post=3026"}],"version-history":[{"count":17,"href":"https:\/\/www.emdg-guilers.org\/index.php\/wp-json\/wp\/v2\/pages\/3026\/revisions"}],"predecessor-version":[{"id":4742,"href":"https:\/\/www.emdg-guilers.org\/index.php\/wp-json\/wp\/v2\/pages\/3026\/revisions\/4742"}],"wp:attachment":[{"href":"https:\/\/www.emdg-guilers.org\/index.php\/wp-json\/wp\/v2\/media?parent=3026"}],"curies":[{"name":"wp","href":"https:\/\/api.w.org\/{rel}","templated":true}]}}