{"id":44,"date":"2016-06-29T16:54:09","date_gmt":"2016-06-29T14:54:09","guid":{"rendered":"http:\/\/www.emdg-guilers.org\/?page_id=44"},"modified":"2023-09-25T17:58:06","modified_gmt":"2023-09-25T15:58:06","slug":"violon","status":"publish","type":"page","link":"https:\/\/www.emdg-guilers.org\/index.php\/musique\/instruments\/violon\/","title":{"rendered":"Violon"},"content":{"rendered":"<p><img loading=\"lazy\" decoding=\"async\" class=\"size-medium wp-image-3186 alignright\" src=\"https:\/\/www.emdg-guilers.org\/wp-content\/uploads\/2022\/09\/23-300x300.jpg\" alt=\"\" width=\"300\" height=\"300\" srcset=\"https:\/\/www.emdg-guilers.org\/wp-content\/uploads\/2022\/09\/23-300x300.jpg 300w, https:\/\/www.emdg-guilers.org\/wp-content\/uploads\/2022\/09\/23-1024x1024.jpg 1024w, https:\/\/www.emdg-guilers.org\/wp-content\/uploads\/2022\/09\/23-150x150.jpg 150w, https:\/\/www.emdg-guilers.org\/wp-content\/uploads\/2022\/09\/23-768x768.jpg 768w, https:\/\/www.emdg-guilers.org\/wp-content\/uploads\/2022\/09\/23-270x270.jpg 270w, https:\/\/www.emdg-guilers.org\/wp-content\/uploads\/2022\/09\/23.jpg 1080w\" sizes=\"(max-width: 300px) 100vw, 300px\" \/>Cours avec <strong>Michelle Morvan, <\/strong>le mardi, mercredi, jeudi ou vendredi.<br \/>Horaires \u00e0 d\u00e9finir avec le professeur.<\/p>\n<p>Mich\u00e8le enseigne le violon, dirige l&rsquo;orchestre des jeunes : <a href=\"https:\/\/www.emdg-guilers.org\/index.php\/orchestres\/cordeole\/\">Cord\u00e9ole<\/a>, la m\u00e9thode colourstrings et la formation musicale.<\/p>\n<p>Pour les enfants d\u00e8s 5 ans : M\u00e9thode Colourstrings.<\/p>\n<p>Depuis 45 ans, Colourstrings est tout \u00e0 la fois une m\u00e9thode d&rsquo;apprentissage et une philosophie de l&rsquo;enseignement \u00a0offrant un bagage artistique complet. A la fois ludique et adapt\u00e9 aux petits, cet \u00a0enseignement \u00a0prend en consid\u00e9ration l&rsquo;enfant et ses besoins, en pr\u00e9servant toujours l&rsquo;\u00e9quilibre et l&rsquo;harmonie entre le d\u00e9veloppement de l&rsquo;oreille musicale, celui de la technique et du jeu instrumental, de la connaissance musicale et celui des \u00e9motions et du ressenti.<\/p>\n<p><strong>Ressources p\u00e9dagogiques :\u00a0<\/strong><br \/><a href=\"https:\/\/padlet.com\/violonmichele\/violon-iuq5unzadx3493p5\">Padlet de la classe de violon<\/a><br \/><a href=\"https:\/\/padlet.com\/violonmichele\/colourstrings-8q9ybisv85og7z2w\">Padlet de colourstrings<\/a>\u00a0<\/p>\n\n\n<p><\/p>\n","protected":false},"excerpt":{"rendered":"<p>Cours avec Michelle Morvan, le mardi, mercredi, jeudi ou vendredi.Horaires \u00e0 d\u00e9finir avec le professeur. Mich\u00e8le enseigne le violon, dirige l&rsquo;orchestre des jeunes : Cord\u00e9ole, la m\u00e9thode colourstrings et la formation musicale. Pour les enfants d\u00e8s 5 ans : M\u00e9thode Colourstrings. Depuis 45 ans, Colourstrings est tout \u00e0 la fois une m\u00e9thode d&rsquo;apprentissage et une philosophie de l&rsquo;enseignement \u00a0offrant un bagage artistique complet. A la fois ludique et adapt\u00e9 aux petits, cet \u00a0enseignement \u00a0prend en consid\u00e9ration l&rsquo;enfant et ses besoins,&#8230;<\/p>\n<p class=\"read-more\"><a class=\"btn btn-default\" href=\"https:\/\/www.emdg-guilers.org\/index.php\/musique\/instruments\/violon\/\">Lire la suite<span class=\"screen-reader-text\"> Lire la suite<\/span><\/a><\/p>\n","protected":false},"author":3,"featured_media":0,"parent":14,"menu_order":0,"comment_status":"closed","ping_status":"closed","template":"","meta":{"footnotes":""},"yoast_head":"<!-- This site is optimized with the Yoast SEO plugin v22.4 - https:\/\/yoast.com\/wordpress\/plugins\/seo\/ -->\n<title>Violon - Ecole de Musique, Danse &amp; Th\u00e9\u00e2tre de Guilers<\/title>\n<meta name=\"robots\" content=\"index, follow, max-snippet:-1, max-image-preview:large, max-video-preview:-1\" \/>\n<link rel=\"canonical\" href=\"https:\/\/www.emdg-guilers.org\/index.php\/musique\/instruments\/violon\/\" \/>\n<meta property=\"og:locale\" content=\"fr_FR\" \/>\n<meta property=\"og:type\" content=\"article\" \/>\n<meta property=\"og:title\" content=\"Violon - Ecole de Musique, Danse &amp; Th\u00e9\u00e2tre de Guilers\" \/>\n<meta property=\"og:description\" content=\"Cours avec Michelle Morvan, le mardi, mercredi, jeudi ou vendredi.Horaires \u00e0 d\u00e9finir avec le professeur. Mich\u00e8le enseigne le violon, dirige l&rsquo;orchestre des jeunes : Cord\u00e9ole, la m\u00e9thode colourstrings et la formation musicale. Pour les enfants d\u00e8s 5 ans : M\u00e9thode Colourstrings. Depuis 45 ans, Colourstrings est tout \u00e0 la fois une m\u00e9thode d&rsquo;apprentissage et une philosophie de l&rsquo;enseignement \u00a0offrant un bagage artistique complet. A la fois ludique et adapt\u00e9 aux petits, cet \u00a0enseignement \u00a0prend en consid\u00e9ration l&rsquo;enfant et ses besoins,...Lire la suite Lire la suite\" \/>\n<meta property=\"og:url\" content=\"https:\/\/www.emdg-guilers.org\/index.php\/musique\/instruments\/violon\/\" \/>\n<meta property=\"og:site_name\" content=\"Ecole de Musique, Danse &amp; Th\u00e9\u00e2tre de Guilers\" \/>\n<meta property=\"article:publisher\" content=\"https:\/\/www.facebook.com\/Ecole-de-Musique-et-de-Danse-de-Guilers-480017765533016\/\" \/>\n<meta property=\"article:modified_time\" content=\"2023-09-25T15:58:06+00:00\" \/>\n<meta property=\"og:image\" content=\"https:\/\/www.emdg-guilers.org\/wp-content\/uploads\/2022\/09\/23-300x300.jpg\" \/>\n<meta name=\"twitter:card\" content=\"summary_large_image\" \/>\n<meta name=\"twitter:label1\" content=\"Dur\u00e9e de lecture estim\u00e9e\" \/>\n\t<meta name=\"twitter:data1\" content=\"1 minute\" \/>\n<script type=\"application\/ld+json\" class=\"yoast-schema-graph\">{\"@context\":\"https:\/\/schema.org\",\"@graph\":[{\"@type\":\"WebPage\",\"@id\":\"https:\/\/www.emdg-guilers.org\/index.php\/musique\/instruments\/violon\/\",\"url\":\"https:\/\/www.emdg-guilers.org\/index.php\/musique\/instruments\/violon\/\",\"name\":\"Violon - Ecole de Musique, Danse &amp; Th\u00e9\u00e2tre de Guilers\",\"isPartOf\":{\"@id\":\"https:\/\/www.emdg-guilers.org\/#website\"},\"primaryImageOfPage\":{\"@id\":\"https:\/\/www.emdg-guilers.org\/index.php\/musique\/instruments\/violon\/#primaryimage\"},\"image\":{\"@id\":\"https:\/\/www.emdg-guilers.org\/index.php\/musique\/instruments\/violon\/#primaryimage\"},\"thumbnailUrl\":\"https:\/\/www.emdg-guilers.org\/wp-content\/uploads\/2022\/09\/23-300x300.jpg\",\"datePublished\":\"2016-06-29T14:54:09+00:00\",\"dateModified\":\"2023-09-25T15:58:06+00:00\",\"breadcrumb\":{\"@id\":\"https:\/\/www.emdg-guilers.org\/index.php\/musique\/instruments\/violon\/#breadcrumb\"},\"inLanguage\":\"fr-FR\",\"potentialAction\":[{\"@type\":\"ReadAction\",\"target\":[\"https:\/\/www.emdg-guilers.org\/index.php\/musique\/instruments\/violon\/\"]}]},{\"@type\":\"ImageObject\",\"inLanguage\":\"fr-FR\",\"@id\":\"https:\/\/www.emdg-guilers.org\/index.php\/musique\/instruments\/violon\/#primaryimage\",\"url\":\"https:\/\/www.emdg-guilers.org\/wp-content\/uploads\/2022\/09\/23.jpg\",\"contentUrl\":\"https:\/\/www.emdg-guilers.org\/wp-content\/uploads\/2022\/09\/23.jpg\",\"width\":1080,\"height\":1080},{\"@type\":\"BreadcrumbList\",\"@id\":\"https:\/\/www.emdg-guilers.org\/index.php\/musique\/instruments\/violon\/#breadcrumb\",\"itemListElement\":[{\"@type\":\"ListItem\",\"position\":1,\"name\":\"Accueil\",\"item\":\"https:\/\/www.emdg-guilers.org\/\"},{\"@type\":\"ListItem\",\"position\":2,\"name\":\"Musique\",\"item\":\"https:\/\/www.emdg-guilers.org\/index.php\/musique\/\"},{\"@type\":\"ListItem\",\"position\":3,\"name\":\"Instruments\",\"item\":\"https:\/\/www.emdg-guilers.org\/index.php\/musique\/instruments\/\"},{\"@type\":\"ListItem\",\"position\":4,\"name\":\"Violon\"}]},{\"@type\":\"WebSite\",\"@id\":\"https:\/\/www.emdg-guilers.org\/#website\",\"url\":\"https:\/\/www.emdg-guilers.org\/\",\"name\":\"Ecole de Musique et Danse de Guilers\",\"description\":\"Ecole associative, cours de musique, danse, th\u00e9\u00e2tre accessibles \u00e0 tous\",\"publisher\":{\"@id\":\"https:\/\/www.emdg-guilers.org\/#organization\"},\"potentialAction\":[{\"@type\":\"SearchAction\",\"target\":{\"@type\":\"EntryPoint\",\"urlTemplate\":\"https:\/\/www.emdg-guilers.org\/?s={search_term_string}\"},\"query-input\":\"required name=search_term_string\"}],\"inLanguage\":\"fr-FR\"},{\"@type\":\"Organization\",\"@id\":\"https:\/\/www.emdg-guilers.org\/#organization\",\"name\":\"Ecole de Musique et de Danse\",\"url\":\"https:\/\/www.emdg-guilers.org\/\",\"logo\":{\"@type\":\"ImageObject\",\"inLanguage\":\"fr-FR\",\"@id\":\"https:\/\/www.emdg-guilers.org\/#\/schema\/logo\/image\/\",\"url\":\"https:\/\/www.emdg-guilers.org\/wp-content\/uploads\/2016\/06\/logo2014.jpg\",\"contentUrl\":\"https:\/\/www.emdg-guilers.org\/wp-content\/uploads\/2016\/06\/logo2014.jpg\",\"width\":214,\"height\":116,\"caption\":\"Ecole de Musique et de Danse\"},\"image\":{\"@id\":\"https:\/\/www.emdg-guilers.org\/#\/schema\/logo\/image\/\"},\"sameAs\":[\"https:\/\/www.facebook.com\/Ecole-de-Musique-et-de-Danse-de-Guilers-480017765533016\/\"]}]}<\/script>\n<!-- \/ Yoast SEO plugin. -->","yoast_head_json":{"title":"Violon - Ecole de Musique, Danse &amp; Th\u00e9\u00e2tre de Guilers","robots":{"index":"index","follow":"follow","max-snippet":"max-snippet:-1","max-image-preview":"max-image-preview:large","max-video-preview":"max-video-preview:-1"},"canonical":"https:\/\/www.emdg-guilers.org\/index.php\/musique\/instruments\/violon\/","og_locale":"fr_FR","og_type":"article","og_title":"Violon - Ecole de Musique, Danse &amp; Th\u00e9\u00e2tre de Guilers","og_description":"Cours avec Michelle Morvan, le mardi, mercredi, jeudi ou vendredi.Horaires \u00e0 d\u00e9finir avec le professeur. Mich\u00e8le enseigne le violon, dirige l&rsquo;orchestre des jeunes : Cord\u00e9ole, la m\u00e9thode colourstrings et la formation musicale. Pour les enfants d\u00e8s 5 ans : M\u00e9thode Colourstrings. Depuis 45 ans, Colourstrings est tout \u00e0 la fois une m\u00e9thode d&rsquo;apprentissage et une philosophie de l&rsquo;enseignement \u00a0offrant un bagage artistique complet. A la fois ludique et adapt\u00e9 aux petits, cet \u00a0enseignement \u00a0prend en consid\u00e9ration l&rsquo;enfant et ses besoins,...Lire la suite Lire la suite","og_url":"https:\/\/www.emdg-guilers.org\/index.php\/musique\/instruments\/violon\/","og_site_name":"Ecole de Musique, Danse &amp; Th\u00e9\u00e2tre de Guilers","article_publisher":"https:\/\/www.facebook.com\/Ecole-de-Musique-et-de-Danse-de-Guilers-480017765533016\/","article_modified_time":"2023-09-25T15:58:06+00:00","og_image":[{"url":"https:\/\/www.emdg-guilers.org\/wp-content\/uploads\/2022\/09\/23-300x300.jpg"}],"twitter_card":"summary_large_image","twitter_misc":{"Dur\u00e9e de lecture estim\u00e9e":"1 minute"},"schema":{"@context":"https:\/\/schema.org","@graph":[{"@type":"WebPage","@id":"https:\/\/www.emdg-guilers.org\/index.php\/musique\/instruments\/violon\/","url":"https:\/\/www.emdg-guilers.org\/index.php\/musique\/instruments\/violon\/","name":"Violon - Ecole de Musique, Danse &amp; Th\u00e9\u00e2tre de Guilers","isPartOf":{"@id":"https:\/\/www.emdg-guilers.org\/#website"},"primaryImageOfPage":{"@id":"https:\/\/www.emdg-guilers.org\/index.php\/musique\/instruments\/violon\/#primaryimage"},"image":{"@id":"https:\/\/www.emdg-guilers.org\/index.php\/musique\/instruments\/violon\/#primaryimage"},"thumbnailUrl":"https:\/\/www.emdg-guilers.org\/wp-content\/uploads\/2022\/09\/23-300x300.jpg","datePublished":"2016-06-29T14:54:09+00:00","dateModified":"2023-09-25T15:58:06+00:00","breadcrumb":{"@id":"https:\/\/www.emdg-guilers.org\/index.php\/musique\/instruments\/violon\/#breadcrumb"},"inLanguage":"fr-FR","potentialAction":[{"@type":"ReadAction","target":["https:\/\/www.emdg-guilers.org\/index.php\/musique\/instruments\/violon\/"]}]},{"@type":"ImageObject","inLanguage":"fr-FR","@id":"https:\/\/www.emdg-guilers.org\/index.php\/musique\/instruments\/violon\/#primaryimage","url":"https:\/\/www.emdg-guilers.org\/wp-content\/uploads\/2022\/09\/23.jpg","contentUrl":"https:\/\/www.emdg-guilers.org\/wp-content\/uploads\/2022\/09\/23.jpg","width":1080,"height":1080},{"@type":"BreadcrumbList","@id":"https:\/\/www.emdg-guilers.org\/index.php\/musique\/instruments\/violon\/#breadcrumb","itemListElement":[{"@type":"ListItem","position":1,"name":"Accueil","item":"https:\/\/www.emdg-guilers.org\/"},{"@type":"ListItem","position":2,"name":"Musique","item":"https:\/\/www.emdg-guilers.org\/index.php\/musique\/"},{"@type":"ListItem","position":3,"name":"Instruments","item":"https:\/\/www.emdg-guilers.org\/index.php\/musique\/instruments\/"},{"@type":"ListItem","position":4,"name":"Violon"}]},{"@type":"WebSite","@id":"https:\/\/www.emdg-guilers.org\/#website","url":"https:\/\/www.emdg-guilers.org\/","name":"Ecole de Musique et Danse de Guilers","description":"Ecole associative, cours de musique, danse, th\u00e9\u00e2tre accessibles \u00e0 tous","publisher":{"@id":"https:\/\/www.emdg-guilers.org\/#organization"},"potentialAction":[{"@type":"SearchAction","target":{"@type":"EntryPoint","urlTemplate":"https:\/\/www.emdg-guilers.org\/?s={search_term_string}"},"query-input":"required name=search_term_string"}],"inLanguage":"fr-FR"},{"@type":"Organization","@id":"https:\/\/www.emdg-guilers.org\/#organization","name":"Ecole de Musique et de Danse","url":"https:\/\/www.emdg-guilers.org\/","logo":{"@type":"ImageObject","inLanguage":"fr-FR","@id":"https:\/\/www.emdg-guilers.org\/#\/schema\/logo\/image\/","url":"https:\/\/www.emdg-guilers.org\/wp-content\/uploads\/2016\/06\/logo2014.jpg","contentUrl":"https:\/\/www.emdg-guilers.org\/wp-content\/uploads\/2016\/06\/logo2014.jpg","width":214,"height":116,"caption":"Ecole de Musique et de Danse"},"image":{"@id":"https:\/\/www.emdg-guilers.org\/#\/schema\/logo\/image\/"},"sameAs":["https:\/\/www.facebook.com\/Ecole-de-Musique-et-de-Danse-de-Guilers-480017765533016\/"]}]}},"_links":{"self":[{"href":"https:\/\/www.emdg-guilers.org\/index.php\/wp-json\/wp\/v2\/pages\/44"}],"collection":[{"href":"https:\/\/www.emdg-guilers.org\/index.php\/wp-json\/wp\/v2\/pages"}],"about":[{"href":"https:\/\/www.emdg-guilers.org\/index.php\/wp-json\/wp\/v2\/types\/page"}],"author":[{"embeddable":true,"href":"https:\/\/www.emdg-guilers.org\/index.php\/wp-json\/wp\/v2\/users\/3"}],"replies":[{"embeddable":true,"href":"https:\/\/www.emdg-guilers.org\/index.php\/wp-json\/wp\/v2\/comments?post=44"}],"version-history":[{"count":9,"href":"https:\/\/www.emdg-guilers.org\/index.php\/wp-json\/wp\/v2\/pages\/44\/revisions"}],"predecessor-version":[{"id":3863,"href":"https:\/\/www.emdg-guilers.org\/index.php\/wp-json\/wp\/v2\/pages\/44\/revisions\/3863"}],"up":[{"embeddable":true,"href":"https:\/\/www.emdg-guilers.org\/index.php\/wp-json\/wp\/v2\/pages\/14"}],"wp:attachment":[{"href":"https:\/\/www.emdg-guilers.org\/index.php\/wp-json\/wp\/v2\/media?parent=44"}],"curies":[{"name":"wp","href":"https:\/\/api.w.org\/{rel}","templated":true}]}}