{"id":3396,"date":"2023-01-24T10:19:34","date_gmt":"2023-01-24T09:19:34","guid":{"rendered":"https:\/\/www.emdg-guilers.org\/?post_type=tribe_events&#038;p=3396"},"modified":"2023-04-13T16:54:28","modified_gmt":"2023-04-13T14:54:28","slug":"stage-de-theatre-decouverte-9-13-ans","status":"publish","type":"tribe_events","link":"https:\/\/www.emdg-guilers.org\/index.php\/event\/stage-de-theatre-decouverte-9-13-ans\/","title":{"rendered":"Stage de th\u00e9\u00e2tre d\u00e9couverte 9-13 ans"},"content":{"rendered":"<p>Pour les enfants et jeunes de 9 \u00e0 13 ans, d\u00e9butants ou ayant d\u00e9j\u00e0 une pratique. 9h-12h &#8211; 15\u20ac<\/p>\n<p>Stage ouvert \u00e0 tous.<\/p>\n<p>D\u00e9couverte de la pratique th\u00e9\u00e2trale, Prise de parole devant un public, Travail de la confiance en soi, Pratique de sc\u00e9nettes, Coh\u00e9sion de groupe&#8230;<\/p>\n<p><img loading=\"lazy\" decoding=\"async\" class=\"size-medium wp-image-3397 alignleft\" src=\"https:\/\/www.emdg-guilers.org\/wp-content\/uploads\/2023\/01\/2023-04-19-stage-theatre-1-212x300.jpg\" alt=\"\" width=\"212\" height=\"300\" srcset=\"https:\/\/www.emdg-guilers.org\/wp-content\/uploads\/2023\/01\/2023-04-19-stage-theatre-1-212x300.jpg 212w, https:\/\/www.emdg-guilers.org\/wp-content\/uploads\/2023\/01\/2023-04-19-stage-theatre-1-724x1024.jpg 724w, https:\/\/www.emdg-guilers.org\/wp-content\/uploads\/2023\/01\/2023-04-19-stage-theatre-1-768x1086.jpg 768w, https:\/\/www.emdg-guilers.org\/wp-content\/uploads\/2023\/01\/2023-04-19-stage-theatre-1-1086x1536.jpg 1086w, https:\/\/www.emdg-guilers.org\/wp-content\/uploads\/2023\/01\/2023-04-19-stage-theatre-1-1448x2048.jpg 1448w, https:\/\/www.emdg-guilers.org\/wp-content\/uploads\/2023\/01\/2023-04-19-stage-theatre-1-191x270.jpg 191w, https:\/\/www.emdg-guilers.org\/wp-content\/uploads\/2023\/01\/2023-04-19-stage-theatre-1.jpg 1587w\" sizes=\"(max-width: 212px) 100vw, 212px\" \/> <img loading=\"lazy\" decoding=\"async\" class=\"size-medium wp-image-3398 alignleft\" src=\"https:\/\/www.emdg-guilers.org\/wp-content\/uploads\/2023\/01\/2023-04-19-stage-theatre-2-212x300.jpg\" alt=\"\" width=\"212\" height=\"300\" srcset=\"https:\/\/www.emdg-guilers.org\/wp-content\/uploads\/2023\/01\/2023-04-19-stage-theatre-2-212x300.jpg 212w, https:\/\/www.emdg-guilers.org\/wp-content\/uploads\/2023\/01\/2023-04-19-stage-theatre-2-724x1024.jpg 724w, https:\/\/www.emdg-guilers.org\/wp-content\/uploads\/2023\/01\/2023-04-19-stage-theatre-2-768x1086.jpg 768w, https:\/\/www.emdg-guilers.org\/wp-content\/uploads\/2023\/01\/2023-04-19-stage-theatre-2-1086x1536.jpg 1086w, https:\/\/www.emdg-guilers.org\/wp-content\/uploads\/2023\/01\/2023-04-19-stage-theatre-2-1448x2048.jpg 1448w, https:\/\/www.emdg-guilers.org\/wp-content\/uploads\/2023\/01\/2023-04-19-stage-theatre-2-191x270.jpg 191w, https:\/\/www.emdg-guilers.org\/wp-content\/uploads\/2023\/01\/2023-04-19-stage-theatre-2.jpg 1587w\" sizes=\"(max-width: 212px) 100vw, 212px\" \/><\/p>\n","protected":false},"excerpt":{"rendered":"<p>Pour les enfants et jeunes de 9 \u00e0 13 ans, d\u00e9butants ou ayant d\u00e9j\u00e0 une pratique. 9h-12h &#8211; 15\u20ac Stage ouvert \u00e0 tous. D\u00e9couverte de la pratique th\u00e9\u00e2trale, Prise de parole devant un public, Travail de la confiance en soi, Pratique de sc\u00e9nettes, Coh\u00e9sion de groupe&#8230;<\/p>\n","protected":false},"author":3,"featured_media":0,"comment_status":"closed","ping_status":"closed","template":"","meta":{"_tribe_events_status":"","_tribe_events_status_reason":"","footnotes":""},"tags":[109,47,124,122,120,123],"tribe_events_cat":[121],"yoast_head":"<!-- This site is optimized with the Yoast SEO plugin v22.4 - https:\/\/yoast.com\/wordpress\/plugins\/seo\/ -->\n<title>Stage de th\u00e9\u00e2tre d\u00e9couverte 9-13 ans - Ecole de Musique, Danse &amp; Th\u00e9\u00e2tre de Guilers<\/title>\n<meta name=\"description\" content=\"Stage Th\u00e9\u00e2tre vacances scolaires de P\u00e2ques pour les 9-13 ans - Guilers, Brest, Bohars, St Renan, Plouzan\u00e9, Gouesnou...\" \/>\n<meta name=\"robots\" content=\"index, follow, max-snippet:-1, max-image-preview:large, max-video-preview:-1\" \/>\n<link rel=\"canonical\" href=\"https:\/\/www.emdg-guilers.org\/index.php\/event\/stage-de-theatre-decouverte-9-13-ans\/\" \/>\n<meta property=\"og:locale\" content=\"fr_FR\" \/>\n<meta property=\"og:type\" content=\"article\" \/>\n<meta property=\"og:title\" content=\"Stage de th\u00e9\u00e2tre d\u00e9couverte 9-13 ans - Ecole de Musique, Danse &amp; Th\u00e9\u00e2tre de Guilers\" \/>\n<meta property=\"og:description\" content=\"Stage Th\u00e9\u00e2tre vacances scolaires de P\u00e2ques pour les 9-13 ans - Guilers, Brest, Bohars, St Renan, Plouzan\u00e9, Gouesnou...\" \/>\n<meta property=\"og:url\" content=\"https:\/\/www.emdg-guilers.org\/index.php\/event\/stage-de-theatre-decouverte-9-13-ans\/\" \/>\n<meta property=\"og:site_name\" content=\"Ecole de Musique, Danse &amp; Th\u00e9\u00e2tre de Guilers\" \/>\n<meta property=\"article:publisher\" content=\"https:\/\/www.facebook.com\/Ecole-de-Musique-et-de-Danse-de-Guilers-480017765533016\/\" \/>\n<meta property=\"article:modified_time\" content=\"2023-04-13T14:54:28+00:00\" \/>\n<meta property=\"og:image\" content=\"https:\/\/www.emdg-guilers.org\/wp-content\/uploads\/2023\/01\/2023-04-19-stage-theatre-1-212x300.jpg\" \/>\n<meta name=\"twitter:card\" content=\"summary_large_image\" \/>\n<meta name=\"twitter:label1\" content=\"Dur\u00e9e de lecture estim\u00e9e\" \/>\n\t<meta name=\"twitter:data1\" content=\"1 minute\" \/>\n<script type=\"application\/ld+json\" class=\"yoast-schema-graph\">{\"@context\":\"https:\/\/schema.org\",\"@graph\":[{\"@type\":\"WebPage\",\"@id\":\"https:\/\/www.emdg-guilers.org\/index.php\/event\/stage-de-theatre-decouverte-9-13-ans\/\",\"url\":\"https:\/\/www.emdg-guilers.org\/index.php\/event\/stage-de-theatre-decouverte-9-13-ans\/\",\"name\":\"Stage de th\u00e9\u00e2tre d\u00e9couverte 9-13 ans - Ecole de Musique, Danse &amp; Th\u00e9\u00e2tre de Guilers\",\"isPartOf\":{\"@id\":\"https:\/\/www.emdg-guilers.org\/#website\"},\"primaryImageOfPage\":{\"@id\":\"https:\/\/www.emdg-guilers.org\/index.php\/event\/stage-de-theatre-decouverte-9-13-ans\/#primaryimage\"},\"image\":{\"@id\":\"https:\/\/www.emdg-guilers.org\/index.php\/event\/stage-de-theatre-decouverte-9-13-ans\/#primaryimage\"},\"thumbnailUrl\":\"https:\/\/www.emdg-guilers.org\/wp-content\/uploads\/2023\/01\/2023-04-19-stage-theatre-1-212x300.jpg\",\"datePublished\":\"2023-01-24T09:19:34+00:00\",\"dateModified\":\"2023-04-13T14:54:28+00:00\",\"description\":\"Stage Th\u00e9\u00e2tre vacances scolaires de P\u00e2ques pour les 9-13 ans - Guilers, Brest, Bohars, St Renan, Plouzan\u00e9, Gouesnou...\",\"breadcrumb\":{\"@id\":\"https:\/\/www.emdg-guilers.org\/index.php\/event\/stage-de-theatre-decouverte-9-13-ans\/#breadcrumb\"},\"inLanguage\":\"fr-FR\",\"potentialAction\":[{\"@type\":\"ReadAction\",\"target\":[\"https:\/\/www.emdg-guilers.org\/index.php\/event\/stage-de-theatre-decouverte-9-13-ans\/\"]}]},{\"@type\":\"ImageObject\",\"inLanguage\":\"fr-FR\",\"@id\":\"https:\/\/www.emdg-guilers.org\/index.php\/event\/stage-de-theatre-decouverte-9-13-ans\/#primaryimage\",\"url\":\"https:\/\/www.emdg-guilers.org\/wp-content\/uploads\/2023\/01\/2023-04-19-stage-theatre-1.jpg\",\"contentUrl\":\"https:\/\/www.emdg-guilers.org\/wp-content\/uploads\/2023\/01\/2023-04-19-stage-theatre-1.jpg\",\"width\":1587,\"height\":2245,\"caption\":\"Stage de th\u00e9\u00e2tre\"},{\"@type\":\"BreadcrumbList\",\"@id\":\"https:\/\/www.emdg-guilers.org\/index.php\/event\/stage-de-theatre-decouverte-9-13-ans\/#breadcrumb\",\"itemListElement\":[{\"@type\":\"ListItem\",\"position\":1,\"name\":\"Accueil\",\"item\":\"https:\/\/www.emdg-guilers.org\/\"},{\"@type\":\"ListItem\",\"position\":2,\"name\":\"\u00c9v\u00e8nements\",\"item\":\"https:\/\/www.emdg-guilers.org\/index.php\/events\/\"},{\"@type\":\"ListItem\",\"position\":3,\"name\":\"Stage de th\u00e9\u00e2tre d\u00e9couverte 9-13 ans\"}]},{\"@type\":\"WebSite\",\"@id\":\"https:\/\/www.emdg-guilers.org\/#website\",\"url\":\"https:\/\/www.emdg-guilers.org\/\",\"name\":\"Ecole de Musique et Danse de Guilers\",\"description\":\"Ecole associative, cours de musique, danse, th\u00e9\u00e2tre accessibles \u00e0 tous\",\"publisher\":{\"@id\":\"https:\/\/www.emdg-guilers.org\/#organization\"},\"potentialAction\":[{\"@type\":\"SearchAction\",\"target\":{\"@type\":\"EntryPoint\",\"urlTemplate\":\"https:\/\/www.emdg-guilers.org\/?s={search_term_string}\"},\"query-input\":\"required name=search_term_string\"}],\"inLanguage\":\"fr-FR\"},{\"@type\":\"Organization\",\"@id\":\"https:\/\/www.emdg-guilers.org\/#organization\",\"name\":\"Ecole de Musique et de Danse\",\"url\":\"https:\/\/www.emdg-guilers.org\/\",\"logo\":{\"@type\":\"ImageObject\",\"inLanguage\":\"fr-FR\",\"@id\":\"https:\/\/www.emdg-guilers.org\/#\/schema\/logo\/image\/\",\"url\":\"https:\/\/www.emdg-guilers.org\/wp-content\/uploads\/2016\/06\/logo2014.jpg\",\"contentUrl\":\"https:\/\/www.emdg-guilers.org\/wp-content\/uploads\/2016\/06\/logo2014.jpg\",\"width\":214,\"height\":116,\"caption\":\"Ecole de Musique et de Danse\"},\"image\":{\"@id\":\"https:\/\/www.emdg-guilers.org\/#\/schema\/logo\/image\/\"},\"sameAs\":[\"https:\/\/www.facebook.com\/Ecole-de-Musique-et-de-Danse-de-Guilers-480017765533016\/\"]}]}<\/script>\n<!-- \/ Yoast SEO plugin. -->","yoast_head_json":{"title":"Stage de th\u00e9\u00e2tre d\u00e9couverte 9-13 ans - Ecole de Musique, Danse &amp; Th\u00e9\u00e2tre de Guilers","description":"Stage Th\u00e9\u00e2tre vacances scolaires de P\u00e2ques pour les 9-13 ans - Guilers, Brest, Bohars, St Renan, Plouzan\u00e9, Gouesnou...","robots":{"index":"index","follow":"follow","max-snippet":"max-snippet:-1","max-image-preview":"max-image-preview:large","max-video-preview":"max-video-preview:-1"},"canonical":"https:\/\/www.emdg-guilers.org\/index.php\/event\/stage-de-theatre-decouverte-9-13-ans\/","og_locale":"fr_FR","og_type":"article","og_title":"Stage de th\u00e9\u00e2tre d\u00e9couverte 9-13 ans - Ecole de Musique, Danse &amp; Th\u00e9\u00e2tre de Guilers","og_description":"Stage Th\u00e9\u00e2tre vacances scolaires de P\u00e2ques pour les 9-13 ans - Guilers, Brest, Bohars, St Renan, Plouzan\u00e9, Gouesnou...","og_url":"https:\/\/www.emdg-guilers.org\/index.php\/event\/stage-de-theatre-decouverte-9-13-ans\/","og_site_name":"Ecole de Musique, Danse &amp; Th\u00e9\u00e2tre de Guilers","article_publisher":"https:\/\/www.facebook.com\/Ecole-de-Musique-et-de-Danse-de-Guilers-480017765533016\/","article_modified_time":"2023-04-13T14:54:28+00:00","og_image":[{"url":"https:\/\/www.emdg-guilers.org\/wp-content\/uploads\/2023\/01\/2023-04-19-stage-theatre-1-212x300.jpg"}],"twitter_card":"summary_large_image","twitter_misc":{"Dur\u00e9e de lecture estim\u00e9e":"1 minute"},"schema":{"@context":"https:\/\/schema.org","@graph":[{"@type":"WebPage","@id":"https:\/\/www.emdg-guilers.org\/index.php\/event\/stage-de-theatre-decouverte-9-13-ans\/","url":"https:\/\/www.emdg-guilers.org\/index.php\/event\/stage-de-theatre-decouverte-9-13-ans\/","name":"Stage de th\u00e9\u00e2tre d\u00e9couverte 9-13 ans - Ecole de Musique, Danse &amp; Th\u00e9\u00e2tre de Guilers","isPartOf":{"@id":"https:\/\/www.emdg-guilers.org\/#website"},"primaryImageOfPage":{"@id":"https:\/\/www.emdg-guilers.org\/index.php\/event\/stage-de-theatre-decouverte-9-13-ans\/#primaryimage"},"image":{"@id":"https:\/\/www.emdg-guilers.org\/index.php\/event\/stage-de-theatre-decouverte-9-13-ans\/#primaryimage"},"thumbnailUrl":"https:\/\/www.emdg-guilers.org\/wp-content\/uploads\/2023\/01\/2023-04-19-stage-theatre-1-212x300.jpg","datePublished":"2023-01-24T09:19:34+00:00","dateModified":"2023-04-13T14:54:28+00:00","description":"Stage Th\u00e9\u00e2tre vacances scolaires de P\u00e2ques pour les 9-13 ans - Guilers, Brest, Bohars, St Renan, Plouzan\u00e9, Gouesnou...","breadcrumb":{"@id":"https:\/\/www.emdg-guilers.org\/index.php\/event\/stage-de-theatre-decouverte-9-13-ans\/#breadcrumb"},"inLanguage":"fr-FR","potentialAction":[{"@type":"ReadAction","target":["https:\/\/www.emdg-guilers.org\/index.php\/event\/stage-de-theatre-decouverte-9-13-ans\/"]}]},{"@type":"ImageObject","inLanguage":"fr-FR","@id":"https:\/\/www.emdg-guilers.org\/index.php\/event\/stage-de-theatre-decouverte-9-13-ans\/#primaryimage","url":"https:\/\/www.emdg-guilers.org\/wp-content\/uploads\/2023\/01\/2023-04-19-stage-theatre-1.jpg","contentUrl":"https:\/\/www.emdg-guilers.org\/wp-content\/uploads\/2023\/01\/2023-04-19-stage-theatre-1.jpg","width":1587,"height":2245,"caption":"Stage de th\u00e9\u00e2tre"},{"@type":"BreadcrumbList","@id":"https:\/\/www.emdg-guilers.org\/index.php\/event\/stage-de-theatre-decouverte-9-13-ans\/#breadcrumb","itemListElement":[{"@type":"ListItem","position":1,"name":"Accueil","item":"https:\/\/www.emdg-guilers.org\/"},{"@type":"ListItem","position":2,"name":"\u00c9v\u00e8nements","item":"https:\/\/www.emdg-guilers.org\/index.php\/events\/"},{"@type":"ListItem","position":3,"name":"Stage de th\u00e9\u00e2tre d\u00e9couverte 9-13 ans"}]},{"@type":"WebSite","@id":"https:\/\/www.emdg-guilers.org\/#website","url":"https:\/\/www.emdg-guilers.org\/","name":"Ecole de Musique et Danse de Guilers","description":"Ecole associative, cours de musique, danse, th\u00e9\u00e2tre accessibles \u00e0 tous","publisher":{"@id":"https:\/\/www.emdg-guilers.org\/#organization"},"potentialAction":[{"@type":"SearchAction","target":{"@type":"EntryPoint","urlTemplate":"https:\/\/www.emdg-guilers.org\/?s={search_term_string}"},"query-input":"required name=search_term_string"}],"inLanguage":"fr-FR"},{"@type":"Organization","@id":"https:\/\/www.emdg-guilers.org\/#organization","name":"Ecole de Musique et de Danse","url":"https:\/\/www.emdg-guilers.org\/","logo":{"@type":"ImageObject","inLanguage":"fr-FR","@id":"https:\/\/www.emdg-guilers.org\/#\/schema\/logo\/image\/","url":"https:\/\/www.emdg-guilers.org\/wp-content\/uploads\/2016\/06\/logo2014.jpg","contentUrl":"https:\/\/www.emdg-guilers.org\/wp-content\/uploads\/2016\/06\/logo2014.jpg","width":214,"height":116,"caption":"Ecole de Musique et de Danse"},"image":{"@id":"https:\/\/www.emdg-guilers.org\/#\/schema\/logo\/image\/"},"sameAs":["https:\/\/www.facebook.com\/Ecole-de-Musique-et-de-Danse-de-Guilers-480017765533016\/"]}]}},"_links":{"self":[{"href":"https:\/\/www.emdg-guilers.org\/index.php\/wp-json\/wp\/v2\/tribe_events\/3396"}],"collection":[{"href":"https:\/\/www.emdg-guilers.org\/index.php\/wp-json\/wp\/v2\/tribe_events"}],"about":[{"href":"https:\/\/www.emdg-guilers.org\/index.php\/wp-json\/wp\/v2\/types\/tribe_events"}],"author":[{"embeddable":true,"href":"https:\/\/www.emdg-guilers.org\/index.php\/wp-json\/wp\/v2\/users\/3"}],"replies":[{"embeddable":true,"href":"https:\/\/www.emdg-guilers.org\/index.php\/wp-json\/wp\/v2\/comments?post=3396"}],"version-history":[{"count":2,"href":"https:\/\/www.emdg-guilers.org\/index.php\/wp-json\/wp\/v2\/tribe_events\/3396\/revisions"}],"predecessor-version":[{"id":3550,"href":"https:\/\/www.emdg-guilers.org\/index.php\/wp-json\/wp\/v2\/tribe_events\/3396\/revisions\/3550"}],"wp:attachment":[{"href":"https:\/\/www.emdg-guilers.org\/index.php\/wp-json\/wp\/v2\/media?parent=3396"}],"wp:term":[{"taxonomy":"post_tag","embeddable":true,"href":"https:\/\/www.emdg-guilers.org\/index.php\/wp-json\/wp\/v2\/tags?post=3396"},{"taxonomy":"tribe_events_cat","embeddable":true,"href":"https:\/\/www.emdg-guilers.org\/index.php\/wp-json\/wp\/v2\/tribe_events_cat?post=3396"}],"curies":[{"name":"wp","href":"https:\/\/api.w.org\/{rel}","templated":true}]}}