{"id":3458,"date":"2023-02-09T12:14:42","date_gmt":"2023-02-09T11:14:42","guid":{"rendered":"https:\/\/www.emdg-guilers.org\/?post_type=tribe_events&#038;p=3458"},"modified":"2023-03-14T11:38:09","modified_gmt":"2023-03-14T10:38:09","slug":"concert-de-guilpop-ensemble-guitares-et-chant","status":"publish","type":"tribe_events","link":"https:\/\/www.emdg-guilers.org\/index.php\/event\/concert-de-guilpop-ensemble-guitares-et-chant\/","title":{"rendered":"Concert de Guilpop, ensemble guitares et chant"},"content":{"rendered":"<p><strong>GUILPOP \/ pop rock<\/strong><\/p>\n<p><strong><br \/>\nLa Guilth\u00e8que, Guilers<\/strong><\/p>\n<p><strong>\u00a0<\/strong>Le groupe Guilpop a \u00e9t\u00e9 cr\u00e9e en 2021 au sein de l\u2019Ecole de Musique, Danse et Th\u00e9\u00e2tre de Guilers.<\/p>\n<p>Dirig\u00e9 par Philippe Gouret, musicien et professeur dans de nombreux groupes et \u00e9coles de la R\u00e9gion, ce groupe rassemble un petit nombre de musiciens, tous passionn\u00e9s de rock et pop.<\/p>\n<p>Guitaristes et chanteurs, ils proposent un r\u00e9pertoire vari\u00e9, allant de Neil Young \u00e0 Eric Clapton, en passant par les Beatles ou The Corrs.<\/p>\n<p>&nbsp;<\/p>\n<p>Dur\u00e9e\u00a0: \u00a01h<\/p>\n<p>Gratuit<\/p>\n<p>Ouvert \u00e0 tous<\/p>\n<p><a href=\"http:\/\/www.emdg-guilers.org\">www.emdg-guilers.org<\/a><\/p>\n<p><a href=\"https:\/\/philippegouret.blogspot.com\/\">https:\/\/philippegouret.blogspot.com\/<\/a><\/p>\n<p><strong><img loading=\"lazy\" decoding=\"async\" class=\"aligncenter size-medium wp-image-3523\" src=\"https:\/\/www.emdg-guilers.org\/wp-content\/uploads\/2023\/02\/guilpop-affiche-mediatheque-212x300.jpg\" alt=\"\" width=\"212\" height=\"300\" srcset=\"https:\/\/www.emdg-guilers.org\/wp-content\/uploads\/2023\/02\/guilpop-affiche-mediatheque-212x300.jpg 212w, https:\/\/www.emdg-guilers.org\/wp-content\/uploads\/2023\/02\/guilpop-affiche-mediatheque-724x1024.jpg 724w, https:\/\/www.emdg-guilers.org\/wp-content\/uploads\/2023\/02\/guilpop-affiche-mediatheque-768x1086.jpg 768w, https:\/\/www.emdg-guilers.org\/wp-content\/uploads\/2023\/02\/guilpop-affiche-mediatheque-1086x1536.jpg 1086w, https:\/\/www.emdg-guilers.org\/wp-content\/uploads\/2023\/02\/guilpop-affiche-mediatheque-191x270.jpg 191w, https:\/\/www.emdg-guilers.org\/wp-content\/uploads\/2023\/02\/guilpop-affiche-mediatheque.jpg 1414w\" sizes=\"(max-width: 212px) 100vw, 212px\" \/><\/strong><\/p>\n<p><b>\u00a0<\/b><\/p>\n","protected":false},"excerpt":{"rendered":"<p>GUILPOP \/ pop rock La Guilth\u00e8que, Guilers \u00a0Le groupe Guilpop a \u00e9t\u00e9 cr\u00e9e en 2021 au sein de l\u2019Ecole de Musique, Danse et Th\u00e9\u00e2tre de Guilers. Dirig\u00e9 par Philippe Gouret, musicien et professeur dans de nombreux groupes et \u00e9coles de la R\u00e9gion, ce groupe rassemble un petit nombre de musiciens, tous passionn\u00e9s de rock et pop. Guitaristes et chanteurs, ils proposent un r\u00e9pertoire vari\u00e9, allant de Neil Young \u00e0 Eric Clapton, en passant par les Beatles ou The Corrs. &nbsp;&#8230;<\/p>\n<p class=\"read-more\"><a class=\"btn btn-default\" href=\"https:\/\/www.emdg-guilers.org\/index.php\/event\/concert-de-guilpop-ensemble-guitares-et-chant\/\">Lire la suite<span class=\"screen-reader-text\"> Lire la suite<\/span><\/a><\/p>\n","protected":false},"author":3,"featured_media":0,"comment_status":"closed","ping_status":"closed","template":"","meta":{"_tribe_events_status":"","_tribe_events_status_reason":"","footnotes":""},"tags":[],"tribe_events_cat":[],"yoast_head":"<!-- This site is optimized with the Yoast SEO plugin v22.4 - https:\/\/yoast.com\/wordpress\/plugins\/seo\/ -->\n<title>Concert de Guilpop, ensemble guitares et chant - Ecole de Musique, Danse &amp; Th\u00e9\u00e2tre de Guilers<\/title>\n<meta name=\"robots\" content=\"index, follow, max-snippet:-1, max-image-preview:large, max-video-preview:-1\" \/>\n<link rel=\"canonical\" href=\"https:\/\/www.emdg-guilers.org\/index.php\/event\/concert-de-guilpop-ensemble-guitares-et-chant\/\" \/>\n<meta property=\"og:locale\" content=\"fr_FR\" \/>\n<meta property=\"og:type\" content=\"article\" \/>\n<meta property=\"og:title\" content=\"Concert de Guilpop, ensemble guitares et chant - Ecole de Musique, Danse &amp; Th\u00e9\u00e2tre de Guilers\" \/>\n<meta property=\"og:description\" content=\"GUILPOP \/ pop rock La Guilth\u00e8que, Guilers \u00a0Le groupe Guilpop a \u00e9t\u00e9 cr\u00e9e en 2021 au sein de l\u2019Ecole de Musique, Danse et Th\u00e9\u00e2tre de Guilers. Dirig\u00e9 par Philippe Gouret, musicien et professeur dans de nombreux groupes et \u00e9coles de la R\u00e9gion, ce groupe rassemble un petit nombre de musiciens, tous passionn\u00e9s de rock et pop. Guitaristes et chanteurs, ils proposent un r\u00e9pertoire vari\u00e9, allant de Neil Young \u00e0 Eric Clapton, en passant par les Beatles ou The Corrs. &nbsp;...Lire la suite Lire la suite\" \/>\n<meta property=\"og:url\" content=\"https:\/\/www.emdg-guilers.org\/index.php\/event\/concert-de-guilpop-ensemble-guitares-et-chant\/\" \/>\n<meta property=\"og:site_name\" content=\"Ecole de Musique, Danse &amp; Th\u00e9\u00e2tre de Guilers\" \/>\n<meta property=\"article:publisher\" content=\"https:\/\/www.facebook.com\/Ecole-de-Musique-et-de-Danse-de-Guilers-480017765533016\/\" \/>\n<meta property=\"article:modified_time\" content=\"2023-03-14T10:38:09+00:00\" \/>\n<meta property=\"og:image\" content=\"https:\/\/www.emdg-guilers.org\/wp-content\/uploads\/2023\/02\/guilpop-affiche-mediatheque-212x300.jpg\" \/>\n<meta name=\"twitter:card\" content=\"summary_large_image\" \/>\n<meta name=\"twitter:label1\" content=\"Dur\u00e9e de lecture estim\u00e9e\" \/>\n\t<meta name=\"twitter:data1\" content=\"1 minute\" \/>\n<script type=\"application\/ld+json\" class=\"yoast-schema-graph\">{\"@context\":\"https:\/\/schema.org\",\"@graph\":[{\"@type\":\"WebPage\",\"@id\":\"https:\/\/www.emdg-guilers.org\/index.php\/event\/concert-de-guilpop-ensemble-guitares-et-chant\/\",\"url\":\"https:\/\/www.emdg-guilers.org\/index.php\/event\/concert-de-guilpop-ensemble-guitares-et-chant\/\",\"name\":\"Concert de Guilpop, ensemble guitares et chant - Ecole de Musique, Danse &amp; Th\u00e9\u00e2tre de Guilers\",\"isPartOf\":{\"@id\":\"https:\/\/www.emdg-guilers.org\/#website\"},\"primaryImageOfPage\":{\"@id\":\"https:\/\/www.emdg-guilers.org\/index.php\/event\/concert-de-guilpop-ensemble-guitares-et-chant\/#primaryimage\"},\"image\":{\"@id\":\"https:\/\/www.emdg-guilers.org\/index.php\/event\/concert-de-guilpop-ensemble-guitares-et-chant\/#primaryimage\"},\"thumbnailUrl\":\"https:\/\/www.emdg-guilers.org\/wp-content\/uploads\/2023\/02\/guilpop-affiche-mediatheque-212x300.jpg\",\"datePublished\":\"2023-02-09T11:14:42+00:00\",\"dateModified\":\"2023-03-14T10:38:09+00:00\",\"breadcrumb\":{\"@id\":\"https:\/\/www.emdg-guilers.org\/index.php\/event\/concert-de-guilpop-ensemble-guitares-et-chant\/#breadcrumb\"},\"inLanguage\":\"fr-FR\",\"potentialAction\":[{\"@type\":\"ReadAction\",\"target\":[\"https:\/\/www.emdg-guilers.org\/index.php\/event\/concert-de-guilpop-ensemble-guitares-et-chant\/\"]}]},{\"@type\":\"ImageObject\",\"inLanguage\":\"fr-FR\",\"@id\":\"https:\/\/www.emdg-guilers.org\/index.php\/event\/concert-de-guilpop-ensemble-guitares-et-chant\/#primaryimage\",\"url\":\"https:\/\/www.emdg-guilers.org\/wp-content\/uploads\/2023\/02\/guilpop-affiche-mediatheque.jpg\",\"contentUrl\":\"https:\/\/www.emdg-guilers.org\/wp-content\/uploads\/2023\/02\/guilpop-affiche-mediatheque.jpg\",\"width\":1414,\"height\":2000},{\"@type\":\"BreadcrumbList\",\"@id\":\"https:\/\/www.emdg-guilers.org\/index.php\/event\/concert-de-guilpop-ensemble-guitares-et-chant\/#breadcrumb\",\"itemListElement\":[{\"@type\":\"ListItem\",\"position\":1,\"name\":\"Accueil\",\"item\":\"https:\/\/www.emdg-guilers.org\/\"},{\"@type\":\"ListItem\",\"position\":2,\"name\":\"\u00c9v\u00e8nements\",\"item\":\"https:\/\/www.emdg-guilers.org\/index.php\/events\/\"},{\"@type\":\"ListItem\",\"position\":3,\"name\":\"Concert de Guilpop, ensemble guitares et chant\"}]},{\"@type\":\"WebSite\",\"@id\":\"https:\/\/www.emdg-guilers.org\/#website\",\"url\":\"https:\/\/www.emdg-guilers.org\/\",\"name\":\"Ecole de Musique et Danse de Guilers\",\"description\":\"Ecole associative, cours de musique, danse, th\u00e9\u00e2tre accessibles \u00e0 tous\",\"publisher\":{\"@id\":\"https:\/\/www.emdg-guilers.org\/#organization\"},\"potentialAction\":[{\"@type\":\"SearchAction\",\"target\":{\"@type\":\"EntryPoint\",\"urlTemplate\":\"https:\/\/www.emdg-guilers.org\/?s={search_term_string}\"},\"query-input\":\"required name=search_term_string\"}],\"inLanguage\":\"fr-FR\"},{\"@type\":\"Organization\",\"@id\":\"https:\/\/www.emdg-guilers.org\/#organization\",\"name\":\"Ecole de Musique et de Danse\",\"url\":\"https:\/\/www.emdg-guilers.org\/\",\"logo\":{\"@type\":\"ImageObject\",\"inLanguage\":\"fr-FR\",\"@id\":\"https:\/\/www.emdg-guilers.org\/#\/schema\/logo\/image\/\",\"url\":\"https:\/\/www.emdg-guilers.org\/wp-content\/uploads\/2016\/06\/logo2014.jpg\",\"contentUrl\":\"https:\/\/www.emdg-guilers.org\/wp-content\/uploads\/2016\/06\/logo2014.jpg\",\"width\":214,\"height\":116,\"caption\":\"Ecole de Musique et de Danse\"},\"image\":{\"@id\":\"https:\/\/www.emdg-guilers.org\/#\/schema\/logo\/image\/\"},\"sameAs\":[\"https:\/\/www.facebook.com\/Ecole-de-Musique-et-de-Danse-de-Guilers-480017765533016\/\"]}]}<\/script>\n<!-- \/ Yoast SEO plugin. -->","yoast_head_json":{"title":"Concert de Guilpop, ensemble guitares et chant - Ecole de Musique, Danse &amp; Th\u00e9\u00e2tre de Guilers","robots":{"index":"index","follow":"follow","max-snippet":"max-snippet:-1","max-image-preview":"max-image-preview:large","max-video-preview":"max-video-preview:-1"},"canonical":"https:\/\/www.emdg-guilers.org\/index.php\/event\/concert-de-guilpop-ensemble-guitares-et-chant\/","og_locale":"fr_FR","og_type":"article","og_title":"Concert de Guilpop, ensemble guitares et chant - Ecole de Musique, Danse &amp; Th\u00e9\u00e2tre de Guilers","og_description":"GUILPOP \/ pop rock La Guilth\u00e8que, Guilers \u00a0Le groupe Guilpop a \u00e9t\u00e9 cr\u00e9e en 2021 au sein de l\u2019Ecole de Musique, Danse et Th\u00e9\u00e2tre de Guilers. Dirig\u00e9 par Philippe Gouret, musicien et professeur dans de nombreux groupes et \u00e9coles de la R\u00e9gion, ce groupe rassemble un petit nombre de musiciens, tous passionn\u00e9s de rock et pop. Guitaristes et chanteurs, ils proposent un r\u00e9pertoire vari\u00e9, allant de Neil Young \u00e0 Eric Clapton, en passant par les Beatles ou The Corrs. &nbsp;...Lire la suite Lire la suite","og_url":"https:\/\/www.emdg-guilers.org\/index.php\/event\/concert-de-guilpop-ensemble-guitares-et-chant\/","og_site_name":"Ecole de Musique, Danse &amp; Th\u00e9\u00e2tre de Guilers","article_publisher":"https:\/\/www.facebook.com\/Ecole-de-Musique-et-de-Danse-de-Guilers-480017765533016\/","article_modified_time":"2023-03-14T10:38:09+00:00","og_image":[{"url":"https:\/\/www.emdg-guilers.org\/wp-content\/uploads\/2023\/02\/guilpop-affiche-mediatheque-212x300.jpg"}],"twitter_card":"summary_large_image","twitter_misc":{"Dur\u00e9e de lecture estim\u00e9e":"1 minute"},"schema":{"@context":"https:\/\/schema.org","@graph":[{"@type":"WebPage","@id":"https:\/\/www.emdg-guilers.org\/index.php\/event\/concert-de-guilpop-ensemble-guitares-et-chant\/","url":"https:\/\/www.emdg-guilers.org\/index.php\/event\/concert-de-guilpop-ensemble-guitares-et-chant\/","name":"Concert de Guilpop, ensemble guitares et chant - Ecole de Musique, Danse &amp; Th\u00e9\u00e2tre de Guilers","isPartOf":{"@id":"https:\/\/www.emdg-guilers.org\/#website"},"primaryImageOfPage":{"@id":"https:\/\/www.emdg-guilers.org\/index.php\/event\/concert-de-guilpop-ensemble-guitares-et-chant\/#primaryimage"},"image":{"@id":"https:\/\/www.emdg-guilers.org\/index.php\/event\/concert-de-guilpop-ensemble-guitares-et-chant\/#primaryimage"},"thumbnailUrl":"https:\/\/www.emdg-guilers.org\/wp-content\/uploads\/2023\/02\/guilpop-affiche-mediatheque-212x300.jpg","datePublished":"2023-02-09T11:14:42+00:00","dateModified":"2023-03-14T10:38:09+00:00","breadcrumb":{"@id":"https:\/\/www.emdg-guilers.org\/index.php\/event\/concert-de-guilpop-ensemble-guitares-et-chant\/#breadcrumb"},"inLanguage":"fr-FR","potentialAction":[{"@type":"ReadAction","target":["https:\/\/www.emdg-guilers.org\/index.php\/event\/concert-de-guilpop-ensemble-guitares-et-chant\/"]}]},{"@type":"ImageObject","inLanguage":"fr-FR","@id":"https:\/\/www.emdg-guilers.org\/index.php\/event\/concert-de-guilpop-ensemble-guitares-et-chant\/#primaryimage","url":"https:\/\/www.emdg-guilers.org\/wp-content\/uploads\/2023\/02\/guilpop-affiche-mediatheque.jpg","contentUrl":"https:\/\/www.emdg-guilers.org\/wp-content\/uploads\/2023\/02\/guilpop-affiche-mediatheque.jpg","width":1414,"height":2000},{"@type":"BreadcrumbList","@id":"https:\/\/www.emdg-guilers.org\/index.php\/event\/concert-de-guilpop-ensemble-guitares-et-chant\/#breadcrumb","itemListElement":[{"@type":"ListItem","position":1,"name":"Accueil","item":"https:\/\/www.emdg-guilers.org\/"},{"@type":"ListItem","position":2,"name":"\u00c9v\u00e8nements","item":"https:\/\/www.emdg-guilers.org\/index.php\/events\/"},{"@type":"ListItem","position":3,"name":"Concert de Guilpop, ensemble guitares et chant"}]},{"@type":"WebSite","@id":"https:\/\/www.emdg-guilers.org\/#website","url":"https:\/\/www.emdg-guilers.org\/","name":"Ecole de Musique et Danse de Guilers","description":"Ecole associative, cours de musique, danse, th\u00e9\u00e2tre accessibles \u00e0 tous","publisher":{"@id":"https:\/\/www.emdg-guilers.org\/#organization"},"potentialAction":[{"@type":"SearchAction","target":{"@type":"EntryPoint","urlTemplate":"https:\/\/www.emdg-guilers.org\/?s={search_term_string}"},"query-input":"required name=search_term_string"}],"inLanguage":"fr-FR"},{"@type":"Organization","@id":"https:\/\/www.emdg-guilers.org\/#organization","name":"Ecole de Musique et de Danse","url":"https:\/\/www.emdg-guilers.org\/","logo":{"@type":"ImageObject","inLanguage":"fr-FR","@id":"https:\/\/www.emdg-guilers.org\/#\/schema\/logo\/image\/","url":"https:\/\/www.emdg-guilers.org\/wp-content\/uploads\/2016\/06\/logo2014.jpg","contentUrl":"https:\/\/www.emdg-guilers.org\/wp-content\/uploads\/2016\/06\/logo2014.jpg","width":214,"height":116,"caption":"Ecole de Musique et de Danse"},"image":{"@id":"https:\/\/www.emdg-guilers.org\/#\/schema\/logo\/image\/"},"sameAs":["https:\/\/www.facebook.com\/Ecole-de-Musique-et-de-Danse-de-Guilers-480017765533016\/"]}]}},"_links":{"self":[{"href":"https:\/\/www.emdg-guilers.org\/index.php\/wp-json\/wp\/v2\/tribe_events\/3458"}],"collection":[{"href":"https:\/\/www.emdg-guilers.org\/index.php\/wp-json\/wp\/v2\/tribe_events"}],"about":[{"href":"https:\/\/www.emdg-guilers.org\/index.php\/wp-json\/wp\/v2\/types\/tribe_events"}],"author":[{"embeddable":true,"href":"https:\/\/www.emdg-guilers.org\/index.php\/wp-json\/wp\/v2\/users\/3"}],"replies":[{"embeddable":true,"href":"https:\/\/www.emdg-guilers.org\/index.php\/wp-json\/wp\/v2\/comments?post=3458"}],"version-history":[{"count":3,"href":"https:\/\/www.emdg-guilers.org\/index.php\/wp-json\/wp\/v2\/tribe_events\/3458\/revisions"}],"predecessor-version":[{"id":3526,"href":"https:\/\/www.emdg-guilers.org\/index.php\/wp-json\/wp\/v2\/tribe_events\/3458\/revisions\/3526"}],"wp:attachment":[{"href":"https:\/\/www.emdg-guilers.org\/index.php\/wp-json\/wp\/v2\/media?parent=3458"}],"wp:term":[{"taxonomy":"post_tag","embeddable":true,"href":"https:\/\/www.emdg-guilers.org\/index.php\/wp-json\/wp\/v2\/tags?post=3458"},{"taxonomy":"tribe_events_cat","embeddable":true,"href":"https:\/\/www.emdg-guilers.org\/index.php\/wp-json\/wp\/v2\/tribe_events_cat?post=3458"}],"curies":[{"name":"wp","href":"https:\/\/api.w.org\/{rel}","templated":true}]}}