{"id":3460,"date":"2023-02-09T12:16:56","date_gmt":"2023-02-09T11:16:56","guid":{"rendered":"https:\/\/www.emdg-guilers.org\/?post_type=tribe_events&#038;p=3460"},"modified":"2023-05-10T10:46:07","modified_gmt":"2023-05-10T08:46:07","slug":"stage-de-musique-assistee-par-ordinateur-enfants-ados","status":"publish","type":"tribe_events","link":"https:\/\/www.emdg-guilers.org\/index.php\/event\/stage-de-musique-assistee-par-ordinateur-enfants-ados\/","title":{"rendered":"Stage de musique assist\u00e9e par ordinateur \/ informatique musicale d\u00e8s 10 ans &#8211; Annul\u00e9"},"content":{"rendered":"<p><strong>Stage de musique assist\u00e9e par ordinateur \/ informatique musicale \u2013 d\u00e8s 10 ans <\/strong>\u00a0\u2013 10h-12h30 \/ 13h30-17h<br \/>\nAvec Didier Merlateau<\/p>\n<p>Venir avec son ordinateur portable, souris, instrument de musique<\/p>\n<p>R\u00e9servation indispensable, nombre de places limit\u00e9.<\/p>\n<p>Possibilit\u00e9 de prise en charge des mineurs sur le temps de la pause d\u00e9jeuner, apporter son pique-nique, merci de pr\u00e9ciser<\/p>\n<p><a href=\"https:\/\/www.helloasso.com\/associations\/ecole-de-musique-et-danse-de-guilers\/evenements\/stage-d-informatique-musicale\"><img loading=\"lazy\" decoding=\"async\" class=\"aligncenter size-medium wp-image-3471\" src=\"https:\/\/www.emdg-guilers.org\/wp-content\/uploads\/2023\/02\/2023-05-13-stage-mao-mai-2023-1-212x300.jpg\" alt=\"\" width=\"212\" height=\"300\" srcset=\"https:\/\/www.emdg-guilers.org\/wp-content\/uploads\/2023\/02\/2023-05-13-stage-mao-mai-2023-1-212x300.jpg 212w, https:\/\/www.emdg-guilers.org\/wp-content\/uploads\/2023\/02\/2023-05-13-stage-mao-mai-2023-1-724x1024.jpg 724w, https:\/\/www.emdg-guilers.org\/wp-content\/uploads\/2023\/02\/2023-05-13-stage-mao-mai-2023-1-768x1086.jpg 768w, https:\/\/www.emdg-guilers.org\/wp-content\/uploads\/2023\/02\/2023-05-13-stage-mao-mai-2023-1-1086x1536.jpg 1086w, https:\/\/www.emdg-guilers.org\/wp-content\/uploads\/2023\/02\/2023-05-13-stage-mao-mai-2023-1-191x270.jpg 191w, https:\/\/www.emdg-guilers.org\/wp-content\/uploads\/2023\/02\/2023-05-13-stage-mao-mai-2023-1.jpg 1414w\" sizes=\"(max-width: 212px) 100vw, 212px\" \/><\/a><\/p>\n","protected":false},"excerpt":{"rendered":"<p>Stage de musique assist\u00e9e par ordinateur \/ informatique musicale \u2013 d\u00e8s 10 ans \u00a0\u2013 10h-12h30 \/ 13h30-17h Avec Didier Merlateau Venir avec son ordinateur portable, souris, instrument de musique R\u00e9servation indispensable, nombre de places limit\u00e9. Possibilit\u00e9 de prise en charge des mineurs sur le temps de la pause d\u00e9jeuner, apporter son pique-nique, merci de pr\u00e9ciser<\/p>\n","protected":false},"author":3,"featured_media":0,"comment_status":"closed","ping_status":"closed","template":"","meta":{"_tribe_events_status":"","_tribe_events_status_reason":"","footnotes":""},"tags":[],"tribe_events_cat":[],"yoast_head":"<!-- This site is optimized with the Yoast SEO plugin v22.4 - https:\/\/yoast.com\/wordpress\/plugins\/seo\/ -->\n<title>Stage de musique assist\u00e9e par ordinateur \/ informatique musicale d\u00e8s 10 ans - Annul\u00e9 - Ecole de Musique, Danse &amp; Th\u00e9\u00e2tre de Guilers<\/title>\n<meta name=\"robots\" content=\"index, follow, max-snippet:-1, max-image-preview:large, max-video-preview:-1\" \/>\n<link rel=\"canonical\" href=\"https:\/\/www.emdg-guilers.org\/index.php\/event\/stage-de-musique-assistee-par-ordinateur-enfants-ados\/\" \/>\n<meta property=\"og:locale\" content=\"fr_FR\" \/>\n<meta property=\"og:type\" content=\"article\" \/>\n<meta property=\"og:title\" content=\"Stage de musique assist\u00e9e par ordinateur \/ informatique musicale d\u00e8s 10 ans - Annul\u00e9 - Ecole de Musique, Danse &amp; Th\u00e9\u00e2tre de Guilers\" \/>\n<meta property=\"og:description\" content=\"Stage de musique assist\u00e9e par ordinateur \/ informatique musicale \u2013 d\u00e8s 10 ans \u00a0\u2013 10h-12h30 \/ 13h30-17h Avec Didier Merlateau Venir avec son ordinateur portable, souris, instrument de musique R\u00e9servation indispensable, nombre de places limit\u00e9. Possibilit\u00e9 de prise en charge des mineurs sur le temps de la pause d\u00e9jeuner, apporter son pique-nique, merci de pr\u00e9ciser\" \/>\n<meta property=\"og:url\" content=\"https:\/\/www.emdg-guilers.org\/index.php\/event\/stage-de-musique-assistee-par-ordinateur-enfants-ados\/\" \/>\n<meta property=\"og:site_name\" content=\"Ecole de Musique, Danse &amp; Th\u00e9\u00e2tre de Guilers\" \/>\n<meta property=\"article:publisher\" content=\"https:\/\/www.facebook.com\/Ecole-de-Musique-et-de-Danse-de-Guilers-480017765533016\/\" \/>\n<meta property=\"article:modified_time\" content=\"2023-05-10T08:46:07+00:00\" \/>\n<meta property=\"og:image\" content=\"https:\/\/www.emdg-guilers.org\/wp-content\/uploads\/2023\/02\/2023-05-13-stage-mao-mai-2023-1-212x300.jpg\" \/>\n<meta name=\"twitter:card\" content=\"summary_large_image\" \/>\n<meta name=\"twitter:label1\" content=\"Dur\u00e9e de lecture estim\u00e9e\" \/>\n\t<meta name=\"twitter:data1\" content=\"1 minute\" \/>\n<script type=\"application\/ld+json\" class=\"yoast-schema-graph\">{\"@context\":\"https:\/\/schema.org\",\"@graph\":[{\"@type\":\"WebPage\",\"@id\":\"https:\/\/www.emdg-guilers.org\/index.php\/event\/stage-de-musique-assistee-par-ordinateur-enfants-ados\/\",\"url\":\"https:\/\/www.emdg-guilers.org\/index.php\/event\/stage-de-musique-assistee-par-ordinateur-enfants-ados\/\",\"name\":\"Stage de musique assist\u00e9e par ordinateur \/ informatique musicale d\u00e8s 10 ans - Annul\u00e9 - Ecole de Musique, Danse &amp; Th\u00e9\u00e2tre de Guilers\",\"isPartOf\":{\"@id\":\"https:\/\/www.emdg-guilers.org\/#website\"},\"primaryImageOfPage\":{\"@id\":\"https:\/\/www.emdg-guilers.org\/index.php\/event\/stage-de-musique-assistee-par-ordinateur-enfants-ados\/#primaryimage\"},\"image\":{\"@id\":\"https:\/\/www.emdg-guilers.org\/index.php\/event\/stage-de-musique-assistee-par-ordinateur-enfants-ados\/#primaryimage\"},\"thumbnailUrl\":\"https:\/\/www.emdg-guilers.org\/wp-content\/uploads\/2023\/02\/2023-05-13-stage-mao-mai-2023-1-212x300.jpg\",\"datePublished\":\"2023-02-09T11:16:56+00:00\",\"dateModified\":\"2023-05-10T08:46:07+00:00\",\"breadcrumb\":{\"@id\":\"https:\/\/www.emdg-guilers.org\/index.php\/event\/stage-de-musique-assistee-par-ordinateur-enfants-ados\/#breadcrumb\"},\"inLanguage\":\"fr-FR\",\"potentialAction\":[{\"@type\":\"ReadAction\",\"target\":[\"https:\/\/www.emdg-guilers.org\/index.php\/event\/stage-de-musique-assistee-par-ordinateur-enfants-ados\/\"]}]},{\"@type\":\"ImageObject\",\"inLanguage\":\"fr-FR\",\"@id\":\"https:\/\/www.emdg-guilers.org\/index.php\/event\/stage-de-musique-assistee-par-ordinateur-enfants-ados\/#primaryimage\",\"url\":\"https:\/\/www.emdg-guilers.org\/wp-content\/uploads\/2023\/02\/2023-05-13-stage-mao-mai-2023-1.jpg\",\"contentUrl\":\"https:\/\/www.emdg-guilers.org\/wp-content\/uploads\/2023\/02\/2023-05-13-stage-mao-mai-2023-1.jpg\",\"width\":1414,\"height\":2000},{\"@type\":\"BreadcrumbList\",\"@id\":\"https:\/\/www.emdg-guilers.org\/index.php\/event\/stage-de-musique-assistee-par-ordinateur-enfants-ados\/#breadcrumb\",\"itemListElement\":[{\"@type\":\"ListItem\",\"position\":1,\"name\":\"Accueil\",\"item\":\"https:\/\/www.emdg-guilers.org\/\"},{\"@type\":\"ListItem\",\"position\":2,\"name\":\"\u00c9v\u00e8nements\",\"item\":\"https:\/\/www.emdg-guilers.org\/index.php\/events\/\"},{\"@type\":\"ListItem\",\"position\":3,\"name\":\"Stage de musique assist\u00e9e par ordinateur \/ informatique musicale d\u00e8s 10 ans &#8211; Annul\u00e9\"}]},{\"@type\":\"WebSite\",\"@id\":\"https:\/\/www.emdg-guilers.org\/#website\",\"url\":\"https:\/\/www.emdg-guilers.org\/\",\"name\":\"Ecole de Musique et Danse de Guilers\",\"description\":\"Ecole associative, cours de musique, danse, th\u00e9\u00e2tre accessibles \u00e0 tous\",\"publisher\":{\"@id\":\"https:\/\/www.emdg-guilers.org\/#organization\"},\"potentialAction\":[{\"@type\":\"SearchAction\",\"target\":{\"@type\":\"EntryPoint\",\"urlTemplate\":\"https:\/\/www.emdg-guilers.org\/?s={search_term_string}\"},\"query-input\":\"required name=search_term_string\"}],\"inLanguage\":\"fr-FR\"},{\"@type\":\"Organization\",\"@id\":\"https:\/\/www.emdg-guilers.org\/#organization\",\"name\":\"Ecole de Musique et de Danse\",\"url\":\"https:\/\/www.emdg-guilers.org\/\",\"logo\":{\"@type\":\"ImageObject\",\"inLanguage\":\"fr-FR\",\"@id\":\"https:\/\/www.emdg-guilers.org\/#\/schema\/logo\/image\/\",\"url\":\"https:\/\/www.emdg-guilers.org\/wp-content\/uploads\/2016\/06\/logo2014.jpg\",\"contentUrl\":\"https:\/\/www.emdg-guilers.org\/wp-content\/uploads\/2016\/06\/logo2014.jpg\",\"width\":214,\"height\":116,\"caption\":\"Ecole de Musique et de Danse\"},\"image\":{\"@id\":\"https:\/\/www.emdg-guilers.org\/#\/schema\/logo\/image\/\"},\"sameAs\":[\"https:\/\/www.facebook.com\/Ecole-de-Musique-et-de-Danse-de-Guilers-480017765533016\/\"]}]}<\/script>\n<!-- \/ Yoast SEO plugin. -->","yoast_head_json":{"title":"Stage de musique assist\u00e9e par ordinateur \/ informatique musicale d\u00e8s 10 ans - Annul\u00e9 - Ecole de Musique, Danse &amp; Th\u00e9\u00e2tre de Guilers","robots":{"index":"index","follow":"follow","max-snippet":"max-snippet:-1","max-image-preview":"max-image-preview:large","max-video-preview":"max-video-preview:-1"},"canonical":"https:\/\/www.emdg-guilers.org\/index.php\/event\/stage-de-musique-assistee-par-ordinateur-enfants-ados\/","og_locale":"fr_FR","og_type":"article","og_title":"Stage de musique assist\u00e9e par ordinateur \/ informatique musicale d\u00e8s 10 ans - Annul\u00e9 - Ecole de Musique, Danse &amp; Th\u00e9\u00e2tre de Guilers","og_description":"Stage de musique assist\u00e9e par ordinateur \/ informatique musicale \u2013 d\u00e8s 10 ans \u00a0\u2013 10h-12h30 \/ 13h30-17h Avec Didier Merlateau Venir avec son ordinateur portable, souris, instrument de musique R\u00e9servation indispensable, nombre de places limit\u00e9. Possibilit\u00e9 de prise en charge des mineurs sur le temps de la pause d\u00e9jeuner, apporter son pique-nique, merci de pr\u00e9ciser","og_url":"https:\/\/www.emdg-guilers.org\/index.php\/event\/stage-de-musique-assistee-par-ordinateur-enfants-ados\/","og_site_name":"Ecole de Musique, Danse &amp; Th\u00e9\u00e2tre de Guilers","article_publisher":"https:\/\/www.facebook.com\/Ecole-de-Musique-et-de-Danse-de-Guilers-480017765533016\/","article_modified_time":"2023-05-10T08:46:07+00:00","og_image":[{"url":"https:\/\/www.emdg-guilers.org\/wp-content\/uploads\/2023\/02\/2023-05-13-stage-mao-mai-2023-1-212x300.jpg"}],"twitter_card":"summary_large_image","twitter_misc":{"Dur\u00e9e de lecture estim\u00e9e":"1 minute"},"schema":{"@context":"https:\/\/schema.org","@graph":[{"@type":"WebPage","@id":"https:\/\/www.emdg-guilers.org\/index.php\/event\/stage-de-musique-assistee-par-ordinateur-enfants-ados\/","url":"https:\/\/www.emdg-guilers.org\/index.php\/event\/stage-de-musique-assistee-par-ordinateur-enfants-ados\/","name":"Stage de musique assist\u00e9e par ordinateur \/ informatique musicale d\u00e8s 10 ans - Annul\u00e9 - Ecole de Musique, Danse &amp; Th\u00e9\u00e2tre de Guilers","isPartOf":{"@id":"https:\/\/www.emdg-guilers.org\/#website"},"primaryImageOfPage":{"@id":"https:\/\/www.emdg-guilers.org\/index.php\/event\/stage-de-musique-assistee-par-ordinateur-enfants-ados\/#primaryimage"},"image":{"@id":"https:\/\/www.emdg-guilers.org\/index.php\/event\/stage-de-musique-assistee-par-ordinateur-enfants-ados\/#primaryimage"},"thumbnailUrl":"https:\/\/www.emdg-guilers.org\/wp-content\/uploads\/2023\/02\/2023-05-13-stage-mao-mai-2023-1-212x300.jpg","datePublished":"2023-02-09T11:16:56+00:00","dateModified":"2023-05-10T08:46:07+00:00","breadcrumb":{"@id":"https:\/\/www.emdg-guilers.org\/index.php\/event\/stage-de-musique-assistee-par-ordinateur-enfants-ados\/#breadcrumb"},"inLanguage":"fr-FR","potentialAction":[{"@type":"ReadAction","target":["https:\/\/www.emdg-guilers.org\/index.php\/event\/stage-de-musique-assistee-par-ordinateur-enfants-ados\/"]}]},{"@type":"ImageObject","inLanguage":"fr-FR","@id":"https:\/\/www.emdg-guilers.org\/index.php\/event\/stage-de-musique-assistee-par-ordinateur-enfants-ados\/#primaryimage","url":"https:\/\/www.emdg-guilers.org\/wp-content\/uploads\/2023\/02\/2023-05-13-stage-mao-mai-2023-1.jpg","contentUrl":"https:\/\/www.emdg-guilers.org\/wp-content\/uploads\/2023\/02\/2023-05-13-stage-mao-mai-2023-1.jpg","width":1414,"height":2000},{"@type":"BreadcrumbList","@id":"https:\/\/www.emdg-guilers.org\/index.php\/event\/stage-de-musique-assistee-par-ordinateur-enfants-ados\/#breadcrumb","itemListElement":[{"@type":"ListItem","position":1,"name":"Accueil","item":"https:\/\/www.emdg-guilers.org\/"},{"@type":"ListItem","position":2,"name":"\u00c9v\u00e8nements","item":"https:\/\/www.emdg-guilers.org\/index.php\/events\/"},{"@type":"ListItem","position":3,"name":"Stage de musique assist\u00e9e par ordinateur \/ informatique musicale d\u00e8s 10 ans &#8211; Annul\u00e9"}]},{"@type":"WebSite","@id":"https:\/\/www.emdg-guilers.org\/#website","url":"https:\/\/www.emdg-guilers.org\/","name":"Ecole de Musique et Danse de Guilers","description":"Ecole associative, cours de musique, danse, th\u00e9\u00e2tre accessibles \u00e0 tous","publisher":{"@id":"https:\/\/www.emdg-guilers.org\/#organization"},"potentialAction":[{"@type":"SearchAction","target":{"@type":"EntryPoint","urlTemplate":"https:\/\/www.emdg-guilers.org\/?s={search_term_string}"},"query-input":"required name=search_term_string"}],"inLanguage":"fr-FR"},{"@type":"Organization","@id":"https:\/\/www.emdg-guilers.org\/#organization","name":"Ecole de Musique et de Danse","url":"https:\/\/www.emdg-guilers.org\/","logo":{"@type":"ImageObject","inLanguage":"fr-FR","@id":"https:\/\/www.emdg-guilers.org\/#\/schema\/logo\/image\/","url":"https:\/\/www.emdg-guilers.org\/wp-content\/uploads\/2016\/06\/logo2014.jpg","contentUrl":"https:\/\/www.emdg-guilers.org\/wp-content\/uploads\/2016\/06\/logo2014.jpg","width":214,"height":116,"caption":"Ecole de Musique et de Danse"},"image":{"@id":"https:\/\/www.emdg-guilers.org\/#\/schema\/logo\/image\/"},"sameAs":["https:\/\/www.facebook.com\/Ecole-de-Musique-et-de-Danse-de-Guilers-480017765533016\/"]}]}},"_links":{"self":[{"href":"https:\/\/www.emdg-guilers.org\/index.php\/wp-json\/wp\/v2\/tribe_events\/3460"}],"collection":[{"href":"https:\/\/www.emdg-guilers.org\/index.php\/wp-json\/wp\/v2\/tribe_events"}],"about":[{"href":"https:\/\/www.emdg-guilers.org\/index.php\/wp-json\/wp\/v2\/types\/tribe_events"}],"author":[{"embeddable":true,"href":"https:\/\/www.emdg-guilers.org\/index.php\/wp-json\/wp\/v2\/users\/3"}],"replies":[{"embeddable":true,"href":"https:\/\/www.emdg-guilers.org\/index.php\/wp-json\/wp\/v2\/comments?post=3460"}],"version-history":[{"count":4,"href":"https:\/\/www.emdg-guilers.org\/index.php\/wp-json\/wp\/v2\/tribe_events\/3460\/revisions"}],"predecessor-version":[{"id":3472,"href":"https:\/\/www.emdg-guilers.org\/index.php\/wp-json\/wp\/v2\/tribe_events\/3460\/revisions\/3472"}],"wp:attachment":[{"href":"https:\/\/www.emdg-guilers.org\/index.php\/wp-json\/wp\/v2\/media?parent=3460"}],"wp:term":[{"taxonomy":"post_tag","embeddable":true,"href":"https:\/\/www.emdg-guilers.org\/index.php\/wp-json\/wp\/v2\/tags?post=3460"},{"taxonomy":"tribe_events_cat","embeddable":true,"href":"https:\/\/www.emdg-guilers.org\/index.php\/wp-json\/wp\/v2\/tribe_events_cat?post=3460"}],"curies":[{"name":"wp","href":"https:\/\/api.w.org\/{rel}","templated":true}]}}