{"id":3796,"date":"2023-08-28T19:06:37","date_gmt":"2023-08-28T17:06:37","guid":{"rendered":"https:\/\/www.emdg-guilers.org\/?post_type=tribe_events&#038;p=3796"},"modified":"2023-08-28T19:06:37","modified_gmt":"2023-08-28T17:06:37","slug":"forum-des-assos","status":"publish","type":"tribe_events","link":"https:\/\/www.emdg-guilers.org\/index.php\/event\/forum-des-assos\/","title":{"rendered":"Forum des assos"},"content":{"rendered":"<p class=\"has-text-align-left\">Venez rencontrer l\u2019\u00e9quipe de l\u2019Ecole de Musique, danse et th\u00e9\u00e2tre de Guilers \u00e0 l\u2019occasion du\u00a0<strong>Forum des associations de la ville. Rdv le samedi 2 septembre, entre 9h et 13h<\/strong>\u00a0\u00e0 l\u2019Espace Pagnol, salle Jean de Florette, Guilers, stand au fond \u00e0 gauche !<\/p>\n<p>Si vous avez pr\u00e9vu de vous inscrire, n\u2019oubliez pas d\u2019amener un moyen de paiement (ch\u00e8que de pr\u00e9f\u00e9rence, mais nous acceptons aussi les ANCV, esp\u00e8ces, pr\u00e9l\u00e8vements sur pr\u00e9sentation d\u2019un RIB) et certificats m\u00e9dicaux pour la danse (si vous les avez d\u00e9j\u00e0). A tr\u00e8s vite !<\/p>\n<p><img loading=\"lazy\" decoding=\"async\" class=\"aligncenter size-medium wp-image-3792\" src=\"https:\/\/www.emdg-guilers.org\/wp-content\/uploads\/2023\/08\/forum-des-assos-2023-300x300.jpg\" alt=\"\" width=\"300\" height=\"300\" srcset=\"https:\/\/www.emdg-guilers.org\/wp-content\/uploads\/2023\/08\/forum-des-assos-2023-300x300.jpg 300w, https:\/\/www.emdg-guilers.org\/wp-content\/uploads\/2023\/08\/forum-des-assos-2023-1024x1024.jpg 1024w, https:\/\/www.emdg-guilers.org\/wp-content\/uploads\/2023\/08\/forum-des-assos-2023-150x150.jpg 150w, https:\/\/www.emdg-guilers.org\/wp-content\/uploads\/2023\/08\/forum-des-assos-2023-768x768.jpg 768w, https:\/\/www.emdg-guilers.org\/wp-content\/uploads\/2023\/08\/forum-des-assos-2023-270x270.jpg 270w, https:\/\/www.emdg-guilers.org\/wp-content\/uploads\/2023\/08\/forum-des-assos-2023.jpg 1080w\" sizes=\"(max-width: 300px) 100vw, 300px\" \/><\/p>\n","protected":false},"excerpt":{"rendered":"<p>Venez rencontrer l\u2019\u00e9quipe de l\u2019Ecole de Musique, danse et th\u00e9\u00e2tre de Guilers \u00e0 l\u2019occasion du\u00a0Forum des associations de la ville. Rdv le samedi 2 septembre, entre 9h et 13h\u00a0\u00e0 l\u2019Espace Pagnol, salle Jean de Florette, Guilers, stand au fond \u00e0 gauche ! Si vous avez pr\u00e9vu de vous inscrire, n\u2019oubliez pas d\u2019amener un moyen de paiement (ch\u00e8que de pr\u00e9f\u00e9rence, mais nous acceptons aussi les ANCV, esp\u00e8ces, pr\u00e9l\u00e8vements sur pr\u00e9sentation d\u2019un RIB) et certificats m\u00e9dicaux pour la danse (si vous les&#8230;<\/p>\n<p class=\"read-more\"><a class=\"btn btn-default\" href=\"https:\/\/www.emdg-guilers.org\/index.php\/event\/forum-des-assos\/\">Lire la suite<span class=\"screen-reader-text\"> Lire la suite<\/span><\/a><\/p>\n","protected":false},"author":3,"featured_media":0,"comment_status":"closed","ping_status":"closed","template":"","meta":{"_tribe_events_status":"","_tribe_events_status_reason":"","footnotes":""},"tags":[],"tribe_events_cat":[],"yoast_head":"<!-- This site is optimized with the Yoast SEO plugin v22.4 - https:\/\/yoast.com\/wordpress\/plugins\/seo\/ -->\n<title>Forum des assos - Ecole de Musique, Danse &amp; Th\u00e9\u00e2tre de Guilers<\/title>\n<meta name=\"robots\" content=\"index, follow, max-snippet:-1, max-image-preview:large, max-video-preview:-1\" \/>\n<link rel=\"canonical\" href=\"https:\/\/www.emdg-guilers.org\/index.php\/event\/forum-des-assos\/\" \/>\n<meta property=\"og:locale\" content=\"fr_FR\" \/>\n<meta property=\"og:type\" content=\"article\" \/>\n<meta property=\"og:title\" content=\"Forum des assos - Ecole de Musique, Danse &amp; Th\u00e9\u00e2tre de Guilers\" \/>\n<meta property=\"og:description\" content=\"Venez rencontrer l\u2019\u00e9quipe de l\u2019Ecole de Musique, danse et th\u00e9\u00e2tre de Guilers \u00e0 l\u2019occasion du\u00a0Forum des associations de la ville. Rdv le samedi 2 septembre, entre 9h et 13h\u00a0\u00e0 l\u2019Espace Pagnol, salle Jean de Florette, Guilers, stand au fond \u00e0 gauche ! Si vous avez pr\u00e9vu de vous inscrire, n\u2019oubliez pas d\u2019amener un moyen de paiement (ch\u00e8que de pr\u00e9f\u00e9rence, mais nous acceptons aussi les ANCV, esp\u00e8ces, pr\u00e9l\u00e8vements sur pr\u00e9sentation d\u2019un RIB) et certificats m\u00e9dicaux pour la danse (si vous les...Lire la suite Lire la suite\" \/>\n<meta property=\"og:url\" content=\"https:\/\/www.emdg-guilers.org\/index.php\/event\/forum-des-assos\/\" \/>\n<meta property=\"og:site_name\" content=\"Ecole de Musique, Danse &amp; Th\u00e9\u00e2tre de Guilers\" \/>\n<meta property=\"article:publisher\" content=\"https:\/\/www.facebook.com\/Ecole-de-Musique-et-de-Danse-de-Guilers-480017765533016\/\" \/>\n<meta property=\"og:image\" content=\"https:\/\/www.emdg-guilers.org\/wp-content\/uploads\/2023\/08\/forum-des-assos-2023-300x300.jpg\" \/>\n<meta name=\"twitter:card\" content=\"summary_large_image\" \/>\n<meta name=\"twitter:label1\" content=\"Dur\u00e9e de lecture estim\u00e9e\" \/>\n\t<meta name=\"twitter:data1\" content=\"1 minute\" \/>\n<script type=\"application\/ld+json\" class=\"yoast-schema-graph\">{\"@context\":\"https:\/\/schema.org\",\"@graph\":[{\"@type\":\"WebPage\",\"@id\":\"https:\/\/www.emdg-guilers.org\/index.php\/event\/forum-des-assos\/\",\"url\":\"https:\/\/www.emdg-guilers.org\/index.php\/event\/forum-des-assos\/\",\"name\":\"Forum des assos - Ecole de Musique, Danse &amp; Th\u00e9\u00e2tre de Guilers\",\"isPartOf\":{\"@id\":\"https:\/\/www.emdg-guilers.org\/#website\"},\"primaryImageOfPage\":{\"@id\":\"https:\/\/www.emdg-guilers.org\/index.php\/event\/forum-des-assos\/#primaryimage\"},\"image\":{\"@id\":\"https:\/\/www.emdg-guilers.org\/index.php\/event\/forum-des-assos\/#primaryimage\"},\"thumbnailUrl\":\"https:\/\/www.emdg-guilers.org\/wp-content\/uploads\/2023\/08\/forum-des-assos-2023-300x300.jpg\",\"datePublished\":\"2023-08-28T17:06:37+00:00\",\"dateModified\":\"2023-08-28T17:06:37+00:00\",\"breadcrumb\":{\"@id\":\"https:\/\/www.emdg-guilers.org\/index.php\/event\/forum-des-assos\/#breadcrumb\"},\"inLanguage\":\"fr-FR\",\"potentialAction\":[{\"@type\":\"ReadAction\",\"target\":[\"https:\/\/www.emdg-guilers.org\/index.php\/event\/forum-des-assos\/\"]}]},{\"@type\":\"ImageObject\",\"inLanguage\":\"fr-FR\",\"@id\":\"https:\/\/www.emdg-guilers.org\/index.php\/event\/forum-des-assos\/#primaryimage\",\"url\":\"https:\/\/www.emdg-guilers.org\/wp-content\/uploads\/2023\/08\/forum-des-assos-2023.jpg\",\"contentUrl\":\"https:\/\/www.emdg-guilers.org\/wp-content\/uploads\/2023\/08\/forum-des-assos-2023.jpg\",\"width\":1080,\"height\":1080},{\"@type\":\"BreadcrumbList\",\"@id\":\"https:\/\/www.emdg-guilers.org\/index.php\/event\/forum-des-assos\/#breadcrumb\",\"itemListElement\":[{\"@type\":\"ListItem\",\"position\":1,\"name\":\"Accueil\",\"item\":\"https:\/\/www.emdg-guilers.org\/\"},{\"@type\":\"ListItem\",\"position\":2,\"name\":\"\u00c9v\u00e8nements\",\"item\":\"https:\/\/www.emdg-guilers.org\/index.php\/events\/\"},{\"@type\":\"ListItem\",\"position\":3,\"name\":\"Forum des assos\"}]},{\"@type\":\"WebSite\",\"@id\":\"https:\/\/www.emdg-guilers.org\/#website\",\"url\":\"https:\/\/www.emdg-guilers.org\/\",\"name\":\"Ecole de Musique et Danse de Guilers\",\"description\":\"Ecole associative, cours de musique, danse, th\u00e9\u00e2tre accessibles \u00e0 tous\",\"publisher\":{\"@id\":\"https:\/\/www.emdg-guilers.org\/#organization\"},\"potentialAction\":[{\"@type\":\"SearchAction\",\"target\":{\"@type\":\"EntryPoint\",\"urlTemplate\":\"https:\/\/www.emdg-guilers.org\/?s={search_term_string}\"},\"query-input\":\"required name=search_term_string\"}],\"inLanguage\":\"fr-FR\"},{\"@type\":\"Organization\",\"@id\":\"https:\/\/www.emdg-guilers.org\/#organization\",\"name\":\"Ecole de Musique et de Danse\",\"url\":\"https:\/\/www.emdg-guilers.org\/\",\"logo\":{\"@type\":\"ImageObject\",\"inLanguage\":\"fr-FR\",\"@id\":\"https:\/\/www.emdg-guilers.org\/#\/schema\/logo\/image\/\",\"url\":\"https:\/\/www.emdg-guilers.org\/wp-content\/uploads\/2016\/06\/logo2014.jpg\",\"contentUrl\":\"https:\/\/www.emdg-guilers.org\/wp-content\/uploads\/2016\/06\/logo2014.jpg\",\"width\":214,\"height\":116,\"caption\":\"Ecole de Musique et de Danse\"},\"image\":{\"@id\":\"https:\/\/www.emdg-guilers.org\/#\/schema\/logo\/image\/\"},\"sameAs\":[\"https:\/\/www.facebook.com\/Ecole-de-Musique-et-de-Danse-de-Guilers-480017765533016\/\"]}]}<\/script>\n<!-- \/ Yoast SEO plugin. -->","yoast_head_json":{"title":"Forum des assos - Ecole de Musique, Danse &amp; Th\u00e9\u00e2tre de Guilers","robots":{"index":"index","follow":"follow","max-snippet":"max-snippet:-1","max-image-preview":"max-image-preview:large","max-video-preview":"max-video-preview:-1"},"canonical":"https:\/\/www.emdg-guilers.org\/index.php\/event\/forum-des-assos\/","og_locale":"fr_FR","og_type":"article","og_title":"Forum des assos - Ecole de Musique, Danse &amp; Th\u00e9\u00e2tre de Guilers","og_description":"Venez rencontrer l\u2019\u00e9quipe de l\u2019Ecole de Musique, danse et th\u00e9\u00e2tre de Guilers \u00e0 l\u2019occasion du\u00a0Forum des associations de la ville. Rdv le samedi 2 septembre, entre 9h et 13h\u00a0\u00e0 l\u2019Espace Pagnol, salle Jean de Florette, Guilers, stand au fond \u00e0 gauche ! Si vous avez pr\u00e9vu de vous inscrire, n\u2019oubliez pas d\u2019amener un moyen de paiement (ch\u00e8que de pr\u00e9f\u00e9rence, mais nous acceptons aussi les ANCV, esp\u00e8ces, pr\u00e9l\u00e8vements sur pr\u00e9sentation d\u2019un RIB) et certificats m\u00e9dicaux pour la danse (si vous les...Lire la suite Lire la suite","og_url":"https:\/\/www.emdg-guilers.org\/index.php\/event\/forum-des-assos\/","og_site_name":"Ecole de Musique, Danse &amp; Th\u00e9\u00e2tre de Guilers","article_publisher":"https:\/\/www.facebook.com\/Ecole-de-Musique-et-de-Danse-de-Guilers-480017765533016\/","og_image":[{"url":"https:\/\/www.emdg-guilers.org\/wp-content\/uploads\/2023\/08\/forum-des-assos-2023-300x300.jpg"}],"twitter_card":"summary_large_image","twitter_misc":{"Dur\u00e9e de lecture estim\u00e9e":"1 minute"},"schema":{"@context":"https:\/\/schema.org","@graph":[{"@type":"WebPage","@id":"https:\/\/www.emdg-guilers.org\/index.php\/event\/forum-des-assos\/","url":"https:\/\/www.emdg-guilers.org\/index.php\/event\/forum-des-assos\/","name":"Forum des assos - Ecole de Musique, Danse &amp; Th\u00e9\u00e2tre de Guilers","isPartOf":{"@id":"https:\/\/www.emdg-guilers.org\/#website"},"primaryImageOfPage":{"@id":"https:\/\/www.emdg-guilers.org\/index.php\/event\/forum-des-assos\/#primaryimage"},"image":{"@id":"https:\/\/www.emdg-guilers.org\/index.php\/event\/forum-des-assos\/#primaryimage"},"thumbnailUrl":"https:\/\/www.emdg-guilers.org\/wp-content\/uploads\/2023\/08\/forum-des-assos-2023-300x300.jpg","datePublished":"2023-08-28T17:06:37+00:00","dateModified":"2023-08-28T17:06:37+00:00","breadcrumb":{"@id":"https:\/\/www.emdg-guilers.org\/index.php\/event\/forum-des-assos\/#breadcrumb"},"inLanguage":"fr-FR","potentialAction":[{"@type":"ReadAction","target":["https:\/\/www.emdg-guilers.org\/index.php\/event\/forum-des-assos\/"]}]},{"@type":"ImageObject","inLanguage":"fr-FR","@id":"https:\/\/www.emdg-guilers.org\/index.php\/event\/forum-des-assos\/#primaryimage","url":"https:\/\/www.emdg-guilers.org\/wp-content\/uploads\/2023\/08\/forum-des-assos-2023.jpg","contentUrl":"https:\/\/www.emdg-guilers.org\/wp-content\/uploads\/2023\/08\/forum-des-assos-2023.jpg","width":1080,"height":1080},{"@type":"BreadcrumbList","@id":"https:\/\/www.emdg-guilers.org\/index.php\/event\/forum-des-assos\/#breadcrumb","itemListElement":[{"@type":"ListItem","position":1,"name":"Accueil","item":"https:\/\/www.emdg-guilers.org\/"},{"@type":"ListItem","position":2,"name":"\u00c9v\u00e8nements","item":"https:\/\/www.emdg-guilers.org\/index.php\/events\/"},{"@type":"ListItem","position":3,"name":"Forum des assos"}]},{"@type":"WebSite","@id":"https:\/\/www.emdg-guilers.org\/#website","url":"https:\/\/www.emdg-guilers.org\/","name":"Ecole de Musique et Danse de Guilers","description":"Ecole associative, cours de musique, danse, th\u00e9\u00e2tre accessibles \u00e0 tous","publisher":{"@id":"https:\/\/www.emdg-guilers.org\/#organization"},"potentialAction":[{"@type":"SearchAction","target":{"@type":"EntryPoint","urlTemplate":"https:\/\/www.emdg-guilers.org\/?s={search_term_string}"},"query-input":"required name=search_term_string"}],"inLanguage":"fr-FR"},{"@type":"Organization","@id":"https:\/\/www.emdg-guilers.org\/#organization","name":"Ecole de Musique et de Danse","url":"https:\/\/www.emdg-guilers.org\/","logo":{"@type":"ImageObject","inLanguage":"fr-FR","@id":"https:\/\/www.emdg-guilers.org\/#\/schema\/logo\/image\/","url":"https:\/\/www.emdg-guilers.org\/wp-content\/uploads\/2016\/06\/logo2014.jpg","contentUrl":"https:\/\/www.emdg-guilers.org\/wp-content\/uploads\/2016\/06\/logo2014.jpg","width":214,"height":116,"caption":"Ecole de Musique et de Danse"},"image":{"@id":"https:\/\/www.emdg-guilers.org\/#\/schema\/logo\/image\/"},"sameAs":["https:\/\/www.facebook.com\/Ecole-de-Musique-et-de-Danse-de-Guilers-480017765533016\/"]}]}},"_links":{"self":[{"href":"https:\/\/www.emdg-guilers.org\/index.php\/wp-json\/wp\/v2\/tribe_events\/3796"}],"collection":[{"href":"https:\/\/www.emdg-guilers.org\/index.php\/wp-json\/wp\/v2\/tribe_events"}],"about":[{"href":"https:\/\/www.emdg-guilers.org\/index.php\/wp-json\/wp\/v2\/types\/tribe_events"}],"author":[{"embeddable":true,"href":"https:\/\/www.emdg-guilers.org\/index.php\/wp-json\/wp\/v2\/users\/3"}],"replies":[{"embeddable":true,"href":"https:\/\/www.emdg-guilers.org\/index.php\/wp-json\/wp\/v2\/comments?post=3796"}],"version-history":[{"count":1,"href":"https:\/\/www.emdg-guilers.org\/index.php\/wp-json\/wp\/v2\/tribe_events\/3796\/revisions"}],"predecessor-version":[{"id":3797,"href":"https:\/\/www.emdg-guilers.org\/index.php\/wp-json\/wp\/v2\/tribe_events\/3796\/revisions\/3797"}],"wp:attachment":[{"href":"https:\/\/www.emdg-guilers.org\/index.php\/wp-json\/wp\/v2\/media?parent=3796"}],"wp:term":[{"taxonomy":"post_tag","embeddable":true,"href":"https:\/\/www.emdg-guilers.org\/index.php\/wp-json\/wp\/v2\/tags?post=3796"},{"taxonomy":"tribe_events_cat","embeddable":true,"href":"https:\/\/www.emdg-guilers.org\/index.php\/wp-json\/wp\/v2\/tribe_events_cat?post=3796"}],"curies":[{"name":"wp","href":"https:\/\/api.w.org\/{rel}","templated":true}]}}