{"id":3901,"date":"2023-10-25T12:32:04","date_gmt":"2023-10-25T10:32:04","guid":{"rendered":"https:\/\/www.emdg-guilers.org\/?post_type=tribe_events&#038;p=3901"},"modified":"2023-11-07T18:44:56","modified_gmt":"2023-11-07T17:44:56","slug":"le-noel-de-lemdg","status":"publish","type":"tribe_events","link":"https:\/\/www.emdg-guilers.org\/index.php\/event\/le-noel-de-lemdg\/","title":{"rendered":"Le No\u00ebl de l&rsquo;EMDG"},"content":{"rendered":"<p><img loading=\"lazy\" decoding=\"async\" class=\"aligncenter size-medium wp-image-3944\" src=\"https:\/\/www.emdg-guilers.org\/wp-content\/uploads\/2023\/11\/Affiche-soiree-de-Noel-rouge-et-blanc-1-212x300.png\" alt=\"\" width=\"212\" height=\"300\" srcset=\"https:\/\/www.emdg-guilers.org\/wp-content\/uploads\/2023\/11\/Affiche-soiree-de-Noel-rouge-et-blanc-1-212x300.png 212w, https:\/\/www.emdg-guilers.org\/wp-content\/uploads\/2023\/11\/Affiche-soiree-de-Noel-rouge-et-blanc-1-724x1024.png 724w, https:\/\/www.emdg-guilers.org\/wp-content\/uploads\/2023\/11\/Affiche-soiree-de-Noel-rouge-et-blanc-1-768x1086.png 768w, https:\/\/www.emdg-guilers.org\/wp-content\/uploads\/2023\/11\/Affiche-soiree-de-Noel-rouge-et-blanc-1-1086x1536.png 1086w, https:\/\/www.emdg-guilers.org\/wp-content\/uploads\/2023\/11\/Affiche-soiree-de-Noel-rouge-et-blanc-1-191x270.png 191w, https:\/\/www.emdg-guilers.org\/wp-content\/uploads\/2023\/11\/Affiche-soiree-de-Noel-rouge-et-blanc-1.png 1414w\" sizes=\"(max-width: 212px) 100vw, 212px\" \/>Spectacle de No\u00ebl (un peu en avance) de l&rsquo;EMDG.<\/p>\n<p>Les \u00e9l\u00e8ves danse se produiront sur sc\u00e8ne sur le th\u00e8me attendu, mais n\u00e9anmoins r\u00e9jouissant, de No\u00ebl !<\/p>\n<p>Au programme : (Pour les petits et les grands !)<\/p>\n<p>March\u00e9 de No\u00ebl &#8211; 15h30 \u00e0 19h Visite du P\u00e8re No\u00ebl<\/p>\n<p>Spectacle \u00e0 17h \u00e9veil danse &amp; musique (groupe du mardi), \u00e9veil danse du lundi et mercredi, classique : intitiation du lundi et du mercredi, pr\u00e9pa 1 g1mercredi, demi-pointes modern jazz : initiation g1 mardi, initiation g2 mercredi, prepa du mercredi (Bien v\u00e9rifier si votre enfant danse lors du spectacle!)<\/p>\n<p>&nbsp;<\/p>\n","protected":false},"excerpt":{"rendered":"<p>Spectacle de No\u00ebl (un peu en avance) de l&rsquo;EMDG. Les \u00e9l\u00e8ves danse se produiront sur sc\u00e8ne sur le th\u00e8me attendu, mais n\u00e9anmoins r\u00e9jouissant, de No\u00ebl ! Au programme : (Pour les petits et les grands !) March\u00e9 de No\u00ebl &#8211; 15h30 \u00e0 19h Visite du P\u00e8re No\u00ebl Spectacle \u00e0 17h \u00e9veil danse &amp; musique (groupe du mardi), \u00e9veil danse du lundi et mercredi, classique : intitiation du lundi et du mercredi, pr\u00e9pa 1 g1mercredi, demi-pointes modern jazz : initiation g1&#8230;<\/p>\n<p class=\"read-more\"><a class=\"btn btn-default\" href=\"https:\/\/www.emdg-guilers.org\/index.php\/event\/le-noel-de-lemdg\/\">Lire la suite<span class=\"screen-reader-text\"> Lire la suite<\/span><\/a><\/p>\n","protected":false},"author":3,"featured_media":0,"comment_status":"closed","ping_status":"closed","template":"","meta":{"_tribe_events_status":"","_tribe_events_status_reason":"","footnotes":""},"tags":[],"tribe_events_cat":[],"yoast_head":"<!-- This site is optimized with the Yoast SEO plugin v22.4 - https:\/\/yoast.com\/wordpress\/plugins\/seo\/ -->\n<title>Le No\u00ebl de l&#039;EMDG - Ecole de Musique, Danse &amp; Th\u00e9\u00e2tre de Guilers<\/title>\n<meta name=\"robots\" content=\"index, follow, max-snippet:-1, max-image-preview:large, max-video-preview:-1\" \/>\n<link rel=\"canonical\" href=\"https:\/\/www.emdg-guilers.org\/index.php\/event\/le-noel-de-lemdg\/\" \/>\n<meta property=\"og:locale\" content=\"fr_FR\" \/>\n<meta property=\"og:type\" content=\"article\" \/>\n<meta property=\"og:title\" content=\"Le No\u00ebl de l&#039;EMDG - Ecole de Musique, Danse &amp; Th\u00e9\u00e2tre de Guilers\" \/>\n<meta property=\"og:description\" content=\"Spectacle de No\u00ebl (un peu en avance) de l&rsquo;EMDG. Les \u00e9l\u00e8ves danse se produiront sur sc\u00e8ne sur le th\u00e8me attendu, mais n\u00e9anmoins r\u00e9jouissant, de No\u00ebl ! Au programme : (Pour les petits et les grands !) March\u00e9 de No\u00ebl &#8211; 15h30 \u00e0 19h Visite du P\u00e8re No\u00ebl Spectacle \u00e0 17h \u00e9veil danse &amp; musique (groupe du mardi), \u00e9veil danse du lundi et mercredi, classique : intitiation du lundi et du mercredi, pr\u00e9pa 1 g1mercredi, demi-pointes modern jazz : initiation g1...Lire la suite Lire la suite\" \/>\n<meta property=\"og:url\" content=\"https:\/\/www.emdg-guilers.org\/index.php\/event\/le-noel-de-lemdg\/\" \/>\n<meta property=\"og:site_name\" content=\"Ecole de Musique, Danse &amp; Th\u00e9\u00e2tre de Guilers\" \/>\n<meta property=\"article:publisher\" content=\"https:\/\/www.facebook.com\/Ecole-de-Musique-et-de-Danse-de-Guilers-480017765533016\/\" \/>\n<meta property=\"article:modified_time\" content=\"2023-11-07T17:44:56+00:00\" \/>\n<meta property=\"og:image\" content=\"https:\/\/www.emdg-guilers.org\/wp-content\/uploads\/2023\/11\/Affiche-soiree-de-Noel-rouge-et-blanc-1-212x300.png\" \/>\n<meta name=\"twitter:card\" content=\"summary_large_image\" \/>\n<meta name=\"twitter:label1\" content=\"Dur\u00e9e de lecture estim\u00e9e\" \/>\n\t<meta name=\"twitter:data1\" content=\"1 minute\" \/>\n<script type=\"application\/ld+json\" class=\"yoast-schema-graph\">{\"@context\":\"https:\/\/schema.org\",\"@graph\":[{\"@type\":\"WebPage\",\"@id\":\"https:\/\/www.emdg-guilers.org\/index.php\/event\/le-noel-de-lemdg\/\",\"url\":\"https:\/\/www.emdg-guilers.org\/index.php\/event\/le-noel-de-lemdg\/\",\"name\":\"Le No\u00ebl de l'EMDG - Ecole de Musique, Danse &amp; Th\u00e9\u00e2tre de Guilers\",\"isPartOf\":{\"@id\":\"https:\/\/www.emdg-guilers.org\/#website\"},\"primaryImageOfPage\":{\"@id\":\"https:\/\/www.emdg-guilers.org\/index.php\/event\/le-noel-de-lemdg\/#primaryimage\"},\"image\":{\"@id\":\"https:\/\/www.emdg-guilers.org\/index.php\/event\/le-noel-de-lemdg\/#primaryimage\"},\"thumbnailUrl\":\"https:\/\/www.emdg-guilers.org\/wp-content\/uploads\/2023\/11\/Affiche-soiree-de-Noel-rouge-et-blanc-1-212x300.png\",\"datePublished\":\"2023-10-25T10:32:04+00:00\",\"dateModified\":\"2023-11-07T17:44:56+00:00\",\"breadcrumb\":{\"@id\":\"https:\/\/www.emdg-guilers.org\/index.php\/event\/le-noel-de-lemdg\/#breadcrumb\"},\"inLanguage\":\"fr-FR\",\"potentialAction\":[{\"@type\":\"ReadAction\",\"target\":[\"https:\/\/www.emdg-guilers.org\/index.php\/event\/le-noel-de-lemdg\/\"]}]},{\"@type\":\"ImageObject\",\"inLanguage\":\"fr-FR\",\"@id\":\"https:\/\/www.emdg-guilers.org\/index.php\/event\/le-noel-de-lemdg\/#primaryimage\",\"url\":\"https:\/\/www.emdg-guilers.org\/wp-content\/uploads\/2023\/11\/Affiche-soiree-de-Noel-rouge-et-blanc-1.png\",\"contentUrl\":\"https:\/\/www.emdg-guilers.org\/wp-content\/uploads\/2023\/11\/Affiche-soiree-de-Noel-rouge-et-blanc-1.png\",\"width\":1414,\"height\":2000},{\"@type\":\"BreadcrumbList\",\"@id\":\"https:\/\/www.emdg-guilers.org\/index.php\/event\/le-noel-de-lemdg\/#breadcrumb\",\"itemListElement\":[{\"@type\":\"ListItem\",\"position\":1,\"name\":\"Accueil\",\"item\":\"https:\/\/www.emdg-guilers.org\/\"},{\"@type\":\"ListItem\",\"position\":2,\"name\":\"\u00c9v\u00e8nements\",\"item\":\"https:\/\/www.emdg-guilers.org\/index.php\/events\/\"},{\"@type\":\"ListItem\",\"position\":3,\"name\":\"Le No\u00ebl de l&rsquo;EMDG\"}]},{\"@type\":\"WebSite\",\"@id\":\"https:\/\/www.emdg-guilers.org\/#website\",\"url\":\"https:\/\/www.emdg-guilers.org\/\",\"name\":\"Ecole de Musique et Danse de Guilers\",\"description\":\"Ecole associative, cours de musique, danse, th\u00e9\u00e2tre accessibles \u00e0 tous\",\"publisher\":{\"@id\":\"https:\/\/www.emdg-guilers.org\/#organization\"},\"potentialAction\":[{\"@type\":\"SearchAction\",\"target\":{\"@type\":\"EntryPoint\",\"urlTemplate\":\"https:\/\/www.emdg-guilers.org\/?s={search_term_string}\"},\"query-input\":\"required name=search_term_string\"}],\"inLanguage\":\"fr-FR\"},{\"@type\":\"Organization\",\"@id\":\"https:\/\/www.emdg-guilers.org\/#organization\",\"name\":\"Ecole de Musique et de Danse\",\"url\":\"https:\/\/www.emdg-guilers.org\/\",\"logo\":{\"@type\":\"ImageObject\",\"inLanguage\":\"fr-FR\",\"@id\":\"https:\/\/www.emdg-guilers.org\/#\/schema\/logo\/image\/\",\"url\":\"https:\/\/www.emdg-guilers.org\/wp-content\/uploads\/2016\/06\/logo2014.jpg\",\"contentUrl\":\"https:\/\/www.emdg-guilers.org\/wp-content\/uploads\/2016\/06\/logo2014.jpg\",\"width\":214,\"height\":116,\"caption\":\"Ecole de Musique et de Danse\"},\"image\":{\"@id\":\"https:\/\/www.emdg-guilers.org\/#\/schema\/logo\/image\/\"},\"sameAs\":[\"https:\/\/www.facebook.com\/Ecole-de-Musique-et-de-Danse-de-Guilers-480017765533016\/\"]}]}<\/script>\n<!-- \/ Yoast SEO plugin. -->","yoast_head_json":{"title":"Le No\u00ebl de l'EMDG - Ecole de Musique, Danse &amp; Th\u00e9\u00e2tre de Guilers","robots":{"index":"index","follow":"follow","max-snippet":"max-snippet:-1","max-image-preview":"max-image-preview:large","max-video-preview":"max-video-preview:-1"},"canonical":"https:\/\/www.emdg-guilers.org\/index.php\/event\/le-noel-de-lemdg\/","og_locale":"fr_FR","og_type":"article","og_title":"Le No\u00ebl de l'EMDG - Ecole de Musique, Danse &amp; Th\u00e9\u00e2tre de Guilers","og_description":"Spectacle de No\u00ebl (un peu en avance) de l&rsquo;EMDG. Les \u00e9l\u00e8ves danse se produiront sur sc\u00e8ne sur le th\u00e8me attendu, mais n\u00e9anmoins r\u00e9jouissant, de No\u00ebl ! Au programme : (Pour les petits et les grands !) March\u00e9 de No\u00ebl &#8211; 15h30 \u00e0 19h Visite du P\u00e8re No\u00ebl Spectacle \u00e0 17h \u00e9veil danse &amp; musique (groupe du mardi), \u00e9veil danse du lundi et mercredi, classique : intitiation du lundi et du mercredi, pr\u00e9pa 1 g1mercredi, demi-pointes modern jazz : initiation g1...Lire la suite Lire la suite","og_url":"https:\/\/www.emdg-guilers.org\/index.php\/event\/le-noel-de-lemdg\/","og_site_name":"Ecole de Musique, Danse &amp; Th\u00e9\u00e2tre de Guilers","article_publisher":"https:\/\/www.facebook.com\/Ecole-de-Musique-et-de-Danse-de-Guilers-480017765533016\/","article_modified_time":"2023-11-07T17:44:56+00:00","og_image":[{"url":"https:\/\/www.emdg-guilers.org\/wp-content\/uploads\/2023\/11\/Affiche-soiree-de-Noel-rouge-et-blanc-1-212x300.png"}],"twitter_card":"summary_large_image","twitter_misc":{"Dur\u00e9e de lecture estim\u00e9e":"1 minute"},"schema":{"@context":"https:\/\/schema.org","@graph":[{"@type":"WebPage","@id":"https:\/\/www.emdg-guilers.org\/index.php\/event\/le-noel-de-lemdg\/","url":"https:\/\/www.emdg-guilers.org\/index.php\/event\/le-noel-de-lemdg\/","name":"Le No\u00ebl de l'EMDG - Ecole de Musique, Danse &amp; Th\u00e9\u00e2tre de Guilers","isPartOf":{"@id":"https:\/\/www.emdg-guilers.org\/#website"},"primaryImageOfPage":{"@id":"https:\/\/www.emdg-guilers.org\/index.php\/event\/le-noel-de-lemdg\/#primaryimage"},"image":{"@id":"https:\/\/www.emdg-guilers.org\/index.php\/event\/le-noel-de-lemdg\/#primaryimage"},"thumbnailUrl":"https:\/\/www.emdg-guilers.org\/wp-content\/uploads\/2023\/11\/Affiche-soiree-de-Noel-rouge-et-blanc-1-212x300.png","datePublished":"2023-10-25T10:32:04+00:00","dateModified":"2023-11-07T17:44:56+00:00","breadcrumb":{"@id":"https:\/\/www.emdg-guilers.org\/index.php\/event\/le-noel-de-lemdg\/#breadcrumb"},"inLanguage":"fr-FR","potentialAction":[{"@type":"ReadAction","target":["https:\/\/www.emdg-guilers.org\/index.php\/event\/le-noel-de-lemdg\/"]}]},{"@type":"ImageObject","inLanguage":"fr-FR","@id":"https:\/\/www.emdg-guilers.org\/index.php\/event\/le-noel-de-lemdg\/#primaryimage","url":"https:\/\/www.emdg-guilers.org\/wp-content\/uploads\/2023\/11\/Affiche-soiree-de-Noel-rouge-et-blanc-1.png","contentUrl":"https:\/\/www.emdg-guilers.org\/wp-content\/uploads\/2023\/11\/Affiche-soiree-de-Noel-rouge-et-blanc-1.png","width":1414,"height":2000},{"@type":"BreadcrumbList","@id":"https:\/\/www.emdg-guilers.org\/index.php\/event\/le-noel-de-lemdg\/#breadcrumb","itemListElement":[{"@type":"ListItem","position":1,"name":"Accueil","item":"https:\/\/www.emdg-guilers.org\/"},{"@type":"ListItem","position":2,"name":"\u00c9v\u00e8nements","item":"https:\/\/www.emdg-guilers.org\/index.php\/events\/"},{"@type":"ListItem","position":3,"name":"Le No\u00ebl de l&rsquo;EMDG"}]},{"@type":"WebSite","@id":"https:\/\/www.emdg-guilers.org\/#website","url":"https:\/\/www.emdg-guilers.org\/","name":"Ecole de Musique et Danse de Guilers","description":"Ecole associative, cours de musique, danse, th\u00e9\u00e2tre accessibles \u00e0 tous","publisher":{"@id":"https:\/\/www.emdg-guilers.org\/#organization"},"potentialAction":[{"@type":"SearchAction","target":{"@type":"EntryPoint","urlTemplate":"https:\/\/www.emdg-guilers.org\/?s={search_term_string}"},"query-input":"required name=search_term_string"}],"inLanguage":"fr-FR"},{"@type":"Organization","@id":"https:\/\/www.emdg-guilers.org\/#organization","name":"Ecole de Musique et de Danse","url":"https:\/\/www.emdg-guilers.org\/","logo":{"@type":"ImageObject","inLanguage":"fr-FR","@id":"https:\/\/www.emdg-guilers.org\/#\/schema\/logo\/image\/","url":"https:\/\/www.emdg-guilers.org\/wp-content\/uploads\/2016\/06\/logo2014.jpg","contentUrl":"https:\/\/www.emdg-guilers.org\/wp-content\/uploads\/2016\/06\/logo2014.jpg","width":214,"height":116,"caption":"Ecole de Musique et de Danse"},"image":{"@id":"https:\/\/www.emdg-guilers.org\/#\/schema\/logo\/image\/"},"sameAs":["https:\/\/www.facebook.com\/Ecole-de-Musique-et-de-Danse-de-Guilers-480017765533016\/"]}]}},"_links":{"self":[{"href":"https:\/\/www.emdg-guilers.org\/index.php\/wp-json\/wp\/v2\/tribe_events\/3901"}],"collection":[{"href":"https:\/\/www.emdg-guilers.org\/index.php\/wp-json\/wp\/v2\/tribe_events"}],"about":[{"href":"https:\/\/www.emdg-guilers.org\/index.php\/wp-json\/wp\/v2\/types\/tribe_events"}],"author":[{"embeddable":true,"href":"https:\/\/www.emdg-guilers.org\/index.php\/wp-json\/wp\/v2\/users\/3"}],"replies":[{"embeddable":true,"href":"https:\/\/www.emdg-guilers.org\/index.php\/wp-json\/wp\/v2\/comments?post=3901"}],"version-history":[{"count":3,"href":"https:\/\/www.emdg-guilers.org\/index.php\/wp-json\/wp\/v2\/tribe_events\/3901\/revisions"}],"predecessor-version":[{"id":3949,"href":"https:\/\/www.emdg-guilers.org\/index.php\/wp-json\/wp\/v2\/tribe_events\/3901\/revisions\/3949"}],"wp:attachment":[{"href":"https:\/\/www.emdg-guilers.org\/index.php\/wp-json\/wp\/v2\/media?parent=3901"}],"wp:term":[{"taxonomy":"post_tag","embeddable":true,"href":"https:\/\/www.emdg-guilers.org\/index.php\/wp-json\/wp\/v2\/tags?post=3901"},{"taxonomy":"tribe_events_cat","embeddable":true,"href":"https:\/\/www.emdg-guilers.org\/index.php\/wp-json\/wp\/v2\/tribe_events_cat?post=3901"}],"curies":[{"name":"wp","href":"https:\/\/api.w.org\/{rel}","templated":true}]}}