{"id":3904,"date":"2023-10-25T12:35:35","date_gmt":"2023-10-25T10:35:35","guid":{"rendered":"https:\/\/www.emdg-guilers.org\/?post_type=tribe_events&#038;p=3904"},"modified":"2023-12-18T09:57:20","modified_gmt":"2023-12-18T08:57:20","slug":"audition-de-noel-musique","status":"publish","type":"tribe_events","link":"https:\/\/www.emdg-guilers.org\/index.php\/event\/audition-de-noel-musique\/","title":{"rendered":"Auditions de No\u00ebl musique"},"content":{"rendered":"<p>Audition de No\u00ebl des \u00e9l\u00e8ves musiciens<\/p>\n<p>mardi 18h salle de r\u00e9p\u00e9, violon, eveil, clarinette<\/p>\n<p>mercredi 18h salle de r\u00e9p\u00e9, percussions, batterie<\/p>\n<p>jeudi 18h30 salle Manons des Sources, Cord\u00e9ole, violons&#8230;<\/p>\n<p>entr\u00e9e libre<\/p>\n<p><img loading=\"lazy\" decoding=\"async\" class=\"aligncenter size-medium wp-image-3958\" src=\"https:\/\/www.emdg-guilers.org\/wp-content\/uploads\/2023\/12\/2023-dec-19-20-21-audition-1-212x300.jpg\" alt=\"\" width=\"212\" height=\"300\" srcset=\"https:\/\/www.emdg-guilers.org\/wp-content\/uploads\/2023\/12\/2023-dec-19-20-21-audition-1-212x300.jpg 212w, https:\/\/www.emdg-guilers.org\/wp-content\/uploads\/2023\/12\/2023-dec-19-20-21-audition-1-724x1024.jpg 724w, https:\/\/www.emdg-guilers.org\/wp-content\/uploads\/2023\/12\/2023-dec-19-20-21-audition-1-768x1086.jpg 768w, https:\/\/www.emdg-guilers.org\/wp-content\/uploads\/2023\/12\/2023-dec-19-20-21-audition-1-1086x1536.jpg 1086w, https:\/\/www.emdg-guilers.org\/wp-content\/uploads\/2023\/12\/2023-dec-19-20-21-audition-1-1448x2048.jpg 1448w, https:\/\/www.emdg-guilers.org\/wp-content\/uploads\/2023\/12\/2023-dec-19-20-21-audition-1-191x270.jpg 191w, https:\/\/www.emdg-guilers.org\/wp-content\/uploads\/2023\/12\/2023-dec-19-20-21-audition-1.jpg 1587w\" sizes=\"(max-width: 212px) 100vw, 212px\" \/><\/p>\n","protected":false},"excerpt":{"rendered":"<p>Audition de No\u00ebl des \u00e9l\u00e8ves musiciens mardi 18h salle de r\u00e9p\u00e9, violon, eveil, clarinette mercredi 18h salle de r\u00e9p\u00e9, percussions, batterie jeudi 18h30 salle Manons des Sources, Cord\u00e9ole, violons&#8230; entr\u00e9e libre<\/p>\n","protected":false},"author":3,"featured_media":0,"comment_status":"closed","ping_status":"closed","template":"","meta":{"_tribe_events_status":"","_tribe_events_status_reason":"","footnotes":""},"tags":[],"tribe_events_cat":[],"yoast_head":"<!-- This site is optimized with the Yoast SEO plugin v22.4 - https:\/\/yoast.com\/wordpress\/plugins\/seo\/ -->\n<title>Auditions de No\u00ebl musique - Ecole de Musique, Danse &amp; Th\u00e9\u00e2tre de Guilers<\/title>\n<meta name=\"robots\" content=\"index, follow, max-snippet:-1, max-image-preview:large, max-video-preview:-1\" \/>\n<link rel=\"canonical\" href=\"https:\/\/www.emdg-guilers.org\/index.php\/event\/audition-de-noel-musique\/\" \/>\n<meta property=\"og:locale\" content=\"fr_FR\" \/>\n<meta property=\"og:type\" content=\"article\" \/>\n<meta property=\"og:title\" content=\"Auditions de No\u00ebl musique - Ecole de Musique, Danse &amp; Th\u00e9\u00e2tre de Guilers\" \/>\n<meta property=\"og:description\" content=\"Audition de No\u00ebl des \u00e9l\u00e8ves musiciens mardi 18h salle de r\u00e9p\u00e9, violon, eveil, clarinette mercredi 18h salle de r\u00e9p\u00e9, percussions, batterie jeudi 18h30 salle Manons des Sources, Cord\u00e9ole, violons&#8230; entr\u00e9e libre\" \/>\n<meta property=\"og:url\" content=\"https:\/\/www.emdg-guilers.org\/index.php\/event\/audition-de-noel-musique\/\" \/>\n<meta property=\"og:site_name\" content=\"Ecole de Musique, Danse &amp; Th\u00e9\u00e2tre de Guilers\" \/>\n<meta property=\"article:publisher\" content=\"https:\/\/www.facebook.com\/Ecole-de-Musique-et-de-Danse-de-Guilers-480017765533016\/\" \/>\n<meta property=\"article:modified_time\" content=\"2023-12-18T08:57:20+00:00\" \/>\n<meta property=\"og:image\" content=\"https:\/\/www.emdg-guilers.org\/wp-content\/uploads\/2023\/12\/2023-dec-19-20-21-audition-1-212x300.jpg\" \/>\n<meta name=\"twitter:card\" content=\"summary_large_image\" \/>\n<meta name=\"twitter:label1\" content=\"Dur\u00e9e de lecture estim\u00e9e\" \/>\n\t<meta name=\"twitter:data1\" content=\"1 minute\" \/>\n<script type=\"application\/ld+json\" class=\"yoast-schema-graph\">{\"@context\":\"https:\/\/schema.org\",\"@graph\":[{\"@type\":\"WebPage\",\"@id\":\"https:\/\/www.emdg-guilers.org\/index.php\/event\/audition-de-noel-musique\/\",\"url\":\"https:\/\/www.emdg-guilers.org\/index.php\/event\/audition-de-noel-musique\/\",\"name\":\"Auditions de No\u00ebl musique - Ecole de Musique, Danse &amp; Th\u00e9\u00e2tre de Guilers\",\"isPartOf\":{\"@id\":\"https:\/\/www.emdg-guilers.org\/#website\"},\"primaryImageOfPage\":{\"@id\":\"https:\/\/www.emdg-guilers.org\/index.php\/event\/audition-de-noel-musique\/#primaryimage\"},\"image\":{\"@id\":\"https:\/\/www.emdg-guilers.org\/index.php\/event\/audition-de-noel-musique\/#primaryimage\"},\"thumbnailUrl\":\"https:\/\/www.emdg-guilers.org\/wp-content\/uploads\/2023\/12\/2023-dec-19-20-21-audition-1-212x300.jpg\",\"datePublished\":\"2023-10-25T10:35:35+00:00\",\"dateModified\":\"2023-12-18T08:57:20+00:00\",\"breadcrumb\":{\"@id\":\"https:\/\/www.emdg-guilers.org\/index.php\/event\/audition-de-noel-musique\/#breadcrumb\"},\"inLanguage\":\"fr-FR\",\"potentialAction\":[{\"@type\":\"ReadAction\",\"target\":[\"https:\/\/www.emdg-guilers.org\/index.php\/event\/audition-de-noel-musique\/\"]}]},{\"@type\":\"ImageObject\",\"inLanguage\":\"fr-FR\",\"@id\":\"https:\/\/www.emdg-guilers.org\/index.php\/event\/audition-de-noel-musique\/#primaryimage\",\"url\":\"https:\/\/www.emdg-guilers.org\/wp-content\/uploads\/2023\/12\/2023-dec-19-20-21-audition-1.jpg\",\"contentUrl\":\"https:\/\/www.emdg-guilers.org\/wp-content\/uploads\/2023\/12\/2023-dec-19-20-21-audition-1.jpg\",\"width\":1587,\"height\":2245},{\"@type\":\"BreadcrumbList\",\"@id\":\"https:\/\/www.emdg-guilers.org\/index.php\/event\/audition-de-noel-musique\/#breadcrumb\",\"itemListElement\":[{\"@type\":\"ListItem\",\"position\":1,\"name\":\"Accueil\",\"item\":\"https:\/\/www.emdg-guilers.org\/\"},{\"@type\":\"ListItem\",\"position\":2,\"name\":\"\u00c9v\u00e8nements\",\"item\":\"https:\/\/www.emdg-guilers.org\/index.php\/events\/\"},{\"@type\":\"ListItem\",\"position\":3,\"name\":\"Auditions de No\u00ebl musique\"}]},{\"@type\":\"WebSite\",\"@id\":\"https:\/\/www.emdg-guilers.org\/#website\",\"url\":\"https:\/\/www.emdg-guilers.org\/\",\"name\":\"Ecole de Musique et Danse de Guilers\",\"description\":\"Ecole associative, cours de musique, danse, th\u00e9\u00e2tre accessibles \u00e0 tous\",\"publisher\":{\"@id\":\"https:\/\/www.emdg-guilers.org\/#organization\"},\"potentialAction\":[{\"@type\":\"SearchAction\",\"target\":{\"@type\":\"EntryPoint\",\"urlTemplate\":\"https:\/\/www.emdg-guilers.org\/?s={search_term_string}\"},\"query-input\":\"required name=search_term_string\"}],\"inLanguage\":\"fr-FR\"},{\"@type\":\"Organization\",\"@id\":\"https:\/\/www.emdg-guilers.org\/#organization\",\"name\":\"Ecole de Musique et de Danse\",\"url\":\"https:\/\/www.emdg-guilers.org\/\",\"logo\":{\"@type\":\"ImageObject\",\"inLanguage\":\"fr-FR\",\"@id\":\"https:\/\/www.emdg-guilers.org\/#\/schema\/logo\/image\/\",\"url\":\"https:\/\/www.emdg-guilers.org\/wp-content\/uploads\/2016\/06\/logo2014.jpg\",\"contentUrl\":\"https:\/\/www.emdg-guilers.org\/wp-content\/uploads\/2016\/06\/logo2014.jpg\",\"width\":214,\"height\":116,\"caption\":\"Ecole de Musique et de Danse\"},\"image\":{\"@id\":\"https:\/\/www.emdg-guilers.org\/#\/schema\/logo\/image\/\"},\"sameAs\":[\"https:\/\/www.facebook.com\/Ecole-de-Musique-et-de-Danse-de-Guilers-480017765533016\/\"]}]}<\/script>\n<!-- \/ Yoast SEO plugin. -->","yoast_head_json":{"title":"Auditions de No\u00ebl musique - Ecole de Musique, Danse &amp; Th\u00e9\u00e2tre de Guilers","robots":{"index":"index","follow":"follow","max-snippet":"max-snippet:-1","max-image-preview":"max-image-preview:large","max-video-preview":"max-video-preview:-1"},"canonical":"https:\/\/www.emdg-guilers.org\/index.php\/event\/audition-de-noel-musique\/","og_locale":"fr_FR","og_type":"article","og_title":"Auditions de No\u00ebl musique - Ecole de Musique, Danse &amp; Th\u00e9\u00e2tre de Guilers","og_description":"Audition de No\u00ebl des \u00e9l\u00e8ves musiciens mardi 18h salle de r\u00e9p\u00e9, violon, eveil, clarinette mercredi 18h salle de r\u00e9p\u00e9, percussions, batterie jeudi 18h30 salle Manons des Sources, Cord\u00e9ole, violons&#8230; entr\u00e9e libre","og_url":"https:\/\/www.emdg-guilers.org\/index.php\/event\/audition-de-noel-musique\/","og_site_name":"Ecole de Musique, Danse &amp; Th\u00e9\u00e2tre de Guilers","article_publisher":"https:\/\/www.facebook.com\/Ecole-de-Musique-et-de-Danse-de-Guilers-480017765533016\/","article_modified_time":"2023-12-18T08:57:20+00:00","og_image":[{"url":"https:\/\/www.emdg-guilers.org\/wp-content\/uploads\/2023\/12\/2023-dec-19-20-21-audition-1-212x300.jpg"}],"twitter_card":"summary_large_image","twitter_misc":{"Dur\u00e9e de lecture estim\u00e9e":"1 minute"},"schema":{"@context":"https:\/\/schema.org","@graph":[{"@type":"WebPage","@id":"https:\/\/www.emdg-guilers.org\/index.php\/event\/audition-de-noel-musique\/","url":"https:\/\/www.emdg-guilers.org\/index.php\/event\/audition-de-noel-musique\/","name":"Auditions de No\u00ebl musique - Ecole de Musique, Danse &amp; Th\u00e9\u00e2tre de Guilers","isPartOf":{"@id":"https:\/\/www.emdg-guilers.org\/#website"},"primaryImageOfPage":{"@id":"https:\/\/www.emdg-guilers.org\/index.php\/event\/audition-de-noel-musique\/#primaryimage"},"image":{"@id":"https:\/\/www.emdg-guilers.org\/index.php\/event\/audition-de-noel-musique\/#primaryimage"},"thumbnailUrl":"https:\/\/www.emdg-guilers.org\/wp-content\/uploads\/2023\/12\/2023-dec-19-20-21-audition-1-212x300.jpg","datePublished":"2023-10-25T10:35:35+00:00","dateModified":"2023-12-18T08:57:20+00:00","breadcrumb":{"@id":"https:\/\/www.emdg-guilers.org\/index.php\/event\/audition-de-noel-musique\/#breadcrumb"},"inLanguage":"fr-FR","potentialAction":[{"@type":"ReadAction","target":["https:\/\/www.emdg-guilers.org\/index.php\/event\/audition-de-noel-musique\/"]}]},{"@type":"ImageObject","inLanguage":"fr-FR","@id":"https:\/\/www.emdg-guilers.org\/index.php\/event\/audition-de-noel-musique\/#primaryimage","url":"https:\/\/www.emdg-guilers.org\/wp-content\/uploads\/2023\/12\/2023-dec-19-20-21-audition-1.jpg","contentUrl":"https:\/\/www.emdg-guilers.org\/wp-content\/uploads\/2023\/12\/2023-dec-19-20-21-audition-1.jpg","width":1587,"height":2245},{"@type":"BreadcrumbList","@id":"https:\/\/www.emdg-guilers.org\/index.php\/event\/audition-de-noel-musique\/#breadcrumb","itemListElement":[{"@type":"ListItem","position":1,"name":"Accueil","item":"https:\/\/www.emdg-guilers.org\/"},{"@type":"ListItem","position":2,"name":"\u00c9v\u00e8nements","item":"https:\/\/www.emdg-guilers.org\/index.php\/events\/"},{"@type":"ListItem","position":3,"name":"Auditions de No\u00ebl musique"}]},{"@type":"WebSite","@id":"https:\/\/www.emdg-guilers.org\/#website","url":"https:\/\/www.emdg-guilers.org\/","name":"Ecole de Musique et Danse de Guilers","description":"Ecole associative, cours de musique, danse, th\u00e9\u00e2tre accessibles \u00e0 tous","publisher":{"@id":"https:\/\/www.emdg-guilers.org\/#organization"},"potentialAction":[{"@type":"SearchAction","target":{"@type":"EntryPoint","urlTemplate":"https:\/\/www.emdg-guilers.org\/?s={search_term_string}"},"query-input":"required name=search_term_string"}],"inLanguage":"fr-FR"},{"@type":"Organization","@id":"https:\/\/www.emdg-guilers.org\/#organization","name":"Ecole de Musique et de Danse","url":"https:\/\/www.emdg-guilers.org\/","logo":{"@type":"ImageObject","inLanguage":"fr-FR","@id":"https:\/\/www.emdg-guilers.org\/#\/schema\/logo\/image\/","url":"https:\/\/www.emdg-guilers.org\/wp-content\/uploads\/2016\/06\/logo2014.jpg","contentUrl":"https:\/\/www.emdg-guilers.org\/wp-content\/uploads\/2016\/06\/logo2014.jpg","width":214,"height":116,"caption":"Ecole de Musique et de Danse"},"image":{"@id":"https:\/\/www.emdg-guilers.org\/#\/schema\/logo\/image\/"},"sameAs":["https:\/\/www.facebook.com\/Ecole-de-Musique-et-de-Danse-de-Guilers-480017765533016\/"]}]}},"_links":{"self":[{"href":"https:\/\/www.emdg-guilers.org\/index.php\/wp-json\/wp\/v2\/tribe_events\/3904"}],"collection":[{"href":"https:\/\/www.emdg-guilers.org\/index.php\/wp-json\/wp\/v2\/tribe_events"}],"about":[{"href":"https:\/\/www.emdg-guilers.org\/index.php\/wp-json\/wp\/v2\/types\/tribe_events"}],"author":[{"embeddable":true,"href":"https:\/\/www.emdg-guilers.org\/index.php\/wp-json\/wp\/v2\/users\/3"}],"replies":[{"embeddable":true,"href":"https:\/\/www.emdg-guilers.org\/index.php\/wp-json\/wp\/v2\/comments?post=3904"}],"version-history":[{"count":4,"href":"https:\/\/www.emdg-guilers.org\/index.php\/wp-json\/wp\/v2\/tribe_events\/3904\/revisions"}],"predecessor-version":[{"id":3961,"href":"https:\/\/www.emdg-guilers.org\/index.php\/wp-json\/wp\/v2\/tribe_events\/3904\/revisions\/3961"}],"wp:attachment":[{"href":"https:\/\/www.emdg-guilers.org\/index.php\/wp-json\/wp\/v2\/media?parent=3904"}],"wp:term":[{"taxonomy":"post_tag","embeddable":true,"href":"https:\/\/www.emdg-guilers.org\/index.php\/wp-json\/wp\/v2\/tags?post=3904"},{"taxonomy":"tribe_events_cat","embeddable":true,"href":"https:\/\/www.emdg-guilers.org\/index.php\/wp-json\/wp\/v2\/tribe_events_cat?post=3904"}],"curies":[{"name":"wp","href":"https:\/\/api.w.org\/{rel}","templated":true}]}}