{"id":3906,"date":"2023-10-25T15:37:18","date_gmt":"2023-10-25T13:37:18","guid":{"rendered":"https:\/\/www.emdg-guilers.org\/?post_type=tribe_events&#038;p=3906"},"modified":"2024-03-12T16:05:59","modified_gmt":"2024-03-12T15:05:59","slug":"tas-du-reseau-defis-et-spectacles-sportifs-a-la-guiltheque","status":"publish","type":"tribe_events","link":"https:\/\/www.emdg-guilers.org\/index.php\/event\/tas-du-reseau-defis-et-spectacles-sportifs-a-la-guiltheque\/","title":{"rendered":"T&rsquo;as du r\u00e9seau ! D\u00e9fis et spectacles sportifs \u00e0 la Guilth\u00e8que"},"content":{"rendered":"<p><strong>A vos marques, pr\u00eat, relevez les d\u00e9fis !\u00a0 Journ\u00e9e \u00ab\u00a0T&rsquo;as du r\u00e9seau\u00a0\u00bb \u00e0 la Guilth\u00e8que.<\/strong><\/p>\n<p><img loading=\"lazy\" decoding=\"async\" class=\"aligncenter size-medium wp-image-4050\" src=\"https:\/\/www.emdg-guilers.org\/wp-content\/uploads\/2023\/10\/affiches-tas-du-reseau-212x300.jpg\" alt=\"\" width=\"212\" height=\"300\" srcset=\"https:\/\/www.emdg-guilers.org\/wp-content\/uploads\/2023\/10\/affiches-tas-du-reseau-212x300.jpg 212w, https:\/\/www.emdg-guilers.org\/wp-content\/uploads\/2023\/10\/affiches-tas-du-reseau-191x270.jpg 191w, https:\/\/www.emdg-guilers.org\/wp-content\/uploads\/2023\/10\/affiches-tas-du-reseau.jpg 558w\" sizes=\"(max-width: 212px) 100vw, 212px\" \/><\/p>\n<ul>\n<li>A 14h : dansez ensemble ! La chor\u00e9graphe et danseuse Jehanne Peron et les \u00e9l\u00e8ves danse de l\u2019EMDG vous invitent \u00e0 leur \u00e9chauffement. Lancez-vous dans une chor\u00e9graphique classique participative (simple mais efficace !) Passez du statut de spectateur \u00e0 acteur en mouvement !<br \/>\nOrganis\u00e9 par l\u2019Ecole de Musique, Danse et Th\u00e9\u00e2tre de Guilers<\/li>\n<li>A 14h45 : Th\u00e9\u00e2tre : tentez une Impro sportive ! Tout en ayant un esprit d\u2019\u00e9quipe, les sportifs<br \/>\nen plein effort participent \u00e0 une comp\u00e9tition acharn\u00e9e, vivent des rebondissements haletants, font<br \/>\nvibrer le public : de grands moments \u00e0 partager !<br \/>\nSc\u00e8ne sportive avec la troupe les IMPRO DIS-JE, dirig\u00e9e par Pierre-Yves HerryEt aussi,<\/li>\n<li>Toute la journ\u00e9e : Pilotez votre mini-bolide ! D\u00e9fiez vos concurrents sur mini-circuit !<br \/>\nGagnez votre dipl\u00f4me de coureur en restant sur la piste !<br \/>\nDipl\u00f4me de pilotage \u00e0 conqu\u00e9rir, valid\u00e9 par l\u2019association Penn ar slot de Guilers.<\/li>\n<\/ul>\n<ul>\n<li>A 11h : Admirez les exploits sportifs des marionnettes, suivez les \u00e9chauffements, comparez leurs<br \/>\nperformances ! Venez lancer le d\u00e9part d&rsquo;une course, arbitrer un match et applaudir les perdants.<br \/>\nSpectacle par le Collectif Viens Voir par Ici et la Cie Les Col\u00e9oportes.<\/li>\n<li><\/li>\n<li>Tout l\u2019apr\u00e8s-midi : Domptez le billig et tournez une cr\u00eape parfaite \u2026.avant de la d\u00e9gustez \uf04a.<br \/>\nLes ma\u00eetres-cr\u00eapiers de l\u2019Espace Jeunes de Guilers vous initient \u00e0 un d\u00e9fi gourmand.<\/li>\n<\/ul>\n","protected":false},"excerpt":{"rendered":"<p>A vos marques, pr\u00eat, relevez les d\u00e9fis !\u00a0 Journ\u00e9e \u00ab\u00a0T&rsquo;as du r\u00e9seau\u00a0\u00bb \u00e0 la Guilth\u00e8que. A 14h : dansez ensemble ! La chor\u00e9graphe et danseuse Jehanne Peron et les \u00e9l\u00e8ves danse de l\u2019EMDG vous invitent \u00e0 leur \u00e9chauffement. Lancez-vous dans une chor\u00e9graphique classique participative (simple mais efficace !) Passez du statut de spectateur \u00e0 acteur en mouvement ! Organis\u00e9 par l\u2019Ecole de Musique, Danse et Th\u00e9\u00e2tre de Guilers A 14h45 : Th\u00e9\u00e2tre : tentez une Impro sportive ! Tout en&#8230;<\/p>\n<p class=\"read-more\"><a class=\"btn btn-default\" href=\"https:\/\/www.emdg-guilers.org\/index.php\/event\/tas-du-reseau-defis-et-spectacles-sportifs-a-la-guiltheque\/\">Lire la suite<span class=\"screen-reader-text\"> Lire la suite<\/span><\/a><\/p>\n","protected":false},"author":3,"featured_media":0,"comment_status":"closed","ping_status":"closed","template":"","meta":{"_tribe_events_status":"","_tribe_events_status_reason":"","footnotes":""},"tags":[],"tribe_events_cat":[],"yoast_head":"<!-- This site is optimized with the Yoast SEO plugin v22.4 - https:\/\/yoast.com\/wordpress\/plugins\/seo\/ -->\n<title>T&#039;as du r\u00e9seau ! D\u00e9fis et spectacles sportifs \u00e0 la Guilth\u00e8que - Ecole de Musique, Danse &amp; Th\u00e9\u00e2tre de Guilers<\/title>\n<meta name=\"robots\" content=\"index, follow, max-snippet:-1, max-image-preview:large, max-video-preview:-1\" \/>\n<link rel=\"canonical\" href=\"https:\/\/www.emdg-guilers.org\/index.php\/event\/tas-du-reseau-defis-et-spectacles-sportifs-a-la-guiltheque\/\" \/>\n<meta property=\"og:locale\" content=\"fr_FR\" \/>\n<meta property=\"og:type\" content=\"article\" \/>\n<meta property=\"og:title\" content=\"T&#039;as du r\u00e9seau ! D\u00e9fis et spectacles sportifs \u00e0 la Guilth\u00e8que - Ecole de Musique, Danse &amp; Th\u00e9\u00e2tre de Guilers\" \/>\n<meta property=\"og:description\" content=\"A vos marques, pr\u00eat, relevez les d\u00e9fis !\u00a0 Journ\u00e9e \u00ab\u00a0T&rsquo;as du r\u00e9seau\u00a0\u00bb \u00e0 la Guilth\u00e8que. A 14h : dansez ensemble ! La chor\u00e9graphe et danseuse Jehanne Peron et les \u00e9l\u00e8ves danse de l\u2019EMDG vous invitent \u00e0 leur \u00e9chauffement. Lancez-vous dans une chor\u00e9graphique classique participative (simple mais efficace !) Passez du statut de spectateur \u00e0 acteur en mouvement ! Organis\u00e9 par l\u2019Ecole de Musique, Danse et Th\u00e9\u00e2tre de Guilers A 14h45 : Th\u00e9\u00e2tre : tentez une Impro sportive ! Tout en...Lire la suite Lire la suite\" \/>\n<meta property=\"og:url\" content=\"https:\/\/www.emdg-guilers.org\/index.php\/event\/tas-du-reseau-defis-et-spectacles-sportifs-a-la-guiltheque\/\" \/>\n<meta property=\"og:site_name\" content=\"Ecole de Musique, Danse &amp; Th\u00e9\u00e2tre de Guilers\" \/>\n<meta property=\"article:publisher\" content=\"https:\/\/www.facebook.com\/Ecole-de-Musique-et-de-Danse-de-Guilers-480017765533016\/\" \/>\n<meta property=\"article:modified_time\" content=\"2024-03-12T15:05:59+00:00\" \/>\n<meta property=\"og:image\" content=\"https:\/\/www.emdg-guilers.org\/wp-content\/uploads\/2023\/10\/affiches-tas-du-reseau-212x300.jpg\" \/>\n<meta name=\"twitter:card\" content=\"summary_large_image\" \/>\n<meta name=\"twitter:label1\" content=\"Dur\u00e9e de lecture estim\u00e9e\" \/>\n\t<meta name=\"twitter:data1\" content=\"1 minute\" \/>\n<script type=\"application\/ld+json\" class=\"yoast-schema-graph\">{\"@context\":\"https:\/\/schema.org\",\"@graph\":[{\"@type\":\"WebPage\",\"@id\":\"https:\/\/www.emdg-guilers.org\/index.php\/event\/tas-du-reseau-defis-et-spectacles-sportifs-a-la-guiltheque\/\",\"url\":\"https:\/\/www.emdg-guilers.org\/index.php\/event\/tas-du-reseau-defis-et-spectacles-sportifs-a-la-guiltheque\/\",\"name\":\"T'as du r\u00e9seau ! D\u00e9fis et spectacles sportifs \u00e0 la Guilth\u00e8que - Ecole de Musique, Danse &amp; Th\u00e9\u00e2tre de Guilers\",\"isPartOf\":{\"@id\":\"https:\/\/www.emdg-guilers.org\/#website\"},\"primaryImageOfPage\":{\"@id\":\"https:\/\/www.emdg-guilers.org\/index.php\/event\/tas-du-reseau-defis-et-spectacles-sportifs-a-la-guiltheque\/#primaryimage\"},\"image\":{\"@id\":\"https:\/\/www.emdg-guilers.org\/index.php\/event\/tas-du-reseau-defis-et-spectacles-sportifs-a-la-guiltheque\/#primaryimage\"},\"thumbnailUrl\":\"https:\/\/www.emdg-guilers.org\/wp-content\/uploads\/2023\/10\/affiches-tas-du-reseau-212x300.jpg\",\"datePublished\":\"2023-10-25T13:37:18+00:00\",\"dateModified\":\"2024-03-12T15:05:59+00:00\",\"breadcrumb\":{\"@id\":\"https:\/\/www.emdg-guilers.org\/index.php\/event\/tas-du-reseau-defis-et-spectacles-sportifs-a-la-guiltheque\/#breadcrumb\"},\"inLanguage\":\"fr-FR\",\"potentialAction\":[{\"@type\":\"ReadAction\",\"target\":[\"https:\/\/www.emdg-guilers.org\/index.php\/event\/tas-du-reseau-defis-et-spectacles-sportifs-a-la-guiltheque\/\"]}]},{\"@type\":\"ImageObject\",\"inLanguage\":\"fr-FR\",\"@id\":\"https:\/\/www.emdg-guilers.org\/index.php\/event\/tas-du-reseau-defis-et-spectacles-sportifs-a-la-guiltheque\/#primaryimage\",\"url\":\"https:\/\/www.emdg-guilers.org\/wp-content\/uploads\/2023\/10\/affiches-tas-du-reseau.jpg\",\"contentUrl\":\"https:\/\/www.emdg-guilers.org\/wp-content\/uploads\/2023\/10\/affiches-tas-du-reseau.jpg\",\"width\":558,\"height\":790},{\"@type\":\"BreadcrumbList\",\"@id\":\"https:\/\/www.emdg-guilers.org\/index.php\/event\/tas-du-reseau-defis-et-spectacles-sportifs-a-la-guiltheque\/#breadcrumb\",\"itemListElement\":[{\"@type\":\"ListItem\",\"position\":1,\"name\":\"Accueil\",\"item\":\"https:\/\/www.emdg-guilers.org\/\"},{\"@type\":\"ListItem\",\"position\":2,\"name\":\"\u00c9v\u00e8nements\",\"item\":\"https:\/\/www.emdg-guilers.org\/index.php\/events\/\"},{\"@type\":\"ListItem\",\"position\":3,\"name\":\"T&rsquo;as du r\u00e9seau ! D\u00e9fis et spectacles sportifs \u00e0 la Guilth\u00e8que\"}]},{\"@type\":\"WebSite\",\"@id\":\"https:\/\/www.emdg-guilers.org\/#website\",\"url\":\"https:\/\/www.emdg-guilers.org\/\",\"name\":\"Ecole de Musique et Danse de Guilers\",\"description\":\"Ecole associative, cours de musique, danse, th\u00e9\u00e2tre accessibles \u00e0 tous\",\"publisher\":{\"@id\":\"https:\/\/www.emdg-guilers.org\/#organization\"},\"potentialAction\":[{\"@type\":\"SearchAction\",\"target\":{\"@type\":\"EntryPoint\",\"urlTemplate\":\"https:\/\/www.emdg-guilers.org\/?s={search_term_string}\"},\"query-input\":\"required name=search_term_string\"}],\"inLanguage\":\"fr-FR\"},{\"@type\":\"Organization\",\"@id\":\"https:\/\/www.emdg-guilers.org\/#organization\",\"name\":\"Ecole de Musique et de Danse\",\"url\":\"https:\/\/www.emdg-guilers.org\/\",\"logo\":{\"@type\":\"ImageObject\",\"inLanguage\":\"fr-FR\",\"@id\":\"https:\/\/www.emdg-guilers.org\/#\/schema\/logo\/image\/\",\"url\":\"https:\/\/www.emdg-guilers.org\/wp-content\/uploads\/2016\/06\/logo2014.jpg\",\"contentUrl\":\"https:\/\/www.emdg-guilers.org\/wp-content\/uploads\/2016\/06\/logo2014.jpg\",\"width\":214,\"height\":116,\"caption\":\"Ecole de Musique et de Danse\"},\"image\":{\"@id\":\"https:\/\/www.emdg-guilers.org\/#\/schema\/logo\/image\/\"},\"sameAs\":[\"https:\/\/www.facebook.com\/Ecole-de-Musique-et-de-Danse-de-Guilers-480017765533016\/\"]}]}<\/script>\n<!-- \/ Yoast SEO plugin. -->","yoast_head_json":{"title":"T'as du r\u00e9seau ! D\u00e9fis et spectacles sportifs \u00e0 la Guilth\u00e8que - Ecole de Musique, Danse &amp; Th\u00e9\u00e2tre de Guilers","robots":{"index":"index","follow":"follow","max-snippet":"max-snippet:-1","max-image-preview":"max-image-preview:large","max-video-preview":"max-video-preview:-1"},"canonical":"https:\/\/www.emdg-guilers.org\/index.php\/event\/tas-du-reseau-defis-et-spectacles-sportifs-a-la-guiltheque\/","og_locale":"fr_FR","og_type":"article","og_title":"T'as du r\u00e9seau ! D\u00e9fis et spectacles sportifs \u00e0 la Guilth\u00e8que - Ecole de Musique, Danse &amp; Th\u00e9\u00e2tre de Guilers","og_description":"A vos marques, pr\u00eat, relevez les d\u00e9fis !\u00a0 Journ\u00e9e \u00ab\u00a0T&rsquo;as du r\u00e9seau\u00a0\u00bb \u00e0 la Guilth\u00e8que. A 14h : dansez ensemble ! La chor\u00e9graphe et danseuse Jehanne Peron et les \u00e9l\u00e8ves danse de l\u2019EMDG vous invitent \u00e0 leur \u00e9chauffement. Lancez-vous dans une chor\u00e9graphique classique participative (simple mais efficace !) Passez du statut de spectateur \u00e0 acteur en mouvement ! Organis\u00e9 par l\u2019Ecole de Musique, Danse et Th\u00e9\u00e2tre de Guilers A 14h45 : Th\u00e9\u00e2tre : tentez une Impro sportive ! Tout en...Lire la suite Lire la suite","og_url":"https:\/\/www.emdg-guilers.org\/index.php\/event\/tas-du-reseau-defis-et-spectacles-sportifs-a-la-guiltheque\/","og_site_name":"Ecole de Musique, Danse &amp; Th\u00e9\u00e2tre de Guilers","article_publisher":"https:\/\/www.facebook.com\/Ecole-de-Musique-et-de-Danse-de-Guilers-480017765533016\/","article_modified_time":"2024-03-12T15:05:59+00:00","og_image":[{"url":"https:\/\/www.emdg-guilers.org\/wp-content\/uploads\/2023\/10\/affiches-tas-du-reseau-212x300.jpg"}],"twitter_card":"summary_large_image","twitter_misc":{"Dur\u00e9e de lecture estim\u00e9e":"1 minute"},"schema":{"@context":"https:\/\/schema.org","@graph":[{"@type":"WebPage","@id":"https:\/\/www.emdg-guilers.org\/index.php\/event\/tas-du-reseau-defis-et-spectacles-sportifs-a-la-guiltheque\/","url":"https:\/\/www.emdg-guilers.org\/index.php\/event\/tas-du-reseau-defis-et-spectacles-sportifs-a-la-guiltheque\/","name":"T'as du r\u00e9seau ! D\u00e9fis et spectacles sportifs \u00e0 la Guilth\u00e8que - Ecole de Musique, Danse &amp; Th\u00e9\u00e2tre de Guilers","isPartOf":{"@id":"https:\/\/www.emdg-guilers.org\/#website"},"primaryImageOfPage":{"@id":"https:\/\/www.emdg-guilers.org\/index.php\/event\/tas-du-reseau-defis-et-spectacles-sportifs-a-la-guiltheque\/#primaryimage"},"image":{"@id":"https:\/\/www.emdg-guilers.org\/index.php\/event\/tas-du-reseau-defis-et-spectacles-sportifs-a-la-guiltheque\/#primaryimage"},"thumbnailUrl":"https:\/\/www.emdg-guilers.org\/wp-content\/uploads\/2023\/10\/affiches-tas-du-reseau-212x300.jpg","datePublished":"2023-10-25T13:37:18+00:00","dateModified":"2024-03-12T15:05:59+00:00","breadcrumb":{"@id":"https:\/\/www.emdg-guilers.org\/index.php\/event\/tas-du-reseau-defis-et-spectacles-sportifs-a-la-guiltheque\/#breadcrumb"},"inLanguage":"fr-FR","potentialAction":[{"@type":"ReadAction","target":["https:\/\/www.emdg-guilers.org\/index.php\/event\/tas-du-reseau-defis-et-spectacles-sportifs-a-la-guiltheque\/"]}]},{"@type":"ImageObject","inLanguage":"fr-FR","@id":"https:\/\/www.emdg-guilers.org\/index.php\/event\/tas-du-reseau-defis-et-spectacles-sportifs-a-la-guiltheque\/#primaryimage","url":"https:\/\/www.emdg-guilers.org\/wp-content\/uploads\/2023\/10\/affiches-tas-du-reseau.jpg","contentUrl":"https:\/\/www.emdg-guilers.org\/wp-content\/uploads\/2023\/10\/affiches-tas-du-reseau.jpg","width":558,"height":790},{"@type":"BreadcrumbList","@id":"https:\/\/www.emdg-guilers.org\/index.php\/event\/tas-du-reseau-defis-et-spectacles-sportifs-a-la-guiltheque\/#breadcrumb","itemListElement":[{"@type":"ListItem","position":1,"name":"Accueil","item":"https:\/\/www.emdg-guilers.org\/"},{"@type":"ListItem","position":2,"name":"\u00c9v\u00e8nements","item":"https:\/\/www.emdg-guilers.org\/index.php\/events\/"},{"@type":"ListItem","position":3,"name":"T&rsquo;as du r\u00e9seau ! D\u00e9fis et spectacles sportifs \u00e0 la Guilth\u00e8que"}]},{"@type":"WebSite","@id":"https:\/\/www.emdg-guilers.org\/#website","url":"https:\/\/www.emdg-guilers.org\/","name":"Ecole de Musique et Danse de Guilers","description":"Ecole associative, cours de musique, danse, th\u00e9\u00e2tre accessibles \u00e0 tous","publisher":{"@id":"https:\/\/www.emdg-guilers.org\/#organization"},"potentialAction":[{"@type":"SearchAction","target":{"@type":"EntryPoint","urlTemplate":"https:\/\/www.emdg-guilers.org\/?s={search_term_string}"},"query-input":"required name=search_term_string"}],"inLanguage":"fr-FR"},{"@type":"Organization","@id":"https:\/\/www.emdg-guilers.org\/#organization","name":"Ecole de Musique et de Danse","url":"https:\/\/www.emdg-guilers.org\/","logo":{"@type":"ImageObject","inLanguage":"fr-FR","@id":"https:\/\/www.emdg-guilers.org\/#\/schema\/logo\/image\/","url":"https:\/\/www.emdg-guilers.org\/wp-content\/uploads\/2016\/06\/logo2014.jpg","contentUrl":"https:\/\/www.emdg-guilers.org\/wp-content\/uploads\/2016\/06\/logo2014.jpg","width":214,"height":116,"caption":"Ecole de Musique et de Danse"},"image":{"@id":"https:\/\/www.emdg-guilers.org\/#\/schema\/logo\/image\/"},"sameAs":["https:\/\/www.facebook.com\/Ecole-de-Musique-et-de-Danse-de-Guilers-480017765533016\/"]}]}},"_links":{"self":[{"href":"https:\/\/www.emdg-guilers.org\/index.php\/wp-json\/wp\/v2\/tribe_events\/3906"}],"collection":[{"href":"https:\/\/www.emdg-guilers.org\/index.php\/wp-json\/wp\/v2\/tribe_events"}],"about":[{"href":"https:\/\/www.emdg-guilers.org\/index.php\/wp-json\/wp\/v2\/types\/tribe_events"}],"author":[{"embeddable":true,"href":"https:\/\/www.emdg-guilers.org\/index.php\/wp-json\/wp\/v2\/users\/3"}],"replies":[{"embeddable":true,"href":"https:\/\/www.emdg-guilers.org\/index.php\/wp-json\/wp\/v2\/comments?post=3906"}],"version-history":[{"count":2,"href":"https:\/\/www.emdg-guilers.org\/index.php\/wp-json\/wp\/v2\/tribe_events\/3906\/revisions"}],"predecessor-version":[{"id":4051,"href":"https:\/\/www.emdg-guilers.org\/index.php\/wp-json\/wp\/v2\/tribe_events\/3906\/revisions\/4051"}],"wp:attachment":[{"href":"https:\/\/www.emdg-guilers.org\/index.php\/wp-json\/wp\/v2\/media?parent=3906"}],"wp:term":[{"taxonomy":"post_tag","embeddable":true,"href":"https:\/\/www.emdg-guilers.org\/index.php\/wp-json\/wp\/v2\/tags?post=3906"},{"taxonomy":"tribe_events_cat","embeddable":true,"href":"https:\/\/www.emdg-guilers.org\/index.php\/wp-json\/wp\/v2\/tribe_events_cat?post=3906"}],"curies":[{"name":"wp","href":"https:\/\/api.w.org\/{rel}","templated":true}]}}