{"id":4015,"date":"2024-01-18T11:09:55","date_gmt":"2024-01-18T10:09:55","guid":{"rendered":"https:\/\/www.emdg-guilers.org\/?post_type=tribe_events&#038;p=4015"},"modified":"2024-01-18T11:10:08","modified_gmt":"2024-01-18T10:10:08","slug":"stage-danse-parent-enfant-2e-creneau","status":"publish","type":"tribe_events","link":"https:\/\/www.emdg-guilers.org\/index.php\/event\/stage-danse-parent-enfant-2e-creneau\/","title":{"rendered":"Stage danse parent-enfant 2e CRENEAU"},"content":{"rendered":"<p>2e cr\u00e9neau pour le stage de danse 9h-10h15 (l&rsquo;autre est complet)<\/p>\n<p>Une matin\u00e9e de stage anim\u00e9e par Virginie Le Gloahec. Ouvert \u00e0 un bin\u00f4me parent-enfant. Enfant de 6 \u00e0 11 ans + 1 adulte de son choix. Aucune exp\u00e9rience de la danse requise ! Venez partager un moment en famille autour des grands fondamentaux de la danse. \u00c9chauffement et apprentissage d&rsquo;une petite chor\u00e9graphie.<\/p>\n<p>RDV d\u00e8s 8h45, salle de r\u00e9p\u00e9 1er \u00e9tage EMDG, 11 rue de Milizac, 29820 Guilers Venir avec une tenue de sport, une bouteille d&rsquo;eau.<\/p>\n<p><a href=\"https:\/\/www.helloasso.com\/associations\/ecole-de-musique-et-danse-de-guilers\/evenements\/stage-de-danse-parent-enfant\">R\u00e9servation et paiement en ligne !<\/a> Nombre de places limit\u00e9.<\/p>\n<p>Tarif : 15\u20ac pour un bin\u00f4me parent-enfant<\/p>\n<p><a href=\"https:\/\/www.helloasso.com\/associations\/ecole-de-musique-et-danse-de-guilers\/evenements\/stage-de-danse-parent-enfant\"><img loading=\"lazy\" decoding=\"async\" class=\"aligncenter size-medium wp-image-3963\" src=\"https:\/\/www.emdg-guilers.org\/wp-content\/uploads\/2023\/12\/2024-02-04-Stage-danse-parent-enfant-212x300.jpg\" alt=\"\" width=\"212\" height=\"300\" srcset=\"https:\/\/www.emdg-guilers.org\/wp-content\/uploads\/2023\/12\/2024-02-04-Stage-danse-parent-enfant-212x300.jpg 212w, https:\/\/www.emdg-guilers.org\/wp-content\/uploads\/2023\/12\/2024-02-04-Stage-danse-parent-enfant-724x1024.jpg 724w, https:\/\/www.emdg-guilers.org\/wp-content\/uploads\/2023\/12\/2024-02-04-Stage-danse-parent-enfant-768x1086.jpg 768w, https:\/\/www.emdg-guilers.org\/wp-content\/uploads\/2023\/12\/2024-02-04-Stage-danse-parent-enfant-1086x1536.jpg 1086w, https:\/\/www.emdg-guilers.org\/wp-content\/uploads\/2023\/12\/2024-02-04-Stage-danse-parent-enfant-1448x2048.jpg 1448w, https:\/\/www.emdg-guilers.org\/wp-content\/uploads\/2023\/12\/2024-02-04-Stage-danse-parent-enfant-191x270.jpg 191w, https:\/\/www.emdg-guilers.org\/wp-content\/uploads\/2023\/12\/2024-02-04-Stage-danse-parent-enfant.jpg 1587w\" sizes=\"(max-width: 212px) 100vw, 212px\" \/><\/a><\/p>\n","protected":false},"excerpt":{"rendered":"<p>2e cr\u00e9neau pour le stage de danse 9h-10h15 (l&rsquo;autre est complet) Une matin\u00e9e de stage anim\u00e9e par Virginie Le Gloahec. Ouvert \u00e0 un bin\u00f4me parent-enfant. Enfant de 6 \u00e0 11 ans + 1 adulte de son choix. Aucune exp\u00e9rience de la danse requise ! Venez partager un moment en famille autour des grands fondamentaux de la danse. \u00c9chauffement et apprentissage d&rsquo;une petite chor\u00e9graphie. RDV d\u00e8s 8h45, salle de r\u00e9p\u00e9 1er \u00e9tage EMDG, 11 rue de Milizac, 29820 Guilers Venir avec&#8230;<\/p>\n<p class=\"read-more\"><a class=\"btn btn-default\" href=\"https:\/\/www.emdg-guilers.org\/index.php\/event\/stage-danse-parent-enfant-2e-creneau\/\">Lire la suite<span class=\"screen-reader-text\"> Lire la suite<\/span><\/a><\/p>\n","protected":false},"author":3,"featured_media":0,"comment_status":"closed","ping_status":"closed","template":"","meta":{"_tribe_events_status":"","_tribe_events_status_reason":"","footnotes":""},"tags":[],"tribe_events_cat":[],"yoast_head":"<!-- This site is optimized with the Yoast SEO plugin v22.4 - https:\/\/yoast.com\/wordpress\/plugins\/seo\/ -->\n<title>Stage danse parent-enfant 2e CRENEAU - Ecole de Musique, Danse &amp; Th\u00e9\u00e2tre de Guilers<\/title>\n<meta name=\"robots\" content=\"index, follow, max-snippet:-1, max-image-preview:large, max-video-preview:-1\" \/>\n<link rel=\"canonical\" href=\"https:\/\/www.emdg-guilers.org\/index.php\/event\/stage-danse-parent-enfant-2e-creneau\/\" \/>\n<meta property=\"og:locale\" content=\"fr_FR\" \/>\n<meta property=\"og:type\" content=\"article\" \/>\n<meta property=\"og:title\" content=\"Stage danse parent-enfant 2e CRENEAU - Ecole de Musique, Danse &amp; Th\u00e9\u00e2tre de Guilers\" \/>\n<meta property=\"og:description\" content=\"2e cr\u00e9neau pour le stage de danse 9h-10h15 (l&rsquo;autre est complet) Une matin\u00e9e de stage anim\u00e9e par Virginie Le Gloahec. Ouvert \u00e0 un bin\u00f4me parent-enfant. Enfant de 6 \u00e0 11 ans + 1 adulte de son choix. Aucune exp\u00e9rience de la danse requise ! Venez partager un moment en famille autour des grands fondamentaux de la danse. \u00c9chauffement et apprentissage d&rsquo;une petite chor\u00e9graphie. RDV d\u00e8s 8h45, salle de r\u00e9p\u00e9 1er \u00e9tage EMDG, 11 rue de Milizac, 29820 Guilers Venir avec...Lire la suite Lire la suite\" \/>\n<meta property=\"og:url\" content=\"https:\/\/www.emdg-guilers.org\/index.php\/event\/stage-danse-parent-enfant-2e-creneau\/\" \/>\n<meta property=\"og:site_name\" content=\"Ecole de Musique, Danse &amp; Th\u00e9\u00e2tre de Guilers\" \/>\n<meta property=\"article:publisher\" content=\"https:\/\/www.facebook.com\/Ecole-de-Musique-et-de-Danse-de-Guilers-480017765533016\/\" \/>\n<meta property=\"article:modified_time\" content=\"2024-01-18T10:10:08+00:00\" \/>\n<meta property=\"og:image\" content=\"https:\/\/www.emdg-guilers.org\/wp-content\/uploads\/2023\/12\/2024-02-04-Stage-danse-parent-enfant-212x300.jpg\" \/>\n<meta name=\"twitter:card\" content=\"summary_large_image\" \/>\n<meta name=\"twitter:label1\" content=\"Dur\u00e9e de lecture estim\u00e9e\" \/>\n\t<meta name=\"twitter:data1\" content=\"1 minute\" \/>\n<script type=\"application\/ld+json\" class=\"yoast-schema-graph\">{\"@context\":\"https:\/\/schema.org\",\"@graph\":[{\"@type\":\"WebPage\",\"@id\":\"https:\/\/www.emdg-guilers.org\/index.php\/event\/stage-danse-parent-enfant-2e-creneau\/\",\"url\":\"https:\/\/www.emdg-guilers.org\/index.php\/event\/stage-danse-parent-enfant-2e-creneau\/\",\"name\":\"Stage danse parent-enfant 2e CRENEAU - Ecole de Musique, Danse &amp; Th\u00e9\u00e2tre de Guilers\",\"isPartOf\":{\"@id\":\"https:\/\/www.emdg-guilers.org\/#website\"},\"primaryImageOfPage\":{\"@id\":\"https:\/\/www.emdg-guilers.org\/index.php\/event\/stage-danse-parent-enfant-2e-creneau\/#primaryimage\"},\"image\":{\"@id\":\"https:\/\/www.emdg-guilers.org\/index.php\/event\/stage-danse-parent-enfant-2e-creneau\/#primaryimage\"},\"thumbnailUrl\":\"https:\/\/www.emdg-guilers.org\/wp-content\/uploads\/2023\/12\/2024-02-04-Stage-danse-parent-enfant-212x300.jpg\",\"datePublished\":\"2024-01-18T10:09:55+00:00\",\"dateModified\":\"2024-01-18T10:10:08+00:00\",\"breadcrumb\":{\"@id\":\"https:\/\/www.emdg-guilers.org\/index.php\/event\/stage-danse-parent-enfant-2e-creneau\/#breadcrumb\"},\"inLanguage\":\"fr-FR\",\"potentialAction\":[{\"@type\":\"ReadAction\",\"target\":[\"https:\/\/www.emdg-guilers.org\/index.php\/event\/stage-danse-parent-enfant-2e-creneau\/\"]}]},{\"@type\":\"ImageObject\",\"inLanguage\":\"fr-FR\",\"@id\":\"https:\/\/www.emdg-guilers.org\/index.php\/event\/stage-danse-parent-enfant-2e-creneau\/#primaryimage\",\"url\":\"https:\/\/www.emdg-guilers.org\/wp-content\/uploads\/2023\/12\/2024-02-04-Stage-danse-parent-enfant.jpg\",\"contentUrl\":\"https:\/\/www.emdg-guilers.org\/wp-content\/uploads\/2023\/12\/2024-02-04-Stage-danse-parent-enfant.jpg\",\"width\":1587,\"height\":2245},{\"@type\":\"BreadcrumbList\",\"@id\":\"https:\/\/www.emdg-guilers.org\/index.php\/event\/stage-danse-parent-enfant-2e-creneau\/#breadcrumb\",\"itemListElement\":[{\"@type\":\"ListItem\",\"position\":1,\"name\":\"Accueil\",\"item\":\"https:\/\/www.emdg-guilers.org\/\"},{\"@type\":\"ListItem\",\"position\":2,\"name\":\"\u00c9v\u00e8nements\",\"item\":\"https:\/\/www.emdg-guilers.org\/index.php\/events\/\"},{\"@type\":\"ListItem\",\"position\":3,\"name\":\"Stage danse parent-enfant 2e CRENEAU\"}]},{\"@type\":\"WebSite\",\"@id\":\"https:\/\/www.emdg-guilers.org\/#website\",\"url\":\"https:\/\/www.emdg-guilers.org\/\",\"name\":\"Ecole de Musique et Danse de Guilers\",\"description\":\"Ecole associative, cours de musique, danse, th\u00e9\u00e2tre accessibles \u00e0 tous\",\"publisher\":{\"@id\":\"https:\/\/www.emdg-guilers.org\/#organization\"},\"potentialAction\":[{\"@type\":\"SearchAction\",\"target\":{\"@type\":\"EntryPoint\",\"urlTemplate\":\"https:\/\/www.emdg-guilers.org\/?s={search_term_string}\"},\"query-input\":\"required name=search_term_string\"}],\"inLanguage\":\"fr-FR\"},{\"@type\":\"Organization\",\"@id\":\"https:\/\/www.emdg-guilers.org\/#organization\",\"name\":\"Ecole de Musique et de Danse\",\"url\":\"https:\/\/www.emdg-guilers.org\/\",\"logo\":{\"@type\":\"ImageObject\",\"inLanguage\":\"fr-FR\",\"@id\":\"https:\/\/www.emdg-guilers.org\/#\/schema\/logo\/image\/\",\"url\":\"https:\/\/www.emdg-guilers.org\/wp-content\/uploads\/2016\/06\/logo2014.jpg\",\"contentUrl\":\"https:\/\/www.emdg-guilers.org\/wp-content\/uploads\/2016\/06\/logo2014.jpg\",\"width\":214,\"height\":116,\"caption\":\"Ecole de Musique et de Danse\"},\"image\":{\"@id\":\"https:\/\/www.emdg-guilers.org\/#\/schema\/logo\/image\/\"},\"sameAs\":[\"https:\/\/www.facebook.com\/Ecole-de-Musique-et-de-Danse-de-Guilers-480017765533016\/\"]}]}<\/script>\n<!-- \/ Yoast SEO plugin. -->","yoast_head_json":{"title":"Stage danse parent-enfant 2e CRENEAU - Ecole de Musique, Danse &amp; Th\u00e9\u00e2tre de Guilers","robots":{"index":"index","follow":"follow","max-snippet":"max-snippet:-1","max-image-preview":"max-image-preview:large","max-video-preview":"max-video-preview:-1"},"canonical":"https:\/\/www.emdg-guilers.org\/index.php\/event\/stage-danse-parent-enfant-2e-creneau\/","og_locale":"fr_FR","og_type":"article","og_title":"Stage danse parent-enfant 2e CRENEAU - Ecole de Musique, Danse &amp; Th\u00e9\u00e2tre de Guilers","og_description":"2e cr\u00e9neau pour le stage de danse 9h-10h15 (l&rsquo;autre est complet) Une matin\u00e9e de stage anim\u00e9e par Virginie Le Gloahec. Ouvert \u00e0 un bin\u00f4me parent-enfant. Enfant de 6 \u00e0 11 ans + 1 adulte de son choix. Aucune exp\u00e9rience de la danse requise ! Venez partager un moment en famille autour des grands fondamentaux de la danse. \u00c9chauffement et apprentissage d&rsquo;une petite chor\u00e9graphie. RDV d\u00e8s 8h45, salle de r\u00e9p\u00e9 1er \u00e9tage EMDG, 11 rue de Milizac, 29820 Guilers Venir avec...Lire la suite Lire la suite","og_url":"https:\/\/www.emdg-guilers.org\/index.php\/event\/stage-danse-parent-enfant-2e-creneau\/","og_site_name":"Ecole de Musique, Danse &amp; Th\u00e9\u00e2tre de Guilers","article_publisher":"https:\/\/www.facebook.com\/Ecole-de-Musique-et-de-Danse-de-Guilers-480017765533016\/","article_modified_time":"2024-01-18T10:10:08+00:00","og_image":[{"url":"https:\/\/www.emdg-guilers.org\/wp-content\/uploads\/2023\/12\/2024-02-04-Stage-danse-parent-enfant-212x300.jpg"}],"twitter_card":"summary_large_image","twitter_misc":{"Dur\u00e9e de lecture estim\u00e9e":"1 minute"},"schema":{"@context":"https:\/\/schema.org","@graph":[{"@type":"WebPage","@id":"https:\/\/www.emdg-guilers.org\/index.php\/event\/stage-danse-parent-enfant-2e-creneau\/","url":"https:\/\/www.emdg-guilers.org\/index.php\/event\/stage-danse-parent-enfant-2e-creneau\/","name":"Stage danse parent-enfant 2e CRENEAU - Ecole de Musique, Danse &amp; Th\u00e9\u00e2tre de Guilers","isPartOf":{"@id":"https:\/\/www.emdg-guilers.org\/#website"},"primaryImageOfPage":{"@id":"https:\/\/www.emdg-guilers.org\/index.php\/event\/stage-danse-parent-enfant-2e-creneau\/#primaryimage"},"image":{"@id":"https:\/\/www.emdg-guilers.org\/index.php\/event\/stage-danse-parent-enfant-2e-creneau\/#primaryimage"},"thumbnailUrl":"https:\/\/www.emdg-guilers.org\/wp-content\/uploads\/2023\/12\/2024-02-04-Stage-danse-parent-enfant-212x300.jpg","datePublished":"2024-01-18T10:09:55+00:00","dateModified":"2024-01-18T10:10:08+00:00","breadcrumb":{"@id":"https:\/\/www.emdg-guilers.org\/index.php\/event\/stage-danse-parent-enfant-2e-creneau\/#breadcrumb"},"inLanguage":"fr-FR","potentialAction":[{"@type":"ReadAction","target":["https:\/\/www.emdg-guilers.org\/index.php\/event\/stage-danse-parent-enfant-2e-creneau\/"]}]},{"@type":"ImageObject","inLanguage":"fr-FR","@id":"https:\/\/www.emdg-guilers.org\/index.php\/event\/stage-danse-parent-enfant-2e-creneau\/#primaryimage","url":"https:\/\/www.emdg-guilers.org\/wp-content\/uploads\/2023\/12\/2024-02-04-Stage-danse-parent-enfant.jpg","contentUrl":"https:\/\/www.emdg-guilers.org\/wp-content\/uploads\/2023\/12\/2024-02-04-Stage-danse-parent-enfant.jpg","width":1587,"height":2245},{"@type":"BreadcrumbList","@id":"https:\/\/www.emdg-guilers.org\/index.php\/event\/stage-danse-parent-enfant-2e-creneau\/#breadcrumb","itemListElement":[{"@type":"ListItem","position":1,"name":"Accueil","item":"https:\/\/www.emdg-guilers.org\/"},{"@type":"ListItem","position":2,"name":"\u00c9v\u00e8nements","item":"https:\/\/www.emdg-guilers.org\/index.php\/events\/"},{"@type":"ListItem","position":3,"name":"Stage danse parent-enfant 2e CRENEAU"}]},{"@type":"WebSite","@id":"https:\/\/www.emdg-guilers.org\/#website","url":"https:\/\/www.emdg-guilers.org\/","name":"Ecole de Musique et Danse de Guilers","description":"Ecole associative, cours de musique, danse, th\u00e9\u00e2tre accessibles \u00e0 tous","publisher":{"@id":"https:\/\/www.emdg-guilers.org\/#organization"},"potentialAction":[{"@type":"SearchAction","target":{"@type":"EntryPoint","urlTemplate":"https:\/\/www.emdg-guilers.org\/?s={search_term_string}"},"query-input":"required name=search_term_string"}],"inLanguage":"fr-FR"},{"@type":"Organization","@id":"https:\/\/www.emdg-guilers.org\/#organization","name":"Ecole de Musique et de Danse","url":"https:\/\/www.emdg-guilers.org\/","logo":{"@type":"ImageObject","inLanguage":"fr-FR","@id":"https:\/\/www.emdg-guilers.org\/#\/schema\/logo\/image\/","url":"https:\/\/www.emdg-guilers.org\/wp-content\/uploads\/2016\/06\/logo2014.jpg","contentUrl":"https:\/\/www.emdg-guilers.org\/wp-content\/uploads\/2016\/06\/logo2014.jpg","width":214,"height":116,"caption":"Ecole de Musique et de Danse"},"image":{"@id":"https:\/\/www.emdg-guilers.org\/#\/schema\/logo\/image\/"},"sameAs":["https:\/\/www.facebook.com\/Ecole-de-Musique-et-de-Danse-de-Guilers-480017765533016\/"]}]}},"_links":{"self":[{"href":"https:\/\/www.emdg-guilers.org\/index.php\/wp-json\/wp\/v2\/tribe_events\/4015"}],"collection":[{"href":"https:\/\/www.emdg-guilers.org\/index.php\/wp-json\/wp\/v2\/tribe_events"}],"about":[{"href":"https:\/\/www.emdg-guilers.org\/index.php\/wp-json\/wp\/v2\/types\/tribe_events"}],"author":[{"embeddable":true,"href":"https:\/\/www.emdg-guilers.org\/index.php\/wp-json\/wp\/v2\/users\/3"}],"replies":[{"embeddable":true,"href":"https:\/\/www.emdg-guilers.org\/index.php\/wp-json\/wp\/v2\/comments?post=4015"}],"version-history":[{"count":1,"href":"https:\/\/www.emdg-guilers.org\/index.php\/wp-json\/wp\/v2\/tribe_events\/4015\/revisions"}],"predecessor-version":[{"id":4016,"href":"https:\/\/www.emdg-guilers.org\/index.php\/wp-json\/wp\/v2\/tribe_events\/4015\/revisions\/4016"}],"wp:attachment":[{"href":"https:\/\/www.emdg-guilers.org\/index.php\/wp-json\/wp\/v2\/media?parent=4015"}],"wp:term":[{"taxonomy":"post_tag","embeddable":true,"href":"https:\/\/www.emdg-guilers.org\/index.php\/wp-json\/wp\/v2\/tags?post=4015"},{"taxonomy":"tribe_events_cat","embeddable":true,"href":"https:\/\/www.emdg-guilers.org\/index.php\/wp-json\/wp\/v2\/tribe_events_cat?post=4015"}],"curies":[{"name":"wp","href":"https:\/\/api.w.org\/{rel}","templated":true}]}}