{"id":4093,"date":"2024-03-26T16:51:42","date_gmt":"2024-03-26T15:51:42","guid":{"rendered":"https:\/\/www.emdg-guilers.org\/?post_type=tribe_events&#038;p=4093"},"modified":"2024-03-26T17:26:18","modified_gmt":"2024-03-26T16:26:18","slug":"inscriptions-pour-lannee-scolaire-2024-25","status":"publish","type":"tribe_events","link":"https:\/\/www.emdg-guilers.org\/index.php\/event\/inscriptions-pour-lannee-scolaire-2024-25\/","title":{"rendered":"Inscriptions pour l&rsquo;ann\u00e9e scolaire 2024-25"},"content":{"rendered":"<h2><img loading=\"lazy\" decoding=\"async\" class=\"aligncenter size-medium wp-image-4097\" src=\"https:\/\/www.emdg-guilers.org\/wp-content\/uploads\/2024\/03\/inscriptions24-25-emdg-300x251.jpg\" alt=\"\" width=\"300\" height=\"251\" srcset=\"https:\/\/www.emdg-guilers.org\/wp-content\/uploads\/2024\/03\/inscriptions24-25-emdg-300x251.jpg 300w, https:\/\/www.emdg-guilers.org\/wp-content\/uploads\/2024\/03\/inscriptions24-25-emdg-768x644.jpg 768w, https:\/\/www.emdg-guilers.org\/wp-content\/uploads\/2024\/03\/inscriptions24-25-emdg-322x270.jpg 322w, https:\/\/www.emdg-guilers.org\/wp-content\/uploads\/2024\/03\/inscriptions24-25-emdg.jpg 940w\" sizes=\"(max-width: 300px) 100vw, 300px\" \/><\/h2>\n<h2>P\u00e9riode d&rsquo;inscription pour l&rsquo;ann\u00e9e scolaire 2024-25, du 17 juin 2024 au 29 juin 2024<\/h2>\n<p>-&gt; Remplir une fiche d\u2019inscription<br \/>\n-&gt; Joindre le paiement complet (possible en plusieurs fois, ch\u00e8ques non encaiss\u00e9s)<\/p>\n<p>A d\u00e9poser \u00e0 l\u2019\u00e9cole (au bureau), dans la bo\u00eete \u00e0 lettres \u00e0 l\u2019entr\u00e9e du parking de l\u2019espace Pagnol, 11 rue de Milizac 29820 Guilers, ou par courrier<\/p>\n<p><strong>Permanences au bureau de l\u2019EMDG, 2e \u00e9tage :<\/strong><br \/>\nlundi, mardi 9h-12h30<br \/>\nmercredi 10h15-12h15<br \/>\njeudi 10h-12h \/ 14h-16h<br \/>\nsamedi 22 juin et 29 juin 10h-12h<\/p>\n<p>Pas de permanences pendant les vacances d&rsquo;\u00e9t\u00e9 ! Fermeture de l&rsquo;\u00e9cole du 3 juillet au 1er septembre 2024. D\u00e9p\u00f4t des dossiers possibles, uniquement dans la bo\u00eete \u00e0 lettres de l&rsquo;\u00e9cole.<\/p>\n<p>&nbsp;<\/p>\n","protected":false},"excerpt":{"rendered":"<p>P\u00e9riode d&rsquo;inscription pour l&rsquo;ann\u00e9e scolaire 2024-25, du 17 juin 2024 au 29 juin 2024 -&gt; Remplir une fiche d\u2019inscription -&gt; Joindre le paiement complet (possible en plusieurs fois, ch\u00e8ques non encaiss\u00e9s) A d\u00e9poser \u00e0 l\u2019\u00e9cole (au bureau), dans la bo\u00eete \u00e0 lettres \u00e0 l\u2019entr\u00e9e du parking de l\u2019espace Pagnol, 11 rue de Milizac 29820 Guilers, ou par courrier Permanences au bureau de l\u2019EMDG, 2e \u00e9tage : lundi, mardi 9h-12h30 mercredi 10h15-12h15 jeudi 10h-12h \/ 14h-16h samedi 22 juin et 29&#8230;<\/p>\n<p class=\"read-more\"><a class=\"btn btn-default\" href=\"https:\/\/www.emdg-guilers.org\/index.php\/event\/inscriptions-pour-lannee-scolaire-2024-25\/\">Lire la suite<span class=\"screen-reader-text\"> Lire la suite<\/span><\/a><\/p>\n","protected":false},"author":3,"featured_media":0,"comment_status":"closed","ping_status":"closed","template":"","meta":{"_tribe_events_status":"","_tribe_events_status_reason":"","footnotes":""},"tags":[15,18,43,29,17,14,120],"tribe_events_cat":[],"yoast_head":"<!-- This site is optimized with the Yoast SEO plugin v22.4 - https:\/\/yoast.com\/wordpress\/plugins\/seo\/ -->\n<title>Inscriptions pour l&#039;ann\u00e9e scolaire 2024-25 - Ecole de Musique, Danse &amp; Th\u00e9\u00e2tre de Guilers<\/title>\n<meta name=\"description\" content=\"inscriptions, emdg, ecole musique, danse, th\u00e9\u00e2tre, guilers, activit\u00e9s 2024-2025\" \/>\n<meta name=\"robots\" content=\"index, follow, max-snippet:-1, max-image-preview:large, max-video-preview:-1\" \/>\n<link rel=\"canonical\" href=\"https:\/\/www.emdg-guilers.org\/index.php\/event\/inscriptions-pour-lannee-scolaire-2024-25\/\" \/>\n<meta property=\"og:locale\" content=\"fr_FR\" \/>\n<meta property=\"og:type\" content=\"article\" \/>\n<meta property=\"og:title\" content=\"Inscriptions pour l&#039;ann\u00e9e scolaire 2024-25 - Ecole de Musique, Danse &amp; Th\u00e9\u00e2tre de Guilers\" \/>\n<meta property=\"og:description\" content=\"inscriptions, emdg, ecole musique, danse, th\u00e9\u00e2tre, guilers, activit\u00e9s 2024-2025\" \/>\n<meta property=\"og:url\" content=\"https:\/\/www.emdg-guilers.org\/index.php\/event\/inscriptions-pour-lannee-scolaire-2024-25\/\" \/>\n<meta property=\"og:site_name\" content=\"Ecole de Musique, Danse &amp; Th\u00e9\u00e2tre de Guilers\" \/>\n<meta property=\"article:publisher\" content=\"https:\/\/www.facebook.com\/Ecole-de-Musique-et-de-Danse-de-Guilers-480017765533016\/\" \/>\n<meta property=\"article:modified_time\" content=\"2024-03-26T16:26:18+00:00\" \/>\n<meta property=\"og:image\" content=\"https:\/\/www.emdg-guilers.org\/wp-content\/uploads\/2024\/03\/inscriptions24-25-emdg-300x251.jpg\" \/>\n<meta name=\"twitter:card\" content=\"summary_large_image\" \/>\n<meta name=\"twitter:label1\" content=\"Dur\u00e9e de lecture estim\u00e9e\" \/>\n\t<meta name=\"twitter:data1\" content=\"1 minute\" \/>\n<script type=\"application\/ld+json\" class=\"yoast-schema-graph\">{\"@context\":\"https:\/\/schema.org\",\"@graph\":[{\"@type\":\"WebPage\",\"@id\":\"https:\/\/www.emdg-guilers.org\/index.php\/event\/inscriptions-pour-lannee-scolaire-2024-25\/\",\"url\":\"https:\/\/www.emdg-guilers.org\/index.php\/event\/inscriptions-pour-lannee-scolaire-2024-25\/\",\"name\":\"Inscriptions pour l'ann\u00e9e scolaire 2024-25 - Ecole de Musique, Danse &amp; Th\u00e9\u00e2tre de Guilers\",\"isPartOf\":{\"@id\":\"https:\/\/www.emdg-guilers.org\/#website\"},\"primaryImageOfPage\":{\"@id\":\"https:\/\/www.emdg-guilers.org\/index.php\/event\/inscriptions-pour-lannee-scolaire-2024-25\/#primaryimage\"},\"image\":{\"@id\":\"https:\/\/www.emdg-guilers.org\/index.php\/event\/inscriptions-pour-lannee-scolaire-2024-25\/#primaryimage\"},\"thumbnailUrl\":\"https:\/\/www.emdg-guilers.org\/wp-content\/uploads\/2024\/03\/inscriptions24-25-emdg-300x251.jpg\",\"datePublished\":\"2024-03-26T15:51:42+00:00\",\"dateModified\":\"2024-03-26T16:26:18+00:00\",\"description\":\"inscriptions, emdg, ecole musique, danse, th\u00e9\u00e2tre, guilers, activit\u00e9s 2024-2025\",\"breadcrumb\":{\"@id\":\"https:\/\/www.emdg-guilers.org\/index.php\/event\/inscriptions-pour-lannee-scolaire-2024-25\/#breadcrumb\"},\"inLanguage\":\"fr-FR\",\"potentialAction\":[{\"@type\":\"ReadAction\",\"target\":[\"https:\/\/www.emdg-guilers.org\/index.php\/event\/inscriptions-pour-lannee-scolaire-2024-25\/\"]}]},{\"@type\":\"ImageObject\",\"inLanguage\":\"fr-FR\",\"@id\":\"https:\/\/www.emdg-guilers.org\/index.php\/event\/inscriptions-pour-lannee-scolaire-2024-25\/#primaryimage\",\"url\":\"https:\/\/www.emdg-guilers.org\/wp-content\/uploads\/2024\/03\/inscriptions24-25-emdg.jpg\",\"contentUrl\":\"https:\/\/www.emdg-guilers.org\/wp-content\/uploads\/2024\/03\/inscriptions24-25-emdg.jpg\",\"width\":940,\"height\":788},{\"@type\":\"BreadcrumbList\",\"@id\":\"https:\/\/www.emdg-guilers.org\/index.php\/event\/inscriptions-pour-lannee-scolaire-2024-25\/#breadcrumb\",\"itemListElement\":[{\"@type\":\"ListItem\",\"position\":1,\"name\":\"Accueil\",\"item\":\"https:\/\/www.emdg-guilers.org\/\"},{\"@type\":\"ListItem\",\"position\":2,\"name\":\"\u00c9v\u00e8nements\",\"item\":\"https:\/\/www.emdg-guilers.org\/index.php\/events\/\"},{\"@type\":\"ListItem\",\"position\":3,\"name\":\"Inscriptions pour l&rsquo;ann\u00e9e scolaire 2024-25\"}]},{\"@type\":\"WebSite\",\"@id\":\"https:\/\/www.emdg-guilers.org\/#website\",\"url\":\"https:\/\/www.emdg-guilers.org\/\",\"name\":\"Ecole de Musique et Danse de Guilers\",\"description\":\"Ecole associative, cours de musique, danse, th\u00e9\u00e2tre accessibles \u00e0 tous\",\"publisher\":{\"@id\":\"https:\/\/www.emdg-guilers.org\/#organization\"},\"potentialAction\":[{\"@type\":\"SearchAction\",\"target\":{\"@type\":\"EntryPoint\",\"urlTemplate\":\"https:\/\/www.emdg-guilers.org\/?s={search_term_string}\"},\"query-input\":\"required name=search_term_string\"}],\"inLanguage\":\"fr-FR\"},{\"@type\":\"Organization\",\"@id\":\"https:\/\/www.emdg-guilers.org\/#organization\",\"name\":\"Ecole de Musique et de Danse\",\"url\":\"https:\/\/www.emdg-guilers.org\/\",\"logo\":{\"@type\":\"ImageObject\",\"inLanguage\":\"fr-FR\",\"@id\":\"https:\/\/www.emdg-guilers.org\/#\/schema\/logo\/image\/\",\"url\":\"https:\/\/www.emdg-guilers.org\/wp-content\/uploads\/2016\/06\/logo2014.jpg\",\"contentUrl\":\"https:\/\/www.emdg-guilers.org\/wp-content\/uploads\/2016\/06\/logo2014.jpg\",\"width\":214,\"height\":116,\"caption\":\"Ecole de Musique et de Danse\"},\"image\":{\"@id\":\"https:\/\/www.emdg-guilers.org\/#\/schema\/logo\/image\/\"},\"sameAs\":[\"https:\/\/www.facebook.com\/Ecole-de-Musique-et-de-Danse-de-Guilers-480017765533016\/\"]}]}<\/script>\n<!-- \/ Yoast SEO plugin. -->","yoast_head_json":{"title":"Inscriptions pour l'ann\u00e9e scolaire 2024-25 - Ecole de Musique, Danse &amp; Th\u00e9\u00e2tre de Guilers","description":"inscriptions, emdg, ecole musique, danse, th\u00e9\u00e2tre, guilers, activit\u00e9s 2024-2025","robots":{"index":"index","follow":"follow","max-snippet":"max-snippet:-1","max-image-preview":"max-image-preview:large","max-video-preview":"max-video-preview:-1"},"canonical":"https:\/\/www.emdg-guilers.org\/index.php\/event\/inscriptions-pour-lannee-scolaire-2024-25\/","og_locale":"fr_FR","og_type":"article","og_title":"Inscriptions pour l'ann\u00e9e scolaire 2024-25 - Ecole de Musique, Danse &amp; Th\u00e9\u00e2tre de Guilers","og_description":"inscriptions, emdg, ecole musique, danse, th\u00e9\u00e2tre, guilers, activit\u00e9s 2024-2025","og_url":"https:\/\/www.emdg-guilers.org\/index.php\/event\/inscriptions-pour-lannee-scolaire-2024-25\/","og_site_name":"Ecole de Musique, Danse &amp; Th\u00e9\u00e2tre de Guilers","article_publisher":"https:\/\/www.facebook.com\/Ecole-de-Musique-et-de-Danse-de-Guilers-480017765533016\/","article_modified_time":"2024-03-26T16:26:18+00:00","og_image":[{"url":"https:\/\/www.emdg-guilers.org\/wp-content\/uploads\/2024\/03\/inscriptions24-25-emdg-300x251.jpg"}],"twitter_card":"summary_large_image","twitter_misc":{"Dur\u00e9e de lecture estim\u00e9e":"1 minute"},"schema":{"@context":"https:\/\/schema.org","@graph":[{"@type":"WebPage","@id":"https:\/\/www.emdg-guilers.org\/index.php\/event\/inscriptions-pour-lannee-scolaire-2024-25\/","url":"https:\/\/www.emdg-guilers.org\/index.php\/event\/inscriptions-pour-lannee-scolaire-2024-25\/","name":"Inscriptions pour l'ann\u00e9e scolaire 2024-25 - Ecole de Musique, Danse &amp; Th\u00e9\u00e2tre de Guilers","isPartOf":{"@id":"https:\/\/www.emdg-guilers.org\/#website"},"primaryImageOfPage":{"@id":"https:\/\/www.emdg-guilers.org\/index.php\/event\/inscriptions-pour-lannee-scolaire-2024-25\/#primaryimage"},"image":{"@id":"https:\/\/www.emdg-guilers.org\/index.php\/event\/inscriptions-pour-lannee-scolaire-2024-25\/#primaryimage"},"thumbnailUrl":"https:\/\/www.emdg-guilers.org\/wp-content\/uploads\/2024\/03\/inscriptions24-25-emdg-300x251.jpg","datePublished":"2024-03-26T15:51:42+00:00","dateModified":"2024-03-26T16:26:18+00:00","description":"inscriptions, emdg, ecole musique, danse, th\u00e9\u00e2tre, guilers, activit\u00e9s 2024-2025","breadcrumb":{"@id":"https:\/\/www.emdg-guilers.org\/index.php\/event\/inscriptions-pour-lannee-scolaire-2024-25\/#breadcrumb"},"inLanguage":"fr-FR","potentialAction":[{"@type":"ReadAction","target":["https:\/\/www.emdg-guilers.org\/index.php\/event\/inscriptions-pour-lannee-scolaire-2024-25\/"]}]},{"@type":"ImageObject","inLanguage":"fr-FR","@id":"https:\/\/www.emdg-guilers.org\/index.php\/event\/inscriptions-pour-lannee-scolaire-2024-25\/#primaryimage","url":"https:\/\/www.emdg-guilers.org\/wp-content\/uploads\/2024\/03\/inscriptions24-25-emdg.jpg","contentUrl":"https:\/\/www.emdg-guilers.org\/wp-content\/uploads\/2024\/03\/inscriptions24-25-emdg.jpg","width":940,"height":788},{"@type":"BreadcrumbList","@id":"https:\/\/www.emdg-guilers.org\/index.php\/event\/inscriptions-pour-lannee-scolaire-2024-25\/#breadcrumb","itemListElement":[{"@type":"ListItem","position":1,"name":"Accueil","item":"https:\/\/www.emdg-guilers.org\/"},{"@type":"ListItem","position":2,"name":"\u00c9v\u00e8nements","item":"https:\/\/www.emdg-guilers.org\/index.php\/events\/"},{"@type":"ListItem","position":3,"name":"Inscriptions pour l&rsquo;ann\u00e9e scolaire 2024-25"}]},{"@type":"WebSite","@id":"https:\/\/www.emdg-guilers.org\/#website","url":"https:\/\/www.emdg-guilers.org\/","name":"Ecole de Musique et Danse de Guilers","description":"Ecole associative, cours de musique, danse, th\u00e9\u00e2tre accessibles \u00e0 tous","publisher":{"@id":"https:\/\/www.emdg-guilers.org\/#organization"},"potentialAction":[{"@type":"SearchAction","target":{"@type":"EntryPoint","urlTemplate":"https:\/\/www.emdg-guilers.org\/?s={search_term_string}"},"query-input":"required name=search_term_string"}],"inLanguage":"fr-FR"},{"@type":"Organization","@id":"https:\/\/www.emdg-guilers.org\/#organization","name":"Ecole de Musique et de Danse","url":"https:\/\/www.emdg-guilers.org\/","logo":{"@type":"ImageObject","inLanguage":"fr-FR","@id":"https:\/\/www.emdg-guilers.org\/#\/schema\/logo\/image\/","url":"https:\/\/www.emdg-guilers.org\/wp-content\/uploads\/2016\/06\/logo2014.jpg","contentUrl":"https:\/\/www.emdg-guilers.org\/wp-content\/uploads\/2016\/06\/logo2014.jpg","width":214,"height":116,"caption":"Ecole de Musique et de Danse"},"image":{"@id":"https:\/\/www.emdg-guilers.org\/#\/schema\/logo\/image\/"},"sameAs":["https:\/\/www.facebook.com\/Ecole-de-Musique-et-de-Danse-de-Guilers-480017765533016\/"]}]}},"_links":{"self":[{"href":"https:\/\/www.emdg-guilers.org\/index.php\/wp-json\/wp\/v2\/tribe_events\/4093"}],"collection":[{"href":"https:\/\/www.emdg-guilers.org\/index.php\/wp-json\/wp\/v2\/tribe_events"}],"about":[{"href":"https:\/\/www.emdg-guilers.org\/index.php\/wp-json\/wp\/v2\/types\/tribe_events"}],"author":[{"embeddable":true,"href":"https:\/\/www.emdg-guilers.org\/index.php\/wp-json\/wp\/v2\/users\/3"}],"replies":[{"embeddable":true,"href":"https:\/\/www.emdg-guilers.org\/index.php\/wp-json\/wp\/v2\/comments?post=4093"}],"version-history":[{"count":4,"href":"https:\/\/www.emdg-guilers.org\/index.php\/wp-json\/wp\/v2\/tribe_events\/4093\/revisions"}],"predecessor-version":[{"id":4102,"href":"https:\/\/www.emdg-guilers.org\/index.php\/wp-json\/wp\/v2\/tribe_events\/4093\/revisions\/4102"}],"wp:attachment":[{"href":"https:\/\/www.emdg-guilers.org\/index.php\/wp-json\/wp\/v2\/media?parent=4093"}],"wp:term":[{"taxonomy":"post_tag","embeddable":true,"href":"https:\/\/www.emdg-guilers.org\/index.php\/wp-json\/wp\/v2\/tags?post=4093"},{"taxonomy":"tribe_events_cat","embeddable":true,"href":"https:\/\/www.emdg-guilers.org\/index.php\/wp-json\/wp\/v2\/tribe_events_cat?post=4093"}],"curies":[{"name":"wp","href":"https:\/\/api.w.org\/{rel}","templated":true}]}}