{"id":4146,"date":"2024-04-02T12:19:13","date_gmt":"2024-04-02T10:19:13","guid":{"rendered":"https:\/\/www.emdg-guilers.org\/?post_type=tribe_events&#038;p=4146"},"modified":"2024-05-23T10:48:47","modified_gmt":"2024-05-23T08:48:47","slug":"3g-aux-olympiades-en-fete","status":"publish","type":"tribe_events","link":"https:\/\/www.emdg-guilers.org\/index.php\/event\/3g-aux-olympiades-en-fete\/","title":{"rendered":"3G aux Olympiades en F\u00eate"},"content":{"rendered":"<p><strong>\u00abOlympiades En F\u00eates\u00bb sous la halle Baucina (et non \u00e0 Ballard pour raisons m\u00e9t\u00e9orologiques!)<\/strong>, un \u00e9v\u00e9nement en musique sur sc\u00e8ne suite aux Olympiades de la ville l\u2019apr\u00e8s-midi.<\/p>\n<p>Ouverture de la soir\u00e9e par Jean-Luc et Noah Roudaut, Carte Blanche \u00e0 l\u2019EMDG, Carte Blanche \u00e0 l\u2019Agora puis groupe invit\u00e9 pour terminer la soir\u00e9e.<\/p>\n<p>Retrouvez le groupe 3G, Guilers Guitar Gang, direction Pascal Ghigou et les \u00e9l\u00e8ves guitaristes de l&rsquo;EMDG \u00e0 cette occasion de 16h30 \u00e0 17h<\/p>\n<p>Gratuit<\/p>\n","protected":false},"excerpt":{"rendered":"<p>\u00abOlympiades En F\u00eates\u00bb sous la halle Baucina (et non \u00e0 Ballard pour raisons m\u00e9t\u00e9orologiques!), un \u00e9v\u00e9nement en musique sur sc\u00e8ne suite aux Olympiades de la ville l\u2019apr\u00e8s-midi. Ouverture de la soir\u00e9e par Jean-Luc et Noah Roudaut, Carte Blanche \u00e0 l\u2019EMDG, Carte Blanche \u00e0 l\u2019Agora puis groupe invit\u00e9 pour terminer la soir\u00e9e. Retrouvez le groupe 3G, Guilers Guitar Gang, direction Pascal Ghigou et les \u00e9l\u00e8ves guitaristes de l&rsquo;EMDG \u00e0 cette occasion de 16h30 \u00e0 17h Gratuit<\/p>\n","protected":false},"author":3,"featured_media":0,"comment_status":"closed","ping_status":"closed","template":"","meta":{"_tribe_events_status":"","_tribe_events_status_reason":"","footnotes":""},"tags":[],"tribe_events_cat":[],"yoast_head":"<!-- This site is optimized with the Yoast SEO plugin v22.4 - https:\/\/yoast.com\/wordpress\/plugins\/seo\/ -->\n<title>3G aux Olympiades en F\u00eate - Ecole de Musique, Danse &amp; Th\u00e9\u00e2tre de Guilers<\/title>\n<meta name=\"robots\" content=\"index, follow, max-snippet:-1, max-image-preview:large, max-video-preview:-1\" \/>\n<link rel=\"canonical\" href=\"https:\/\/www.emdg-guilers.org\/index.php\/event\/3g-aux-olympiades-en-fete\/\" \/>\n<meta property=\"og:locale\" content=\"fr_FR\" \/>\n<meta property=\"og:type\" content=\"article\" \/>\n<meta property=\"og:title\" content=\"3G aux Olympiades en F\u00eate - Ecole de Musique, Danse &amp; Th\u00e9\u00e2tre de Guilers\" \/>\n<meta property=\"og:description\" content=\"\u00abOlympiades En F\u00eates\u00bb sous la halle Baucina (et non \u00e0 Ballard pour raisons m\u00e9t\u00e9orologiques!), un \u00e9v\u00e9nement en musique sur sc\u00e8ne suite aux Olympiades de la ville l\u2019apr\u00e8s-midi. Ouverture de la soir\u00e9e par Jean-Luc et Noah Roudaut, Carte Blanche \u00e0 l\u2019EMDG, Carte Blanche \u00e0 l\u2019Agora puis groupe invit\u00e9 pour terminer la soir\u00e9e. Retrouvez le groupe 3G, Guilers Guitar Gang, direction Pascal Ghigou et les \u00e9l\u00e8ves guitaristes de l&rsquo;EMDG \u00e0 cette occasion de 16h30 \u00e0 17h Gratuit\" \/>\n<meta property=\"og:url\" content=\"https:\/\/www.emdg-guilers.org\/index.php\/event\/3g-aux-olympiades-en-fete\/\" \/>\n<meta property=\"og:site_name\" content=\"Ecole de Musique, Danse &amp; Th\u00e9\u00e2tre de Guilers\" \/>\n<meta property=\"article:publisher\" content=\"https:\/\/www.facebook.com\/Ecole-de-Musique-et-de-Danse-de-Guilers-480017765533016\/\" \/>\n<meta property=\"article:modified_time\" content=\"2024-05-23T08:48:47+00:00\" \/>\n<meta name=\"twitter:card\" content=\"summary_large_image\" \/>\n<meta name=\"twitter:label1\" content=\"Dur\u00e9e de lecture estim\u00e9e\" \/>\n\t<meta name=\"twitter:data1\" content=\"1 minute\" \/>\n<script type=\"application\/ld+json\" class=\"yoast-schema-graph\">{\"@context\":\"https:\/\/schema.org\",\"@graph\":[{\"@type\":\"WebPage\",\"@id\":\"https:\/\/www.emdg-guilers.org\/index.php\/event\/3g-aux-olympiades-en-fete\/\",\"url\":\"https:\/\/www.emdg-guilers.org\/index.php\/event\/3g-aux-olympiades-en-fete\/\",\"name\":\"3G aux Olympiades en F\u00eate - Ecole de Musique, Danse &amp; Th\u00e9\u00e2tre de Guilers\",\"isPartOf\":{\"@id\":\"https:\/\/www.emdg-guilers.org\/#website\"},\"datePublished\":\"2024-04-02T10:19:13+00:00\",\"dateModified\":\"2024-05-23T08:48:47+00:00\",\"breadcrumb\":{\"@id\":\"https:\/\/www.emdg-guilers.org\/index.php\/event\/3g-aux-olympiades-en-fete\/#breadcrumb\"},\"inLanguage\":\"fr-FR\",\"potentialAction\":[{\"@type\":\"ReadAction\",\"target\":[\"https:\/\/www.emdg-guilers.org\/index.php\/event\/3g-aux-olympiades-en-fete\/\"]}]},{\"@type\":\"BreadcrumbList\",\"@id\":\"https:\/\/www.emdg-guilers.org\/index.php\/event\/3g-aux-olympiades-en-fete\/#breadcrumb\",\"itemListElement\":[{\"@type\":\"ListItem\",\"position\":1,\"name\":\"Accueil\",\"item\":\"https:\/\/www.emdg-guilers.org\/\"},{\"@type\":\"ListItem\",\"position\":2,\"name\":\"\u00c9v\u00e8nements\",\"item\":\"https:\/\/www.emdg-guilers.org\/index.php\/events\/\"},{\"@type\":\"ListItem\",\"position\":3,\"name\":\"3G aux Olympiades en F\u00eate\"}]},{\"@type\":\"WebSite\",\"@id\":\"https:\/\/www.emdg-guilers.org\/#website\",\"url\":\"https:\/\/www.emdg-guilers.org\/\",\"name\":\"Ecole de Musique et Danse de Guilers\",\"description\":\"Ecole associative, cours de musique, danse, th\u00e9\u00e2tre accessibles \u00e0 tous\",\"publisher\":{\"@id\":\"https:\/\/www.emdg-guilers.org\/#organization\"},\"potentialAction\":[{\"@type\":\"SearchAction\",\"target\":{\"@type\":\"EntryPoint\",\"urlTemplate\":\"https:\/\/www.emdg-guilers.org\/?s={search_term_string}\"},\"query-input\":\"required name=search_term_string\"}],\"inLanguage\":\"fr-FR\"},{\"@type\":\"Organization\",\"@id\":\"https:\/\/www.emdg-guilers.org\/#organization\",\"name\":\"Ecole de Musique et de Danse\",\"url\":\"https:\/\/www.emdg-guilers.org\/\",\"logo\":{\"@type\":\"ImageObject\",\"inLanguage\":\"fr-FR\",\"@id\":\"https:\/\/www.emdg-guilers.org\/#\/schema\/logo\/image\/\",\"url\":\"https:\/\/www.emdg-guilers.org\/wp-content\/uploads\/2016\/06\/logo2014.jpg\",\"contentUrl\":\"https:\/\/www.emdg-guilers.org\/wp-content\/uploads\/2016\/06\/logo2014.jpg\",\"width\":214,\"height\":116,\"caption\":\"Ecole de Musique et de Danse\"},\"image\":{\"@id\":\"https:\/\/www.emdg-guilers.org\/#\/schema\/logo\/image\/\"},\"sameAs\":[\"https:\/\/www.facebook.com\/Ecole-de-Musique-et-de-Danse-de-Guilers-480017765533016\/\"]}]}<\/script>\n<!-- \/ Yoast SEO plugin. -->","yoast_head_json":{"title":"3G aux Olympiades en F\u00eate - Ecole de Musique, Danse &amp; Th\u00e9\u00e2tre de Guilers","robots":{"index":"index","follow":"follow","max-snippet":"max-snippet:-1","max-image-preview":"max-image-preview:large","max-video-preview":"max-video-preview:-1"},"canonical":"https:\/\/www.emdg-guilers.org\/index.php\/event\/3g-aux-olympiades-en-fete\/","og_locale":"fr_FR","og_type":"article","og_title":"3G aux Olympiades en F\u00eate - Ecole de Musique, Danse &amp; Th\u00e9\u00e2tre de Guilers","og_description":"\u00abOlympiades En F\u00eates\u00bb sous la halle Baucina (et non \u00e0 Ballard pour raisons m\u00e9t\u00e9orologiques!), un \u00e9v\u00e9nement en musique sur sc\u00e8ne suite aux Olympiades de la ville l\u2019apr\u00e8s-midi. Ouverture de la soir\u00e9e par Jean-Luc et Noah Roudaut, Carte Blanche \u00e0 l\u2019EMDG, Carte Blanche \u00e0 l\u2019Agora puis groupe invit\u00e9 pour terminer la soir\u00e9e. Retrouvez le groupe 3G, Guilers Guitar Gang, direction Pascal Ghigou et les \u00e9l\u00e8ves guitaristes de l&rsquo;EMDG \u00e0 cette occasion de 16h30 \u00e0 17h Gratuit","og_url":"https:\/\/www.emdg-guilers.org\/index.php\/event\/3g-aux-olympiades-en-fete\/","og_site_name":"Ecole de Musique, Danse &amp; Th\u00e9\u00e2tre de Guilers","article_publisher":"https:\/\/www.facebook.com\/Ecole-de-Musique-et-de-Danse-de-Guilers-480017765533016\/","article_modified_time":"2024-05-23T08:48:47+00:00","twitter_card":"summary_large_image","twitter_misc":{"Dur\u00e9e de lecture estim\u00e9e":"1 minute"},"schema":{"@context":"https:\/\/schema.org","@graph":[{"@type":"WebPage","@id":"https:\/\/www.emdg-guilers.org\/index.php\/event\/3g-aux-olympiades-en-fete\/","url":"https:\/\/www.emdg-guilers.org\/index.php\/event\/3g-aux-olympiades-en-fete\/","name":"3G aux Olympiades en F\u00eate - Ecole de Musique, Danse &amp; Th\u00e9\u00e2tre de Guilers","isPartOf":{"@id":"https:\/\/www.emdg-guilers.org\/#website"},"datePublished":"2024-04-02T10:19:13+00:00","dateModified":"2024-05-23T08:48:47+00:00","breadcrumb":{"@id":"https:\/\/www.emdg-guilers.org\/index.php\/event\/3g-aux-olympiades-en-fete\/#breadcrumb"},"inLanguage":"fr-FR","potentialAction":[{"@type":"ReadAction","target":["https:\/\/www.emdg-guilers.org\/index.php\/event\/3g-aux-olympiades-en-fete\/"]}]},{"@type":"BreadcrumbList","@id":"https:\/\/www.emdg-guilers.org\/index.php\/event\/3g-aux-olympiades-en-fete\/#breadcrumb","itemListElement":[{"@type":"ListItem","position":1,"name":"Accueil","item":"https:\/\/www.emdg-guilers.org\/"},{"@type":"ListItem","position":2,"name":"\u00c9v\u00e8nements","item":"https:\/\/www.emdg-guilers.org\/index.php\/events\/"},{"@type":"ListItem","position":3,"name":"3G aux Olympiades en F\u00eate"}]},{"@type":"WebSite","@id":"https:\/\/www.emdg-guilers.org\/#website","url":"https:\/\/www.emdg-guilers.org\/","name":"Ecole de Musique et Danse de Guilers","description":"Ecole associative, cours de musique, danse, th\u00e9\u00e2tre accessibles \u00e0 tous","publisher":{"@id":"https:\/\/www.emdg-guilers.org\/#organization"},"potentialAction":[{"@type":"SearchAction","target":{"@type":"EntryPoint","urlTemplate":"https:\/\/www.emdg-guilers.org\/?s={search_term_string}"},"query-input":"required name=search_term_string"}],"inLanguage":"fr-FR"},{"@type":"Organization","@id":"https:\/\/www.emdg-guilers.org\/#organization","name":"Ecole de Musique et de Danse","url":"https:\/\/www.emdg-guilers.org\/","logo":{"@type":"ImageObject","inLanguage":"fr-FR","@id":"https:\/\/www.emdg-guilers.org\/#\/schema\/logo\/image\/","url":"https:\/\/www.emdg-guilers.org\/wp-content\/uploads\/2016\/06\/logo2014.jpg","contentUrl":"https:\/\/www.emdg-guilers.org\/wp-content\/uploads\/2016\/06\/logo2014.jpg","width":214,"height":116,"caption":"Ecole de Musique et de Danse"},"image":{"@id":"https:\/\/www.emdg-guilers.org\/#\/schema\/logo\/image\/"},"sameAs":["https:\/\/www.facebook.com\/Ecole-de-Musique-et-de-Danse-de-Guilers-480017765533016\/"]}]}},"_links":{"self":[{"href":"https:\/\/www.emdg-guilers.org\/index.php\/wp-json\/wp\/v2\/tribe_events\/4146"}],"collection":[{"href":"https:\/\/www.emdg-guilers.org\/index.php\/wp-json\/wp\/v2\/tribe_events"}],"about":[{"href":"https:\/\/www.emdg-guilers.org\/index.php\/wp-json\/wp\/v2\/types\/tribe_events"}],"author":[{"embeddable":true,"href":"https:\/\/www.emdg-guilers.org\/index.php\/wp-json\/wp\/v2\/users\/3"}],"replies":[{"embeddable":true,"href":"https:\/\/www.emdg-guilers.org\/index.php\/wp-json\/wp\/v2\/comments?post=4146"}],"version-history":[{"count":4,"href":"https:\/\/www.emdg-guilers.org\/index.php\/wp-json\/wp\/v2\/tribe_events\/4146\/revisions"}],"predecessor-version":[{"id":4346,"href":"https:\/\/www.emdg-guilers.org\/index.php\/wp-json\/wp\/v2\/tribe_events\/4146\/revisions\/4346"}],"wp:attachment":[{"href":"https:\/\/www.emdg-guilers.org\/index.php\/wp-json\/wp\/v2\/media?parent=4146"}],"wp:term":[{"taxonomy":"post_tag","embeddable":true,"href":"https:\/\/www.emdg-guilers.org\/index.php\/wp-json\/wp\/v2\/tags?post=4146"},{"taxonomy":"tribe_events_cat","embeddable":true,"href":"https:\/\/www.emdg-guilers.org\/index.php\/wp-json\/wp\/v2\/tribe_events_cat?post=4146"}],"curies":[{"name":"wp","href":"https:\/\/api.w.org\/{rel}","templated":true}]}}